{"id":955,"date":"2025-10-15T08:47:22","date_gmt":"2025-10-15T08:47:22","guid":{"rendered":"https:\/\/motosandresmontoya.com\/?page_id=955"},"modified":"2025-11-10T11:16:09","modified_gmt":"2025-11-10T11:16:09","slug":"especificaciones-renegade-commando-300","status":"publish","type":"page","link":"https:\/\/motosandresmontoya.com\/?page_id=955","title":{"rendered":"RENEGADE COMMANDO 300"},"content":{"rendered":"\n<div class=\"wp-block-columns is-layout-flex wp-container-core-columns-is-layout-7387b849 wp-block-columns-is-layout-flex\">\n<div class=\"wp-block-column is-layout-flow wp-block-column-is-layout-flow\">\n<figure class=\"wp-block-gallery has-nested-images columns-default is-cropped wp-block-gallery-1 is-layout-flex wp-block-gallery-is-layout-flex\">\n<figure class=\"wp-block-image size-large\"><img loading=\"lazy\" decoding=\"async\" width=\"1024\" height=\"1024\" data-id=\"921\" src=\"https:\/\/motosandresmontoya.com\/wp-content\/uploads\/2025\/10\/ChatGPT-Image-15-oct-2025-09_33_22.png\" alt=\"\" class=\"wp-image-921\" srcset=\"https:\/\/motosandresmontoya.com\/wp-content\/uploads\/2025\/10\/ChatGPT-Image-15-oct-2025-09_33_22.png 1024w, https:\/\/motosandresmontoya.com\/wp-content\/uploads\/2025\/10\/ChatGPT-Image-15-oct-2025-09_33_22-300x300.png 300w, https:\/\/motosandresmontoya.com\/wp-content\/uploads\/2025\/10\/ChatGPT-Image-15-oct-2025-09_33_22-150x150.png 150w, https:\/\/motosandresmontoya.com\/wp-content\/uploads\/2025\/10\/ChatGPT-Image-15-oct-2025-09_33_22-768x768.png 768w\" sizes=\"auto, (max-width: 1024px) 100vw, 1024px\" \/><\/figure>\n<\/figure>\n<\/div>\n\n\n\n<div class=\"wp-block-column has-default-color has-text-color has-link-color wp-elements-1 is-layout-flow wp-block-column-is-layout-flow\">\n<h2 class=\"wp-block-heading has-text-align-center\">Cruiser con car\u00e1cter<\/h2>\n\n\n\n<hr class=\"wp-block-separator has-text-color has-default-color has-alpha-channel-opacity has-default-background-color has-background\"\/>\n\n\n\n<p class=\"wp-block-paragraph\">El <strong>Renegade Commando 300<\/strong> combina est\u00e9tica militar-cruzada con mec\u00e1nica moderna. Con motor monocil\u00edndrico de 300 cc refrigerado por l\u00edquido, transmisi\u00f3n de seis velocidades, chasis robusto y dise\u00f1o impactante, est\u00e1 pensado para quienes quieren lucir presencia y disfrutar salidas tanto por ciudad como por rutas tranquilas fuera del asfalto.<\/p>\n\n\n\n<p class=\"wp-block-paragraph\"><strong>PVPR: 4.190,00\u20ac<br><\/strong><\/p>\n\n\n\n<p class=\"wp-block-paragraph\">Iva incluido. Los gastos de matriculaci\u00f3n y portes hasta Baleares y Canaria no incluidos.<\/p>\n\n\n\n<div class=\"wp-block-buttons is-content-justification-center is-layout-flex wp-container-core-buttons-is-layout-3e41869c wp-block-buttons-is-layout-flex\">\n<div class=\"wp-block-button has-custom-width wp-block-button__width-50\"><a class=\"wp-block-button__link wp-element-button\" href=\"https:\/\/motosandresmontoya.com\/?page_id=917\">Fotos<\/a><\/div>\n<\/div>\n<\/div>\n<\/div>\n\n\n\n<hr class=\"wp-block-separator has-text-color has-default-color has-alpha-channel-opacity has-default-background-color has-background\"\/>\n\n\n\n<h2 class=\"wp-block-heading has-text-align-center has-default-color has-text-color has-link-color wp-elements-2\">Especificaciones<\/h2>\n\n\n\n<div class=\"guten-element guten-tabs guten-2CGKvf horizontal-center\"><div class=\"tab-heading\"><div class=\"tab-heading-item active\" id=\"tab-XhiZaS\" data-id=\"tab-XhiZaS\"><span>Motor\/ Transmisi\u00f3n<\/span><\/div><div class=\"tab-heading-item\" id=\"tab-qRK6ZZ\" data-id=\"tab-qRK6ZZ\"><span>Suspensi\u00f3n\/ Frenos\/ Neum\u00e1ticos<\/span><\/div><div class=\"tab-heading-item\" id=\"tab-jetQd6\" data-id=\"tab-jetQd6\"><span>Dimensiones<\/span><\/div><\/div><div class=\"tab-heading-mobile\"><div class=\"tab-title\"><span>Motor\/ Transmisi\u00f3n<\/span><i class=\"tab-dropdown-icon fas\"><\/i><\/div><div class=\"tab-option\"><div data-id=\"tab-XhiZaS\" class=\"tab-option-item active\"><span>Motor\/ Transmisi\u00f3n<\/span><\/div><div data-id=\"tab-qRK6ZZ\" class=\"tab-option-item\"><span>Suspensi\u00f3n\/ Frenos\/ Neum\u00e1ticos<\/span><\/div><div data-id=\"tab-jetQd6\" class=\"tab-option-item\"><span>Dimensiones<\/span><\/div><\/div><\/div><div class=\"tab-body\">\n<div class=\"tab-XhiZaS tab-body-item\" data-id=\"tab-XhiZaS\">\n<p class=\"has-base-color has-text-color has-link-color wp-elements-3 wp-block-paragraph\"><strong>Tipo<\/strong><br>Monocil\u00edndrico, 4 tiempos<\/p>\n\n\n\n<p class=\"has-base-color has-text-color has-link-color wp-elements-4 wp-block-paragraph\"><strong>Refrigeraci\u00f3n<br><\/strong>L\u00edquida<\/p>\n\n\n\n<p class=\"has-base-color has-text-color has-link-color wp-elements-5 wp-block-paragraph\"><strong>Cilindrada (cm3)<br><\/strong>292,4<\/p>\n\n\n\n<p class=\"has-base-color has-text-color has-link-color wp-elements-6 wp-block-paragraph\"><strong>Potencia M\u00e1xima (cv\/rpm)<\/strong><br>27,5&nbsp;\/8500<\/p>\n\n\n\n<p class=\"has-base-color has-text-color has-link-color wp-elements-7 wp-block-paragraph\"><strong>Potencia M\u00e1xima (kW\/rpm)<\/strong><br>20,5\/8500<\/p>\n\n\n\n<p class=\"has-base-color has-text-color has-link-color wp-elements-8 wp-block-paragraph\"><strong>Carrera x Di\u00e1metro (mm)<\/strong><br>78\u00d761,2<\/p>\n\n\n\n<p class=\"has-base-color has-text-color has-link-color wp-elements-9 wp-block-paragraph\"><strong>Alimentaci\u00f3n<\/strong><br>EFI (BOSH)<\/p>\n\n\n\n<p class=\"has-base-color has-text-color has-link-color wp-elements-10 wp-block-paragraph\"><strong>Sistema de Arranque<\/strong><br>El\u00e9ctrico<\/p>\n\n\n\n<p class=\"has-base-color has-text-color has-link-color wp-elements-11 wp-block-paragraph\"><strong>Caja de Cambios<\/strong><br>6 velocidades<\/p>\n\n\n\n<p class=\"has-base-color has-text-color has-link-color wp-elements-12 wp-block-paragraph\"><strong>Sistema de Transmisi\u00f3n<\/strong><br>Cadena<\/p>\n<\/div>\n\n\n\n<div class=\"tab-qRK6ZZ tab-body-item\" data-id=\"tab-qRK6ZZ\">\n<p class=\"has-text-align-center has-base-color has-text-color has-link-color wp-elements-13 wp-block-paragraph\"><strong>Suspensi\u00f3n Delantera<\/strong><br>Horquilla telesc\u00f3pica hidr\u00e1ulica<\/p>\n\n\n\n<p class=\"has-text-align-center has-base-color has-text-color has-link-color wp-elements-14 wp-block-paragraph\"><strong>Suspensi\u00f3n Trasera<\/strong><br>Doble Amortiguador<\/p>\n\n\n\n<p class=\"has-text-align-center has-base-color has-text-color has-link-color wp-elements-15 wp-block-paragraph\"><strong>Freno Delantero<\/strong><br>Disco + Pinza de 2 pistones<\/p>\n\n\n\n<p class=\"has-text-align-center has-base-color has-text-color has-link-color wp-elements-16 wp-block-paragraph\"><strong>Freno Trasero<\/strong><br>Disco + Pinza de 2 pistones<\/p>\n\n\n\n<p class=\"has-text-align-center has-base-color has-text-color has-link-color wp-elements-17 wp-block-paragraph\"><strong>Frenado Combinado<\/strong><strong><br><\/strong>S\u00ed<\/p>\n\n\n\n<p class=\"has-text-align-center has-base-color has-text-color has-link-color wp-elements-18 wp-block-paragraph\"><strong>Neum\u00e1tico Delantero<\/strong><br>110\/90-16<\/p>\n\n\n\n<p class=\"has-text-align-center has-base-color has-text-color has-link-color wp-elements-19 wp-block-paragraph\"><strong>Neum\u00e1tico Trasero<\/strong><br>140\/90-15<\/p>\n<\/div>\n\n\n\n<div class=\"tab-jetQd6 tab-body-item\" data-id=\"tab-jetQd6\">\n<p class=\"has-text-align-right has-base-color has-text-color has-link-color wp-elements-20 wp-block-paragraph\"><strong>Longitud (mm)<\/strong><br>2270<\/p>\n\n\n\n<p class=\"has-text-align-right has-base-color has-text-color has-link-color wp-elements-21 wp-block-paragraph\"><strong>Anchura (mm)<\/strong><br>840<\/p>\n\n\n\n<p class=\"has-text-align-right has-base-color has-text-color has-link-color wp-elements-22 wp-block-paragraph\"><strong>Altura (mm)<\/strong><br>1125<\/p>\n\n\n\n<p class=\"has-text-align-right has-base-color has-text-color has-link-color wp-elements-23 wp-block-paragraph\"><strong>Distancia entre ejes (mm)<\/strong><br>1530<\/p>\n\n\n\n<p class=\"has-text-align-right has-base-color has-text-color has-link-color wp-elements-24 wp-block-paragraph\"><strong>Altura del asiento (mm)<\/strong><br>770<\/p>\n\n\n\n<p class=\"has-text-align-right has-base-color has-text-color has-link-color wp-elements-25 wp-block-paragraph\"><strong>Altura desde el suelo (mm)<\/strong><br>160<\/p>\n\n\n\n<p class=\"has-text-align-right has-base-color has-text-color has-link-color wp-elements-26 wp-block-paragraph\"><strong>Peso (kg)<\/strong><br>175<\/p>\n\n\n\n<p class=\"has-text-align-right has-base-color has-text-color has-link-color wp-elements-27 wp-block-paragraph\"><strong>Capacidad Combustible (l)<\/strong><br>21<\/p>\n<\/div>\n<\/div><\/div>\n","protected":false},"excerpt":{"rendered":"<p>Cruiser con car\u00e1cter El Renegade Commando 300 combina est\u00e9tica militar-cruzada con mec\u00e1nica moderna. Con motor monocil\u00edndrico de 300 cc refrigerado por l\u00edquido, transmisi\u00f3n de seis velocidades, chasis robusto y dise\u00f1o impactante, est\u00e1 pensado para quienes quieren lucir presencia y disfrutar salidas tanto por ciudad como por rutas tranquilas fuera del asfalto. PVPR: 4.190,00\u20ac Iva incluido. [&hellip;]<\/p>\n","protected":false},"author":1,"featured_media":0,"parent":0,"menu_order":0,"comment_status":"closed","ping_status":"closed","template":"","meta":{"footnotes":""},"class_list":["post-955","page","type-page","status-publish","hentry"],"_links":{"self":[{"href":"https:\/\/motosandresmontoya.com\/index.php?rest_route=\/wp\/v2\/pages\/955","targetHints":{"allow":["GET"]}}],"collection":[{"href":"https:\/\/motosandresmontoya.com\/index.php?rest_route=\/wp\/v2\/pages"}],"about":[{"href":"https:\/\/motosandresmontoya.com\/index.php?rest_route=\/wp\/v2\/types\/page"}],"author":[{"embeddable":true,"href":"https:\/\/motosandresmontoya.com\/index.php?rest_route=\/wp\/v2\/users\/1"}],"replies":[{"embeddable":true,"href":"https:\/\/motosandresmontoya.com\/index.php?rest_route=%2Fwp%2Fv2%2Fcomments&post=955"}],"version-history":[{"count":5,"href":"https:\/\/motosandresmontoya.com\/index.php?rest_route=\/wp\/v2\/pages\/955\/revisions"}],"predecessor-version":[{"id":2317,"href":"https:\/\/motosandresmontoya.com\/index.php?rest_route=\/wp\/v2\/pages\/955\/revisions\/2317"}],"wp:attachment":[{"href":"https:\/\/motosandresmontoya.com\/index.php?rest_route=%2Fwp%2Fv2%2Fmedia&parent=955"}],"curies":[{"name":"wp","href":"https:\/\/api.w.org\/{rel}","templated":true}]}}