{"id":896,"date":"2025-10-14T16:31:35","date_gmt":"2025-10-14T16:31:35","guid":{"rendered":"https:\/\/motosandresmontoya.com\/?page_id=896"},"modified":"2025-10-24T08:39:09","modified_gmt":"2025-10-24T08:39:09","slug":"renegade-commando-125","status":"publish","type":"page","link":"https:\/\/motosandresmontoya.com\/?page_id=896","title":{"rendered":"RENEGADE COMMANDO 125"},"content":{"rendered":"\n<div class=\"wp-block-columns is-layout-flex wp-container-core-columns-is-layout-7387b849 wp-block-columns-is-layout-flex\">\n<div class=\"wp-block-column is-layout-flow wp-block-column-is-layout-flow\">\n<figure class=\"wp-block-gallery has-nested-images columns-default is-cropped wp-block-gallery-1 is-layout-flex wp-block-gallery-is-layout-flex\">\n<figure class=\"wp-block-image size-large\"><img loading=\"lazy\" decoding=\"async\" width=\"1024\" height=\"1024\" data-id=\"897\" src=\"https:\/\/motosandresmontoya.com\/wp-content\/uploads\/2025\/10\/ChatGPT-Image-14-oct-2025-17_35_53.png\" alt=\"\" class=\"wp-image-897\" srcset=\"https:\/\/motosandresmontoya.com\/wp-content\/uploads\/2025\/10\/ChatGPT-Image-14-oct-2025-17_35_53.png 1024w, https:\/\/motosandresmontoya.com\/wp-content\/uploads\/2025\/10\/ChatGPT-Image-14-oct-2025-17_35_53-300x300.png 300w, https:\/\/motosandresmontoya.com\/wp-content\/uploads\/2025\/10\/ChatGPT-Image-14-oct-2025-17_35_53-150x150.png 150w, https:\/\/motosandresmontoya.com\/wp-content\/uploads\/2025\/10\/ChatGPT-Image-14-oct-2025-17_35_53-768x768.png 768w\" sizes=\"auto, (max-width: 1024px) 100vw, 1024px\" \/><\/figure>\n<\/figure>\n<\/div>\n\n\n\n<div class=\"wp-block-column has-default-color has-text-color has-link-color wp-elements-1 is-layout-flow wp-block-column-is-layout-flow\">\n<h2 class=\"wp-block-heading has-text-align-center\">Estilo que manda<\/h2>\n\n\n\n<hr class=\"wp-block-separator has-alpha-channel-opacity\"\/>\n\n\n\n<p class=\"wp-block-paragraph\">El Renegade Commando 125 encarna la esencia del esp\u00edritu custom: dise\u00f1o robusto, l\u00edneas limpias, detalles met\u00e1licos y una conducci\u00f3n c\u00f3moda pero con car\u00e1cter. Con motor 125 cc, iluminaci\u00f3n LED, doble escape y est\u00e9tica cuidada, es ideal para quienes buscan una moto con presencia, sin complicaciones y con personalidad propia.<\/p>\n\n\n\n<p class=\"wp-block-paragraph\"><strong>PVPR: 3.190,00\u20ac<br><\/strong><\/p>\n\n\n\n<p class=\"wp-block-paragraph\">Iva incluido. Los gastos de matriculaci\u00f3n no incluidos.<\/p>\n\n\n\n<div class=\"wp-block-buttons is-content-justification-center is-layout-flex wp-container-core-buttons-is-layout-3e41869c wp-block-buttons-is-layout-flex\">\n<div class=\"wp-block-button has-custom-width wp-block-button__width-50\"><a class=\"wp-block-button__link wp-element-button\" href=\"https:\/\/motosandresmontoya.com\/?page_id=911\">Especificaciones<\/a><\/div>\n<\/div>\n<\/div>\n<\/div>\n\n\n\n<hr class=\"wp-block-separator has-text-color has-default-color has-alpha-channel-opacity has-default-background-color has-background\"\/>\n\n\n\n<h2 class=\"wp-block-heading has-text-align-center has-default-color has-text-color has-link-color wp-elements-2\">Detalles<\/h2>\n\n\n\n<figure class=\"wp-block-gallery has-nested-images columns-2 is-cropped wp-block-gallery-2 is-layout-flex wp-block-gallery-is-layout-flex\">\n<figure class=\"wp-block-image size-large\"><img loading=\"lazy\" decoding=\"async\" width=\"510\" height=\"340\" data-id=\"898\" src=\"https:\/\/motosandresmontoya.com\/wp-content\/uploads\/2025\/10\/Commando1-510x340-1.jpg\" alt=\"\" class=\"wp-image-898\" srcset=\"https:\/\/motosandresmontoya.com\/wp-content\/uploads\/2025\/10\/Commando1-510x340-1.jpg 510w, https:\/\/motosandresmontoya.com\/wp-content\/uploads\/2025\/10\/Commando1-510x340-1-300x200.jpg 300w\" sizes=\"auto, (max-width: 510px) 100vw, 510px\" \/><\/figure>\n\n\n\n<figure class=\"wp-block-image size-large\"><img loading=\"lazy\" decoding=\"async\" width=\"510\" height=\"340\" data-id=\"899\" src=\"https:\/\/motosandresmontoya.com\/wp-content\/uploads\/2025\/10\/Commando2-510x340-1.jpg\" alt=\"\" class=\"wp-image-899\" srcset=\"https:\/\/motosandresmontoya.com\/wp-content\/uploads\/2025\/10\/Commando2-510x340-1.jpg 510w, https:\/\/motosandresmontoya.com\/wp-content\/uploads\/2025\/10\/Commando2-510x340-1-300x200.jpg 300w\" sizes=\"auto, (max-width: 510px) 100vw, 510px\" \/><\/figure>\n\n\n\n<figure class=\"wp-block-image size-large\"><img loading=\"lazy\" decoding=\"async\" width=\"510\" height=\"340\" data-id=\"900\" src=\"https:\/\/motosandresmontoya.com\/wp-content\/uploads\/2025\/10\/Commando3-510x340-1.jpg\" alt=\"\" class=\"wp-image-900\" srcset=\"https:\/\/motosandresmontoya.com\/wp-content\/uploads\/2025\/10\/Commando3-510x340-1.jpg 510w, https:\/\/motosandresmontoya.com\/wp-content\/uploads\/2025\/10\/Commando3-510x340-1-300x200.jpg 300w\" sizes=\"auto, (max-width: 510px) 100vw, 510px\" \/><\/figure>\n\n\n\n<figure class=\"wp-block-image size-large\"><img loading=\"lazy\" decoding=\"async\" width=\"510\" height=\"340\" data-id=\"901\" src=\"https:\/\/motosandresmontoya.com\/wp-content\/uploads\/2025\/10\/Commando4-510x340-1.jpg\" alt=\"\" class=\"wp-image-901\" srcset=\"https:\/\/motosandresmontoya.com\/wp-content\/uploads\/2025\/10\/Commando4-510x340-1.jpg 510w, https:\/\/motosandresmontoya.com\/wp-content\/uploads\/2025\/10\/Commando4-510x340-1-300x200.jpg 300w\" sizes=\"auto, (max-width: 510px) 100vw, 510px\" \/><\/figure>\n\n\n\n<figure class=\"wp-block-image size-large\"><img loading=\"lazy\" decoding=\"async\" width=\"510\" height=\"340\" data-id=\"902\" src=\"https:\/\/motosandresmontoya.com\/wp-content\/uploads\/2025\/10\/Commando5-510x340-1.jpg\" alt=\"\" class=\"wp-image-902\" srcset=\"https:\/\/motosandresmontoya.com\/wp-content\/uploads\/2025\/10\/Commando5-510x340-1.jpg 510w, https:\/\/motosandresmontoya.com\/wp-content\/uploads\/2025\/10\/Commando5-510x340-1-300x200.jpg 300w\" sizes=\"auto, (max-width: 510px) 100vw, 510px\" \/><\/figure>\n\n\n\n<figure class=\"wp-block-image size-large\"><img loading=\"lazy\" decoding=\"async\" width=\"510\" height=\"340\" data-id=\"903\" src=\"https:\/\/motosandresmontoya.com\/wp-content\/uploads\/2025\/10\/Commando6-510x340-1.jpg\" alt=\"\" class=\"wp-image-903\" srcset=\"https:\/\/motosandresmontoya.com\/wp-content\/uploads\/2025\/10\/Commando6-510x340-1.jpg 510w, https:\/\/motosandresmontoya.com\/wp-content\/uploads\/2025\/10\/Commando6-510x340-1-300x200.jpg 300w\" sizes=\"auto, (max-width: 510px) 100vw, 510px\" \/><\/figure>\n<\/figure>\n\n\n\n<hr class=\"wp-block-separator has-text-color has-default-color has-alpha-channel-opacity has-default-background-color has-background\"\/>\n\n\n\n<h2 class=\"wp-block-heading has-text-align-center has-default-color has-text-color has-link-color wp-elements-3\">Accesorios<\/h2>\n\n\n\n<div class=\"guten-element guten-gallery guten-8MPyaP layout-card grid-desktop-2 grid-tablet-2 grid-mobile-2\" data-grid=\"grid\"><div class=\"gutenverse-popup-gallery hidden\"><div class=\"gallery-header\"><div class=\"left-header\"><\/div><div class=\"right-header\"><svg xmlns=\"http:\/\/www.w3.org\/2000\/svg\" width=\"24\" height=\"24\" viewBox=\"0 0 24 24\" fill=\"none\" stroke=\"currentColor\" stroke-width=\"2\" stroke-linecap=\"round\" stroke-linejoin=\"round\" class=\"icon-fullscreen\"><path d=\"M8 3H5a2 2 0 0 0-2 2v3m18 0V5a2 2 0 0 0-2-2h-3m0 18h3a2 2 0 0 0 2-2v-3M3 16v3a2 2 0 0 0 2 2h3\"><\/path><\/svg><svg xmlns=\"http:\/\/www.w3.org\/2000\/svg\" width=\"24\" height=\"24\" viewBox=\"0 0 24 24\" fill=\"none\" stroke=\"currentColor\" stroke-width=\"2\" stroke-linecap=\"round\" stroke-linejoin=\"round\" class=\"icon-minimize hidden\"><path d=\"M8 3v3a2 2 0 0 1-2 2H3m18 0h-3a2 2 0 0 1-2-2V3m0 18v-3a2 2 0 0 1 2-2h3M3 16h3a2 2 0 0 1 2 2v3\"><\/path><\/svg><svg xmlns=\"http:\/\/www.w3.org\/2000\/svg\" width=\"24\" height=\"24\" viewBox=\"0 0 24 24\" fill=\"none\" stroke=\"currentColor\" stroke-width=\"2\" stroke-linecap=\"round\" stroke-linejoin=\"round\" class=\"icon-zoom\"><circle cx=\"11\" cy=\"11\" r=\"8\"><\/circle><line x1=\"21\" y1=\"21\" x2=\"16.65\" y2=\"16.65\"><\/line><line x1=\"11\" y1=\"8\" x2=\"11\" y2=\"14\"><\/line><line x1=\"8\" y1=\"11\" x2=\"14\" y2=\"11\"><\/line><\/svg><svg xmlns=\"http:\/\/www.w3.org\/2000\/svg\" width=\"24\" height=\"24\" viewBox=\"0 0 24 24\" fill=\"none\" stroke=\"currentColor\" stroke-width=\"2\" stroke-linecap=\"round\" stroke-linejoin=\"round\" class=\"icon-close\"><line x1=\"18\" y1=\"6\" x2=\"6\" y2=\"18\"><\/line><line x1=\"6\" y1=\"6\" x2=\"18\" y2=\"18\"><\/line><\/svg><\/div><\/div><div class=\"gallery-body\"><div class=\"images\"><div id=\"guten-8MPyaP\" class=\"swiper-container\"><div class=\"swiper-wrapper\"><div class=\"swiper-slide image-list image-list-0\" data-filter=\"One\" data-title=\"Maletas laterales SHAD &quot;SH23&quot; y soporte\" data-index=\"0\"><div class=\"content-image swiper-zoom-container\"><img decoding=\"async\" class=\"main-image\" src=\"https:\/\/motosandresmontoya.com\/wp-content\/uploads\/2025\/10\/um-motorcycles-renegade-commando-MALAS-LATERAIS2-510x340-1.jpg\" alt=\"Maletas laterales SHAD &quot;SH23&quot; y soporte\"\/><\/div><\/div><div class=\"swiper-slide image-list image-list-1\" data-filter=\"Two\" data-title=\"Ba\u00fal trasero SHAD &quot;SH34&quot; y soporte\" data-index=\"1\"><div class=\"content-image swiper-zoom-container\"><img decoding=\"async\" class=\"main-image\" src=\"https:\/\/motosandresmontoya.com\/wp-content\/uploads\/2025\/10\/um-motorcycles-renegade-commando-TOPCASE-510x340-1.jpg\" alt=\"Ba\u00fal trasero SHAD &quot;SH34&quot; y soporte\"\/><\/div><\/div><\/div><div class=\"swiper-button-prev\"><\/div><div class=\"swiper-button-next\"><\/div><\/div><\/div><\/div><\/div><div class=\"gallery-items\" data-loaded=\"2\" data-more=\"2\" data-max=\"2\"><div class=\"gallery-item-wrap \" data-index=\"0\" data-control=\"One\"><div class=\"grid-item\"><div class=\"thumbnail-wrap\"><img decoding=\"async\" src=\"https:\/\/motosandresmontoya.com\/wp-content\/uploads\/2025\/10\/um-motorcycles-renegade-commando-MALAS-LATERAIS2-510x340-1.jpg\" alt=\"Maletas laterales SHAD &quot;SH23&quot; y soporte\"\/><div class=\"caption-wrap search-hover-bg style-overlay \"><div class=\"item-hover-bg\"><\/div><div class=\"caption-head\"><\/div><div class=\"caption-button\"><div class=\"item-buttons\"><\/div><\/div><\/div><\/div><div class=\"caption-wrap style-card\"><div class=\"item-caption-over\"><h5 class=\"item-title\">Maletas laterales SHAD \u00abSH23\u00bb y soporte<\/h5><div class=\"item-content\"><p><\/p><\/div><\/div><\/div><\/div><\/div><div class=\"gallery-item-wrap \" data-index=\"1\" data-control=\"Two\"><div class=\"grid-item\"><div class=\"thumbnail-wrap\"><img decoding=\"async\" src=\"https:\/\/motosandresmontoya.com\/wp-content\/uploads\/2025\/10\/um-motorcycles-renegade-commando-TOPCASE-510x340-1.jpg\" alt=\"Ba\u00fal trasero SHAD &quot;SH34&quot; y soporte\"\/><div class=\"caption-wrap search-hover-bg style-overlay \"><div class=\"item-hover-bg\"><\/div><div class=\"caption-head\"><\/div><div class=\"caption-button\"><div class=\"item-buttons\"><\/div><\/div><\/div><\/div><div class=\"caption-wrap style-card\"><div class=\"item-caption-over\"><h5 class=\"item-title\">Ba\u00fal trasero SHAD \u00abSH34\u00bb y soporte<\/h5><div class=\"item-content\"><p><\/p><\/div><\/div><\/div><\/div><\/div><\/div><\/div>\n\n\n\n<hr class=\"wp-block-separator has-text-color has-default-color has-alpha-channel-opacity has-default-background-color has-background\"\/>\n\n\n\n<h2 class=\"wp-block-heading has-text-align-center has-default-color has-text-color has-link-color wp-elements-4\">Versiones<\/h2>\n\n\n\n<div class=\"guten-element guten-gallery guten-MauXne layout-card grid-desktop-2 grid-tablet-2 grid-mobile-2\" data-grid=\"grid\"><div class=\"gutenverse-popup-gallery hidden\"><div class=\"gallery-header\"><div class=\"left-header\"><\/div><div class=\"right-header\"><svg xmlns=\"http:\/\/www.w3.org\/2000\/svg\" width=\"24\" height=\"24\" viewBox=\"0 0 24 24\" fill=\"none\" stroke=\"currentColor\" stroke-width=\"2\" stroke-linecap=\"round\" stroke-linejoin=\"round\" class=\"icon-fullscreen\"><path d=\"M8 3H5a2 2 0 0 0-2 2v3m18 0V5a2 2 0 0 0-2-2h-3m0 18h3a2 2 0 0 0 2-2v-3M3 16v3a2 2 0 0 0 2 2h3\"><\/path><\/svg><svg xmlns=\"http:\/\/www.w3.org\/2000\/svg\" width=\"24\" height=\"24\" viewBox=\"0 0 24 24\" fill=\"none\" stroke=\"currentColor\" stroke-width=\"2\" stroke-linecap=\"round\" stroke-linejoin=\"round\" class=\"icon-minimize hidden\"><path d=\"M8 3v3a2 2 0 0 1-2 2H3m18 0h-3a2 2 0 0 1-2-2V3m0 18v-3a2 2 0 0 1 2-2h3M3 16h3a2 2 0 0 1 2 2v3\"><\/path><\/svg><svg xmlns=\"http:\/\/www.w3.org\/2000\/svg\" width=\"24\" height=\"24\" viewBox=\"0 0 24 24\" fill=\"none\" stroke=\"currentColor\" stroke-width=\"2\" stroke-linecap=\"round\" stroke-linejoin=\"round\" class=\"icon-zoom\"><circle cx=\"11\" cy=\"11\" r=\"8\"><\/circle><line x1=\"21\" y1=\"21\" x2=\"16.65\" y2=\"16.65\"><\/line><line x1=\"11\" y1=\"8\" x2=\"11\" y2=\"14\"><\/line><line x1=\"8\" y1=\"11\" x2=\"14\" y2=\"11\"><\/line><\/svg><svg xmlns=\"http:\/\/www.w3.org\/2000\/svg\" width=\"24\" height=\"24\" viewBox=\"0 0 24 24\" fill=\"none\" stroke=\"currentColor\" stroke-width=\"2\" stroke-linecap=\"round\" stroke-linejoin=\"round\" class=\"icon-close\"><line x1=\"18\" y1=\"6\" x2=\"6\" y2=\"18\"><\/line><line x1=\"6\" y1=\"6\" x2=\"18\" y2=\"18\"><\/line><\/svg><\/div><\/div><div class=\"gallery-body\"><div class=\"images\"><div id=\"guten-MauXne\" class=\"swiper-container\"><div class=\"swiper-wrapper\"><div class=\"swiper-slide image-list image-list-0\" data-filter=\"One\" data-title=\"Commando 125 &quot;Grand Tourer&quot;\" data-index=\"0\"><div class=\"content-image swiper-zoom-container\"><img decoding=\"async\" class=\"main-image\" src=\"https:\/\/motosandresmontoya.com\/wp-content\/uploads\/2025\/10\/UM-motorcycles-renegade-commando-verde-grand-tourer-lateral.jpg\" alt=\"Commando 125 &quot;Grand Tourer&quot;\"\/><\/div><\/div><div class=\"swiper-slide image-list image-list-1\" data-filter=\"Two\" data-title=\"Commando 125 &quot;Tourer&quot;\" data-index=\"1\"><div class=\"content-image swiper-zoom-container\"><img decoding=\"async\" class=\"main-image\" src=\"https:\/\/motosandresmontoya.com\/wp-content\/uploads\/2025\/10\/UM-motorcycles-renegade-commando-verde-tourer-lateral-510x510-1.jpg\" alt=\"Commando 125 &quot;Tourer&quot;\"\/><\/div><\/div><div class=\"swiper-slide image-list image-list-2\" data-filter=\"Three\" data-title=\"Commando 125 &quot;Urban&quot;\" data-index=\"2\"><div class=\"content-image swiper-zoom-container\"><img decoding=\"async\" class=\"main-image\" src=\"https:\/\/motosandresmontoya.com\/wp-content\/uploads\/2025\/10\/UM-motorcycles-renegade-commando-verde-urban-lateral-510x510-1.jpg\" alt=\"Commando 125 &quot;Urban&quot;\"\/><\/div><\/div><\/div><div class=\"swiper-button-prev\"><\/div><div class=\"swiper-button-next\"><\/div><\/div><\/div><\/div><\/div><div class=\"gallery-items\" data-loaded=\"3\" data-more=\"2\" data-max=\"3\" data-zoom=\"disable\"><div class=\"gallery-item-wrap \" data-index=\"0\" data-control=\"One\"><div class=\"grid-item\"><div class=\"thumbnail-wrap\"><img decoding=\"async\" src=\"https:\/\/motosandresmontoya.com\/wp-content\/uploads\/2025\/10\/UM-motorcycles-renegade-commando-verde-grand-tourer-lateral.jpg\" alt=\"Commando 125 &quot;Grand Tourer&quot;\"\/><div class=\"caption-wrap search-hover-bg style-overlay \"><div class=\"item-hover-bg\"><\/div><div class=\"caption-head\"><\/div><div class=\"caption-button\"><div class=\"item-buttons\"><\/div><\/div><\/div><\/div><div class=\"caption-wrap style-card\"><div class=\"item-caption-over\"><h5 class=\"item-title\">Commando 125 \u00abGrand Tourer\u00bb<\/h5><div class=\"item-content\"><p><\/p><\/div><\/div><\/div><\/div><\/div><div class=\"gallery-item-wrap \" data-index=\"1\" data-control=\"Two\"><div class=\"grid-item\"><div class=\"thumbnail-wrap\"><img decoding=\"async\" src=\"https:\/\/motosandresmontoya.com\/wp-content\/uploads\/2025\/10\/UM-motorcycles-renegade-commando-verde-tourer-lateral-510x510-1.jpg\" alt=\"Commando 125 &quot;Tourer&quot;\"\/><div class=\"caption-wrap search-hover-bg style-overlay \"><div class=\"item-hover-bg\"><\/div><div class=\"caption-head\"><\/div><div class=\"caption-button\"><div class=\"item-buttons\"><\/div><\/div><\/div><\/div><div class=\"caption-wrap style-card\"><div class=\"item-caption-over\"><h5 class=\"item-title\">Commando 125 \u00abTourer\u00bb<\/h5><div class=\"item-content\"><p><\/p><\/div><\/div><\/div><\/div><\/div><div class=\"gallery-item-wrap \" data-index=\"2\" data-control=\"Three\"><div class=\"grid-item\"><div class=\"thumbnail-wrap\"><img decoding=\"async\" src=\"https:\/\/motosandresmontoya.com\/wp-content\/uploads\/2025\/10\/UM-motorcycles-renegade-commando-verde-urban-lateral-510x510-1.jpg\" alt=\"Commando 125 &quot;Urban&quot;\"\/><div class=\"caption-wrap search-hover-bg style-overlay \"><div class=\"item-hover-bg\"><\/div><div class=\"caption-head\"><\/div><div class=\"caption-button\"><div class=\"item-buttons\"><\/div><\/div><\/div><\/div><div class=\"caption-wrap style-card\"><div class=\"item-caption-over\"><h5 class=\"item-title\">Commando 125 \u00abUrban\u00bb<\/h5><div class=\"item-content\"><p><\/p><\/div><\/div><\/div><\/div><\/div><\/div><\/div>\n\n\n\n<hr class=\"wp-block-separator has-text-color has-default-color has-alpha-channel-opacity has-default-background-color has-background\"\/>\n\n\n\n<h2 class=\"wp-block-heading has-text-align-center has-default-color has-text-color has-link-color wp-elements-5\">Modelos Parecidos<\/h2>\n\n\n\n<figure class=\"wp-block-gallery has-nested-images columns-default is-cropped wp-block-gallery-3 is-layout-flex wp-block-gallery-is-layout-flex\">\n<figure class=\"wp-block-image size-large\"><a href=\"https:\/\/motosandresmontoya.com\/?page_id=917\"><img loading=\"lazy\" decoding=\"async\" width=\"730\" height=\"387\" data-id=\"327\" src=\"https:\/\/motosandresmontoya.com\/wp-content\/uploads\/2025\/10\/Captura-de-pantalla-2025-10-07-173645.png\" alt=\"\" class=\"wp-image-327\" srcset=\"https:\/\/motosandresmontoya.com\/wp-content\/uploads\/2025\/10\/Captura-de-pantalla-2025-10-07-173645.png 730w, https:\/\/motosandresmontoya.com\/wp-content\/uploads\/2025\/10\/Captura-de-pantalla-2025-10-07-173645-300x159.png 300w\" sizes=\"auto, (max-width: 730px) 100vw, 730px\" \/><\/a><figcaption class=\"wp-element-caption\"><mark style=\"background-color:rgba(0, 0, 0, 0)\" class=\"has-inline-color has-primary-color\">Commando 300<\/mark><\/figcaption><\/figure>\n<\/figure>\n\n\n\n<p class=\"wp-block-paragraph\"><\/p>\n","protected":false},"excerpt":{"rendered":"<p>Estilo que manda El Renegade Commando 125 encarna la esencia del esp\u00edritu custom: dise\u00f1o robusto, l\u00edneas limpias, detalles met\u00e1licos y una conducci\u00f3n c\u00f3moda pero con car\u00e1cter. Con motor 125 cc, iluminaci\u00f3n LED, doble escape y est\u00e9tica cuidada, es ideal para quienes buscan una moto con presencia, sin complicaciones y con personalidad propia. PVPR: 3.190,00\u20ac Iva [&hellip;]<\/p>\n","protected":false},"author":1,"featured_media":0,"parent":0,"menu_order":0,"comment_status":"closed","ping_status":"closed","template":"","meta":{"footnotes":""},"class_list":["post-896","page","type-page","status-publish","hentry"],"_links":{"self":[{"href":"https:\/\/motosandresmontoya.com\/index.php?rest_route=\/wp\/v2\/pages\/896","targetHints":{"allow":["GET"]}}],"collection":[{"href":"https:\/\/motosandresmontoya.com\/index.php?rest_route=\/wp\/v2\/pages"}],"about":[{"href":"https:\/\/motosandresmontoya.com\/index.php?rest_route=\/wp\/v2\/types\/page"}],"author":[{"embeddable":true,"href":"https:\/\/motosandresmontoya.com\/index.php?rest_route=\/wp\/v2\/users\/1"}],"replies":[{"embeddable":true,"href":"https:\/\/motosandresmontoya.com\/index.php?rest_route=%2Fwp%2Fv2%2Fcomments&post=896"}],"version-history":[{"count":5,"href":"https:\/\/motosandresmontoya.com\/index.php?rest_route=\/wp\/v2\/pages\/896\/revisions"}],"predecessor-version":[{"id":1733,"href":"https:\/\/motosandresmontoya.com\/index.php?rest_route=\/wp\/v2\/pages\/896\/revisions\/1733"}],"wp:attachment":[{"href":"https:\/\/motosandresmontoya.com\/index.php?rest_route=%2Fwp%2Fv2%2Fmedia&parent=896"}],"curies":[{"name":"wp","href":"https:\/\/api.w.org\/{rel}","templated":true}]}}