{"id":857,"date":"2025-10-14T14:42:36","date_gmt":"2025-10-14T14:42:36","guid":{"rendered":"https:\/\/motosandresmontoya.com\/?page_id=857"},"modified":"2025-10-24T08:36:05","modified_gmt":"2025-10-24T08:36:05","slug":"ra-125-plus","status":"publish","type":"page","link":"https:\/\/motosandresmontoya.com\/?page_id=857","title":{"rendered":"RA 125 PLUS"},"content":{"rendered":"\n<div class=\"wp-block-columns is-layout-flex wp-container-core-columns-is-layout-7387b849 wp-block-columns-is-layout-flex\">\n<div class=\"wp-block-column is-layout-flow wp-block-column-is-layout-flow\">\n<figure class=\"wp-block-gallery has-nested-images columns-default is-cropped wp-block-gallery-1 is-layout-flex wp-block-gallery-is-layout-flex\">\n<figure class=\"wp-block-image size-large\"><img loading=\"lazy\" decoding=\"async\" width=\"1024\" height=\"1024\" data-id=\"858\" src=\"https:\/\/motosandresmontoya.com\/wp-content\/uploads\/2025\/10\/ChatGPT-Image-14-oct-2025-16_35_39.png\" alt=\"\" class=\"wp-image-858\" srcset=\"https:\/\/motosandresmontoya.com\/wp-content\/uploads\/2025\/10\/ChatGPT-Image-14-oct-2025-16_35_39.png 1024w, https:\/\/motosandresmontoya.com\/wp-content\/uploads\/2025\/10\/ChatGPT-Image-14-oct-2025-16_35_39-300x300.png 300w, https:\/\/motosandresmontoya.com\/wp-content\/uploads\/2025\/10\/ChatGPT-Image-14-oct-2025-16_35_39-150x150.png 150w, https:\/\/motosandresmontoya.com\/wp-content\/uploads\/2025\/10\/ChatGPT-Image-14-oct-2025-16_35_39-768x768.png 768w\" sizes=\"auto, (max-width: 1024px) 100vw, 1024px\" \/><\/figure>\n<\/figure>\n<\/div>\n\n\n\n<div class=\"wp-block-column has-default-color has-text-color has-link-color wp-elements-1 is-layout-flow wp-block-column-is-layout-flow\">\n<h2 class=\"wp-block-heading has-text-align-center\">Estilo y potencia<\/h2>\n\n\n\n<hr class=\"wp-block-separator has-text-color has-default-color has-alpha-channel-opacity has-default-background-color has-background\"\/>\n\n\n\n<p class=\"wp-block-paragraph\">La RA 125 Plus conjuga el encanto del dise\u00f1o cl\u00e1sico con tecnolog\u00eda actual. Con motor 125 cc, detalles cromados, iluminaci\u00f3n LED y configuraci\u00f3n pensada para una conducci\u00f3n c\u00f3moda y confiable, es ideal para quienes quieren destacar sin renunciar a la robustez y eficiencia.<\/p>\n\n\n\n<p class=\"wp-block-paragraph\"><strong>PVPR: <em>3.090,00 \u20ac<\/em><\/strong><\/p>\n\n\n\n<p class=\"wp-block-paragraph\">Iva incluido. Los gastos de matriculaci\u00f3n no incluidos.<\/p>\n\n\n\n<div class=\"wp-block-buttons is-content-justification-center is-layout-flex wp-container-core-buttons-is-layout-3e41869c wp-block-buttons-is-layout-flex\">\n<div class=\"wp-block-button has-custom-width wp-block-button__width-50\"><a class=\"wp-block-button__link wp-element-button\" href=\"https:\/\/motosandresmontoya.com\/?page_id=856\">Especificaciones<\/a><\/div>\n<\/div>\n<\/div>\n<\/div>\n\n\n\n<hr class=\"wp-block-separator has-text-color has-default-color has-alpha-channel-opacity has-default-background-color has-background\"\/>\n\n\n\n<h2 class=\"wp-block-heading has-text-align-center has-default-color has-text-color has-link-color wp-elements-2\">Detalles<\/h2>\n\n\n\n<figure class=\"wp-block-gallery has-nested-images columns-2 is-cropped wp-block-gallery-2 is-layout-flex wp-block-gallery-is-layout-flex\">\n<figure class=\"wp-block-image size-large\"><img loading=\"lazy\" decoding=\"async\" width=\"900\" height=\"600\" data-id=\"859\" src=\"https:\/\/motosandresmontoya.com\/wp-content\/uploads\/2025\/10\/ra125-asiento.webp\" alt=\"\" class=\"wp-image-859\" srcset=\"https:\/\/motosandresmontoya.com\/wp-content\/uploads\/2025\/10\/ra125-asiento.webp 900w, https:\/\/motosandresmontoya.com\/wp-content\/uploads\/2025\/10\/ra125-asiento-300x200.webp 300w, https:\/\/motosandresmontoya.com\/wp-content\/uploads\/2025\/10\/ra125-asiento-768x512.webp 768w\" sizes=\"auto, (max-width: 900px) 100vw, 900px\" \/><\/figure>\n\n\n\n<figure class=\"wp-block-image size-large\"><img loading=\"lazy\" decoding=\"async\" width=\"900\" height=\"600\" data-id=\"860\" src=\"https:\/\/motosandresmontoya.com\/wp-content\/uploads\/2025\/10\/ra125-deposito.webp\" alt=\"\" class=\"wp-image-860\" srcset=\"https:\/\/motosandresmontoya.com\/wp-content\/uploads\/2025\/10\/ra125-deposito.webp 900w, https:\/\/motosandresmontoya.com\/wp-content\/uploads\/2025\/10\/ra125-deposito-300x200.webp 300w, https:\/\/motosandresmontoya.com\/wp-content\/uploads\/2025\/10\/ra125-deposito-768x512.webp 768w\" sizes=\"auto, (max-width: 900px) 100vw, 900px\" \/><\/figure>\n\n\n\n<figure class=\"wp-block-image size-large\"><img loading=\"lazy\" decoding=\"async\" width=\"900\" height=\"600\" data-id=\"861\" src=\"https:\/\/motosandresmontoya.com\/wp-content\/uploads\/2025\/10\/ra125-frenos.webp\" alt=\"\" class=\"wp-image-861\" srcset=\"https:\/\/motosandresmontoya.com\/wp-content\/uploads\/2025\/10\/ra125-frenos.webp 900w, https:\/\/motosandresmontoya.com\/wp-content\/uploads\/2025\/10\/ra125-frenos-300x200.webp 300w, https:\/\/motosandresmontoya.com\/wp-content\/uploads\/2025\/10\/ra125-frenos-768x512.webp 768w\" sizes=\"auto, (max-width: 900px) 100vw, 900px\" \/><\/figure>\n\n\n\n<figure class=\"wp-block-image size-large\"><img loading=\"lazy\" decoding=\"async\" width=\"900\" height=\"600\" data-id=\"862\" src=\"https:\/\/motosandresmontoya.com\/wp-content\/uploads\/2025\/10\/ra125-pantalla.webp\" alt=\"\" class=\"wp-image-862\" srcset=\"https:\/\/motosandresmontoya.com\/wp-content\/uploads\/2025\/10\/ra125-pantalla.webp 900w, https:\/\/motosandresmontoya.com\/wp-content\/uploads\/2025\/10\/ra125-pantalla-300x200.webp 300w, https:\/\/motosandresmontoya.com\/wp-content\/uploads\/2025\/10\/ra125-pantalla-768x512.webp 768w\" sizes=\"auto, (max-width: 900px) 100vw, 900px\" \/><\/figure>\n<\/figure>\n\n\n\n<hr class=\"wp-block-separator has-text-color has-default-color has-alpha-channel-opacity has-default-background-color has-background\"\/>\n\n\n\n<h2 class=\"wp-block-heading has-text-align-center has-default-color has-text-color has-link-color wp-elements-3\">Modelos Parecidos<\/h2>\n\n\n\n<figure class=\"wp-block-gallery has-nested-images columns-default is-cropped wp-block-gallery-3 is-layout-flex wp-block-gallery-is-layout-flex\">\n<figure class=\"wp-block-image size-large\"><a href=\"https:\/\/motosandresmontoya.com\/?page_id=845\"><img loading=\"lazy\" decoding=\"async\" width=\"1024\" height=\"540\" data-id=\"215\" src=\"https:\/\/motosandresmontoya.com\/wp-content\/uploads\/2025\/10\/Captura-de-pantalla-2025-10-07-110151-1024x540.png\" alt=\"\" class=\"wp-image-215\" srcset=\"https:\/\/motosandresmontoya.com\/wp-content\/uploads\/2025\/10\/Captura-de-pantalla-2025-10-07-110151-1024x540.png 1024w, https:\/\/motosandresmontoya.com\/wp-content\/uploads\/2025\/10\/Captura-de-pantalla-2025-10-07-110151-300x158.png 300w, https:\/\/motosandresmontoya.com\/wp-content\/uploads\/2025\/10\/Captura-de-pantalla-2025-10-07-110151-768x405.png 768w, https:\/\/motosandresmontoya.com\/wp-content\/uploads\/2025\/10\/Captura-de-pantalla-2025-10-07-110151.png 1029w\" sizes=\"auto, (max-width: 1024px) 100vw, 1024px\" \/><\/a><figcaption class=\"wp-element-caption\"><mark style=\"background-color:rgba(0, 0, 0, 0)\" class=\"has-inline-color has-primary-color\">RA 2<\/mark><\/figcaption><\/figure>\n<\/figure>\n\n\n\n<p class=\"wp-block-paragraph\"><\/p>\n","protected":false},"excerpt":{"rendered":"<p>Estilo y potencia La RA 125 Plus conjuga el encanto del dise\u00f1o cl\u00e1sico con tecnolog\u00eda actual. Con motor 125 cc, detalles cromados, iluminaci\u00f3n LED y configuraci\u00f3n pensada para una conducci\u00f3n c\u00f3moda y confiable, es ideal para quienes quieren destacar sin renunciar a la robustez y eficiencia. PVPR: 3.090,00 \u20ac Iva incluido. Los gastos de matriculaci\u00f3n [&hellip;]<\/p>\n","protected":false},"author":1,"featured_media":0,"parent":0,"menu_order":0,"comment_status":"closed","ping_status":"closed","template":"","meta":{"footnotes":""},"class_list":["post-857","page","type-page","status-publish","hentry"],"_links":{"self":[{"href":"https:\/\/motosandresmontoya.com\/index.php?rest_route=\/wp\/v2\/pages\/857","targetHints":{"allow":["GET"]}}],"collection":[{"href":"https:\/\/motosandresmontoya.com\/index.php?rest_route=\/wp\/v2\/pages"}],"about":[{"href":"https:\/\/motosandresmontoya.com\/index.php?rest_route=\/wp\/v2\/types\/page"}],"author":[{"embeddable":true,"href":"https:\/\/motosandresmontoya.com\/index.php?rest_route=\/wp\/v2\/users\/1"}],"replies":[{"embeddable":true,"href":"https:\/\/motosandresmontoya.com\/index.php?rest_route=%2Fwp%2Fv2%2Fcomments&post=857"}],"version-history":[{"count":5,"href":"https:\/\/motosandresmontoya.com\/index.php?rest_route=\/wp\/v2\/pages\/857\/revisions"}],"predecessor-version":[{"id":1725,"href":"https:\/\/motosandresmontoya.com\/index.php?rest_route=\/wp\/v2\/pages\/857\/revisions\/1725"}],"wp:attachment":[{"href":"https:\/\/motosandresmontoya.com\/index.php?rest_route=%2Fwp%2Fv2%2Fmedia&parent=857"}],"curies":[{"name":"wp","href":"https:\/\/api.w.org\/{rel}","templated":true}]}}