{"id":793,"date":"2025-10-14T08:18:43","date_gmt":"2025-10-14T08:18:43","guid":{"rendered":"https:\/\/motosandresmontoya.com\/?page_id=793"},"modified":"2025-11-10T11:25:26","modified_gmt":"2025-11-10T11:25:26","slug":"especificaciones-rx4","status":"publish","type":"page","link":"https:\/\/motosandresmontoya.com\/?page_id=793","title":{"rendered":"RX 4"},"content":{"rendered":"\n<div class=\"wp-block-columns is-layout-flex wp-container-core-columns-is-layout-7387b849 wp-block-columns-is-layout-flex\">\n<div class=\"wp-block-column is-layout-flow wp-block-column-is-layout-flow\">\n<figure class=\"wp-block-gallery has-nested-images columns-default is-cropped wp-block-gallery-1 is-layout-flex wp-block-gallery-is-layout-flex\">\n<figure class=\"wp-block-image size-large\"><img loading=\"lazy\" decoding=\"async\" width=\"1024\" height=\"1024\" data-id=\"785\" src=\"https:\/\/motosandresmontoya.com\/wp-content\/uploads\/2025\/10\/ChatGPT-Image-14-oct-2025-09_45_43.png\" alt=\"\" class=\"wp-image-785\" srcset=\"https:\/\/motosandresmontoya.com\/wp-content\/uploads\/2025\/10\/ChatGPT-Image-14-oct-2025-09_45_43.png 1024w, https:\/\/motosandresmontoya.com\/wp-content\/uploads\/2025\/10\/ChatGPT-Image-14-oct-2025-09_45_43-300x300.png 300w, https:\/\/motosandresmontoya.com\/wp-content\/uploads\/2025\/10\/ChatGPT-Image-14-oct-2025-09_45_43-150x150.png 150w, https:\/\/motosandresmontoya.com\/wp-content\/uploads\/2025\/10\/ChatGPT-Image-14-oct-2025-09_45_43-768x768.png 768w\" sizes=\"auto, (max-width: 1024px) 100vw, 1024px\" \/><\/figure>\n<\/figure>\n<\/div>\n\n\n\n<div class=\"wp-block-column has-default-color has-text-color has-link-color wp-elements-1 is-layout-flow wp-block-column-is-layout-flow\">\n<h2 class=\"wp-block-heading has-text-align-center\">Desaf\u00eda el camino<\/h2>\n\n\n\n<hr class=\"wp-block-separator has-alpha-channel-opacity\"\/>\n\n\n\n<p class=\"wp-block-paragraph\">El <strong>Cyclone Trail RX4<\/strong> est\u00e1 dise\u00f1ado para los exploradores que no se conforman con lo com\u00fan. Es la compa\u00f1era ideal para conquistar rutas exigentes y disfrutar cada tramo con confianza.<\/p>\n\n\n\n<p class=\"wp-block-paragraph\"><strong>PVPR: <em>4.990,00 \u20ac<\/em><\/strong><\/p>\n\n\n\n<p class=\"wp-block-paragraph\">Iva incluido. Los gastos de matriculaci\u00f3n y portes hasta Baleares y Canaria no incluidos.<\/p>\n\n\n\n<div class=\"wp-block-buttons is-content-justification-center is-layout-flex wp-container-core-buttons-is-layout-3e41869c wp-block-buttons-is-layout-flex\">\n<div class=\"wp-block-button has-custom-width wp-block-button__width-50\"><a class=\"wp-block-button__link wp-element-button\" href=\"https:\/\/motosandresmontoya.com\/?page_id=784\">Fotos<\/a><\/div>\n<\/div>\n<\/div>\n<\/div>\n\n\n\n<hr class=\"wp-block-separator has-text-color has-default-color has-alpha-channel-opacity has-default-background-color has-background\"\/>\n\n\n\n<h2 class=\"wp-block-heading has-text-align-center has-default-color has-text-color has-link-color wp-elements-2\">Especificaciones<\/h2>\n\n\n\n<div class=\"guten-element guten-tabs guten-GBSQfN horizontal-center\"><div class=\"tab-heading\"><div class=\"tab-heading-item active\" id=\"tab-UttTxp\" data-id=\"tab-UttTxp\"><span>Motor<\/span><\/div><div class=\"tab-heading-item\" id=\"tab-Hi83r1\" data-id=\"tab-Hi83r1\"><span>Parte Ciclo<\/span><\/div><\/div><div class=\"tab-heading-mobile\"><div class=\"tab-title\"><span>Motor<\/span><i class=\"tab-dropdown-icon fas\"><\/i><\/div><div class=\"tab-option\"><div data-id=\"tab-UttTxp\" class=\"tab-option-item active\"><span>Motor<\/span><\/div><div data-id=\"tab-Hi83r1\" class=\"tab-option-item\"><span>Parte Ciclo<\/span><\/div><\/div><\/div><div class=\"tab-body\">\n<div class=\"tab-UttTxp tab-body-item\" data-id=\"tab-UttTxp\">\n<p class=\"has-base-color has-text-color has-link-color wp-elements-3 wp-block-paragraph\"><strong>Tipo \/ Cilindrada<\/strong><\/p>\n\n\n\n<p class=\"has-base-color has-text-color has-link-color wp-elements-4 wp-block-paragraph\">4T \/ 401 cc<\/p>\n\n\n\n<p class=\"has-base-color has-text-color has-link-color wp-elements-5 wp-block-paragraph\"><strong>Distribuci\u00f3n<\/strong><\/p>\n\n\n\n<p class=\"has-base-color has-text-color has-link-color wp-elements-6 wp-block-paragraph\">Cadena \/ DOHC<\/p>\n\n\n\n<p class=\"has-base-color has-text-color has-link-color wp-elements-7 wp-block-paragraph\"><strong>N\u00ba Cilindros<\/strong><\/p>\n\n\n\n<p class=\"has-base-color has-text-color has-link-color wp-elements-8 wp-block-paragraph\">2<\/p>\n\n\n\n<p class=\"has-base-color has-text-color has-link-color wp-elements-9 wp-block-paragraph\"><strong>N\u00ba de V\u00e1lvulas<\/strong><\/p>\n\n\n\n<p class=\"has-base-color has-text-color has-link-color wp-elements-10 wp-block-paragraph\">8<\/p>\n\n\n\n<p class=\"has-base-color has-text-color has-link-color wp-elements-11 wp-block-paragraph\"><strong>Alimentaci\u00f3n<\/strong><\/p>\n\n\n\n<p class=\"has-base-color has-text-color has-link-color wp-elements-12 wp-block-paragraph\">Inyecci\u00f3n electr\u00f3nica Bosch<\/p>\n\n\n\n<p class=\"has-base-color has-text-color has-link-color wp-elements-13 wp-block-paragraph\"><strong>Refrigeraci\u00f3n<\/strong><\/p>\n\n\n\n<p class=\"has-base-color has-text-color has-link-color wp-elements-14 wp-block-paragraph\">L\u00edquida<\/p>\n\n\n\n<p class=\"has-base-color has-text-color has-link-color wp-elements-15 wp-block-paragraph\"><strong>Di\u00e1metro x Carrera<\/strong><\/p>\n\n\n\n<p class=\"has-base-color has-text-color has-link-color wp-elements-16 wp-block-paragraph\">68 mm x 55,2 mm<\/p>\n\n\n\n<p class=\"has-base-color has-text-color has-link-color wp-elements-17 wp-block-paragraph\"><strong>CV<\/strong><\/p>\n\n\n\n<p class=\"has-base-color has-text-color has-link-color wp-elements-18 wp-block-paragraph\">36,2<\/p>\n\n\n\n<p class=\"has-base-color has-text-color has-link-color wp-elements-19 wp-block-paragraph\"><strong>Potencia M\u00e1xima (KW\/RPM)<\/strong><\/p>\n\n\n\n<p class=\"has-base-color has-text-color has-link-color wp-elements-20 wp-block-paragraph\">27 Kw \/ 8500 rpm<\/p>\n\n\n\n<p class=\"has-base-color has-text-color has-link-color wp-elements-21 wp-block-paragraph\"><strong>PAR M\u00e1ximo (Nm\/RPM)<\/strong><\/p>\n\n\n\n<p class=\"has-base-color has-text-color has-link-color wp-elements-22 wp-block-paragraph\">34 Nm \/ 8000 rpm<\/p>\n\n\n\n<p class=\"has-base-color has-text-color has-link-color wp-elements-23 wp-block-paragraph\"><strong>Normativa Euro<\/strong><\/p>\n\n\n\n<p class=\"has-base-color has-text-color has-link-color wp-elements-24 wp-block-paragraph\">Euro 5<\/p>\n\n\n\n<p class=\"has-base-color has-text-color has-link-color wp-elements-25 wp-block-paragraph\"><strong>Transmisi\u00f3n Primaria \/ N\u00ba Marchas<\/strong><\/p>\n\n\n\n<p class=\"has-base-color has-text-color has-link-color wp-elements-26 wp-block-paragraph\">Engranajes \/ 6 marchas<\/p>\n\n\n\n<p class=\"has-base-color has-text-color has-link-color wp-elements-27 wp-block-paragraph\"><strong>Transmisi\u00f3n Secundaria<\/strong><\/p>\n\n\n\n<p class=\"has-base-color has-text-color has-link-color wp-elements-28 wp-block-paragraph\">Cadena \/ DOHC<\/p>\n\n\n\n<p class=\"has-base-color has-text-color has-link-color wp-elements-29 wp-block-paragraph\"><strong>Embrague<\/strong><\/p>\n\n\n\n<p class=\"has-base-color has-text-color has-link-color wp-elements-30 wp-block-paragraph\">Manual de discos h\u00famedos<\/p>\n<\/div>\n\n\n\n<div class=\"tab-Hi83r1 tab-body-item\" data-id=\"tab-Hi83r1\">\n<p class=\"has-text-align-right has-base-color has-text-color has-link-color wp-elements-31 wp-block-paragraph\"><strong>Chasis<\/strong><\/p>\n\n\n\n<p class=\"has-text-align-right has-base-color has-text-color has-link-color wp-elements-32 wp-block-paragraph\">Multitubular de acero<\/p>\n\n\n\n<p class=\"has-text-align-right has-base-color has-text-color has-link-color wp-elements-33 wp-block-paragraph\"><strong>Suspensi\u00f3n Delantera<\/strong><\/p>\n\n\n\n<p class=\"has-text-align-right has-base-color has-text-color has-link-color wp-elements-34 wp-block-paragraph\">Horquilla invertida con barras de 41 mm de di\u00e1metro y 130 mm de recorrido, ajustable en precarga y rebote<\/p>\n\n\n\n<p class=\"has-text-align-right has-base-color has-text-color has-link-color wp-elements-35 wp-block-paragraph\"><strong>Suspensi\u00f3n Trasera<\/strong><\/p>\n\n\n\n<p class=\"has-text-align-right has-base-color has-text-color has-link-color wp-elements-36 wp-block-paragraph\">Monoamortiguador regulable en precarga<\/p>\n\n\n\n<p class=\"has-text-align-right has-base-color has-text-color has-link-color wp-elements-37 wp-block-paragraph\"><strong>Freno Delantero<\/strong><\/p>\n\n\n\n<p class=\"has-text-align-right has-base-color has-text-color has-link-color wp-elements-38 wp-block-paragraph\">2 discos de 305 mm de di\u00e1metro con pinzas de 4 pistones y ABS de doble canal<\/p>\n\n\n\n<p class=\"has-text-align-right has-base-color has-text-color has-link-color wp-elements-39 wp-block-paragraph\"><strong>Freno Trasero<\/strong><\/p>\n\n\n\n<p class=\"has-text-align-right has-base-color has-text-color has-link-color wp-elements-40 wp-block-paragraph\">Disco de 258 mm con BAS de doble canal<\/p>\n\n\n\n<p class=\"has-text-align-right has-base-color has-text-color has-link-color wp-elements-41 wp-block-paragraph\"><strong>Rueda Delantera<\/strong><\/p>\n\n\n\n<p class=\"has-text-align-right has-base-color has-text-color has-link-color wp-elements-42 wp-block-paragraph\">Llanta de radios con neum\u00e1tico 110\/80R19 sin c\u00e1mara<\/p>\n\n\n\n<p class=\"has-text-align-right has-base-color has-text-color has-link-color wp-elements-43 wp-block-paragraph\"><strong>Rueda Trasera<\/strong><\/p>\n\n\n\n<p class=\"has-text-align-right has-base-color has-text-color has-link-color wp-elements-44 wp-block-paragraph\">Llanta de radios con neum\u00e1ticos 140\/70R17 sin c\u00e1mara<\/p>\n\n\n\n<p class=\"has-text-align-right has-base-color has-text-color has-link-color wp-elements-45 wp-block-paragraph\"><strong>Distancia entre ejes<\/strong><\/p>\n\n\n\n<p class=\"has-text-align-right has-base-color has-text-color has-link-color wp-elements-46 wp-block-paragraph\">1410 mm<\/p>\n\n\n\n<p class=\"has-text-align-right has-base-color has-text-color has-link-color wp-elements-47 wp-block-paragraph\"><strong>Altura de Asiento<\/strong><\/p>\n\n\n\n<p class=\"has-text-align-right has-base-color has-text-color has-link-color wp-elements-48 wp-block-paragraph\">810 mm<\/p>\n\n\n\n<p class=\"has-text-align-right has-base-color has-text-color has-link-color wp-elements-49 wp-block-paragraph\"><strong>Capacidad Dep\u00f3sito Combustible<\/strong><\/p>\n\n\n\n<p class=\"has-text-align-right has-base-color has-text-color has-link-color wp-elements-50 wp-block-paragraph\">18 L<\/p>\n\n\n\n<p class=\"has-text-align-right has-base-color has-text-color has-link-color wp-elements-51 wp-block-paragraph\"><strong>Peso<\/strong><\/p>\n\n\n\n<p class=\"has-text-align-right has-base-color has-text-color has-link-color wp-elements-52 wp-block-paragraph\">215 Kg<\/p>\n<\/div>\n<\/div><\/div>\n","protected":false},"excerpt":{"rendered":"<p>Desaf\u00eda el camino El Cyclone Trail RX4 est\u00e1 dise\u00f1ado para los exploradores que no se conforman con lo com\u00fan. Es la compa\u00f1era ideal para conquistar rutas exigentes y disfrutar cada tramo con confianza. PVPR: 4.990,00 \u20ac Iva incluido. Los gastos de matriculaci\u00f3n y portes hasta Baleares y Canaria no incluidos. Especificaciones<\/p>\n","protected":false},"author":1,"featured_media":0,"parent":0,"menu_order":0,"comment_status":"closed","ping_status":"closed","template":"","meta":{"footnotes":""},"class_list":["post-793","page","type-page","status-publish","hentry"],"_links":{"self":[{"href":"https:\/\/motosandresmontoya.com\/index.php?rest_route=\/wp\/v2\/pages\/793","targetHints":{"allow":["GET"]}}],"collection":[{"href":"https:\/\/motosandresmontoya.com\/index.php?rest_route=\/wp\/v2\/pages"}],"about":[{"href":"https:\/\/motosandresmontoya.com\/index.php?rest_route=\/wp\/v2\/types\/page"}],"author":[{"embeddable":true,"href":"https:\/\/motosandresmontoya.com\/index.php?rest_route=\/wp\/v2\/users\/1"}],"replies":[{"embeddable":true,"href":"https:\/\/motosandresmontoya.com\/index.php?rest_route=%2Fwp%2Fv2%2Fcomments&post=793"}],"version-history":[{"count":7,"href":"https:\/\/motosandresmontoya.com\/index.php?rest_route=\/wp\/v2\/pages\/793\/revisions"}],"predecessor-version":[{"id":2332,"href":"https:\/\/motosandresmontoya.com\/index.php?rest_route=\/wp\/v2\/pages\/793\/revisions\/2332"}],"wp:attachment":[{"href":"https:\/\/motosandresmontoya.com\/index.php?rest_route=%2Fwp%2Fv2%2Fmedia&parent=793"}],"curies":[{"name":"wp","href":"https:\/\/api.w.org\/{rel}","templated":true}]}}