{"id":764,"date":"2025-10-10T14:49:08","date_gmt":"2025-10-10T14:49:08","guid":{"rendered":"https:\/\/motosandresmontoya.com\/?page_id=764"},"modified":"2025-11-10T11:25:00","modified_gmt":"2025-11-10T11:25:00","slug":"especificaciones-carrera","status":"publish","type":"page","link":"https:\/\/motosandresmontoya.com\/?page_id=764","title":{"rendered":"CARRERA"},"content":{"rendered":"\n<div class=\"wp-block-columns is-layout-flex wp-container-core-columns-is-layout-7387b849 wp-block-columns-is-layout-flex\">\n<div class=\"wp-block-column is-layout-flow wp-block-column-is-layout-flow\">\n<figure class=\"wp-block-gallery has-nested-images columns-default is-cropped wp-block-gallery-1 is-layout-flex wp-block-gallery-is-layout-flex\">\n<figure class=\"wp-block-image size-large\"><img loading=\"lazy\" decoding=\"async\" width=\"705\" height=\"609\" data-id=\"754\" src=\"https:\/\/motosandresmontoya.com\/wp-content\/uploads\/2025\/10\/Captura-de-pantalla-2025-10-10-161257.png\" alt=\"\" class=\"wp-image-754\" srcset=\"https:\/\/motosandresmontoya.com\/wp-content\/uploads\/2025\/10\/Captura-de-pantalla-2025-10-10-161257.png 705w, https:\/\/motosandresmontoya.com\/wp-content\/uploads\/2025\/10\/Captura-de-pantalla-2025-10-10-161257-300x259.png 300w\" sizes=\"auto, (max-width: 705px) 100vw, 705px\" \/><\/figure>\n<\/figure>\n<\/div>\n\n\n\n<div class=\"wp-block-column has-default-color has-text-color has-link-color wp-elements-1 is-layout-flow wp-block-column-is-layout-flow\">\n<h2 class=\"wp-block-heading has-text-align-center\">Aventura potente<\/h2>\n\n\n\n<hr class=\"wp-block-separator has-alpha-channel-opacity\"\/>\n\n\n\n<p class=\"wp-block-paragraph\">El Cyclone Trail Carrera combina la versatilidad del trail con la potencia necesaria para tus recorridos exigentes. Con dise\u00f1o robusto, buen recorrido de suspensi\u00f3n, neum\u00e1ticos mixtos y prestaciones equilibradas, est\u00e1 pensado para quienes quieren salir del asfalto sin renunciar al rendimiento.<\/p>\n\n\n\n<p class=\"wp-block-paragraph\"><strong>PVPR: <em>2.490,00 \u20ac<\/em><\/strong><\/p>\n\n\n\n<p class=\"wp-block-paragraph\">Iva incluido. Los gastos de matriculaci\u00f3n y portes hasta Baleares y Canaria no incluidos.<\/p>\n\n\n\n<div class=\"wp-block-buttons is-content-justification-center is-layout-flex wp-container-core-buttons-is-layout-3e41869c wp-block-buttons-is-layout-flex\">\n<div class=\"wp-block-button has-custom-width wp-block-button__width-50\"><a class=\"wp-block-button__link wp-element-button\" href=\"https:\/\/motosandresmontoya.com\/?page_id=751\">Fotos<\/a><\/div>\n<\/div>\n<\/div>\n<\/div>\n\n\n\n<hr class=\"wp-block-separator has-text-color has-default-color has-alpha-channel-opacity has-default-background-color has-background\"\/>\n\n\n\n<h2 class=\"wp-block-heading has-text-align-center has-default-color has-text-color has-link-color wp-elements-2\">Especificaciones<\/h2>\n\n\n\n<div class=\"guten-element guten-tabs guten-V5J4zJ horizontal-center\"><div class=\"tab-heading\"><div class=\"tab-heading-item active\" id=\"tab-t7G1QB\" data-id=\"tab-t7G1QB\"><span>Motor<\/span><\/div><div class=\"tab-heading-item\" id=\"tab-AwCJlK\" data-id=\"tab-AwCJlK\"><span>Parte Ciclo<\/span><\/div><\/div><div class=\"tab-heading-mobile\"><div class=\"tab-title\"><span>Motor<\/span><i class=\"tab-dropdown-icon fas\"><\/i><\/div><div class=\"tab-option\"><div data-id=\"tab-t7G1QB\" class=\"tab-option-item active\"><span>Motor<\/span><\/div><div data-id=\"tab-AwCJlK\" class=\"tab-option-item\"><span>Parte Ciclo<\/span><\/div><\/div><\/div><div class=\"tab-body\">\n<div class=\"tab-t7G1QB tab-body-item\" data-id=\"tab-t7G1QB\">\n<p class=\"has-base-color has-text-color has-link-color wp-elements-3 wp-block-paragraph\"><strong>Tipo \/ Cilindrada<\/strong><\/p>\n\n\n\n<p class=\"has-base-color has-text-color has-link-color wp-elements-4 wp-block-paragraph\">4T \/ 125 cc<\/p>\n\n\n\n<p class=\"has-base-color has-text-color has-link-color wp-elements-5 wp-block-paragraph\"><strong>Distribuci\u00f3n<\/strong><\/p>\n\n\n\n<p class=\"has-base-color has-text-color has-link-color wp-elements-6 wp-block-paragraph\">Cadena \/ OHC<\/p>\n\n\n\n<p class=\"has-base-color has-text-color has-link-color wp-elements-7 wp-block-paragraph\"><strong>N\u00ba Cilindros<\/strong><\/p>\n\n\n\n<p class=\"has-base-color has-text-color has-link-color wp-elements-8 wp-block-paragraph\">1<\/p>\n\n\n\n<p class=\"has-base-color has-text-color has-link-color wp-elements-9 wp-block-paragraph\"><strong>N\u00ba de V\u00e1lvulas<\/strong><\/p>\n\n\n\n<p class=\"has-base-color has-text-color has-link-color wp-elements-10 wp-block-paragraph\">4<\/p>\n\n\n\n<p class=\"has-base-color has-text-color has-link-color wp-elements-11 wp-block-paragraph\"><strong>Alimentaci\u00f3n<\/strong><\/p>\n\n\n\n<p class=\"has-base-color has-text-color has-link-color wp-elements-12 wp-block-paragraph\">Inyecci\u00f3n electr\u00f3nica<\/p>\n\n\n\n<p class=\"has-base-color has-text-color has-link-color wp-elements-13 wp-block-paragraph\"><strong>Refrigeraci\u00f3n<\/strong><\/p>\n\n\n\n<p class=\"has-base-color has-text-color has-link-color wp-elements-14 wp-block-paragraph\">Aire<\/p>\n\n\n\n<p class=\"has-base-color has-text-color has-link-color wp-elements-15 wp-block-paragraph\"><strong>Di\u00e1metro x Carrera<\/strong><\/p>\n\n\n\n<p class=\"has-base-color has-text-color has-link-color wp-elements-16 wp-block-paragraph\">57,3 x 48,4 mm<\/p>\n\n\n\n<p class=\"has-base-color has-text-color has-link-color wp-elements-17 wp-block-paragraph\"><strong>CV<\/strong><\/p>\n\n\n\n<p class=\"has-base-color has-text-color has-link-color wp-elements-18 wp-block-paragraph\">12<\/p>\n\n\n\n<p class=\"has-base-color has-text-color has-link-color wp-elements-19 wp-block-paragraph\"><strong>Potencia M\u00e1xima (KW \/ RPM)<\/strong><\/p>\n\n\n\n<p class=\"has-base-color has-text-color has-link-color wp-elements-20 wp-block-paragraph\">9,3 Kw \/ 9000 rpm<\/p>\n\n\n\n<p class=\"has-base-color has-text-color has-link-color wp-elements-21 wp-block-paragraph\"><strong>PAR M\u00e1ximo (NM \/ RPM)<\/strong><\/p>\n\n\n\n<p class=\"has-base-color has-text-color has-link-color wp-elements-22 wp-block-paragraph\">10,2 Nm \/ 8500 rpm<\/p>\n\n\n\n<p class=\"has-base-color has-text-color has-link-color wp-elements-23 wp-block-paragraph\"><strong>Normativa Euro<\/strong><\/p>\n\n\n\n<p class=\"has-base-color has-text-color has-link-color wp-elements-24 wp-block-paragraph\">Euro 5+<\/p>\n\n\n\n<p class=\"has-base-color has-text-color has-link-color wp-elements-25 wp-block-paragraph\"><strong>Transmisi\u00f3n Primaria \/ N\u00ba Marchas<\/strong><\/p>\n\n\n\n<p class=\"has-base-color has-text-color has-link-color wp-elements-26 wp-block-paragraph\">Engranajes \/ 5 marchas<\/p>\n\n\n\n<p class=\"has-base-color has-text-color has-link-color wp-elements-27 wp-block-paragraph\"><strong>Transmisi\u00f3n Secundaria<\/strong><\/p>\n\n\n\n<p class=\"has-base-color has-text-color has-link-color wp-elements-28 wp-block-paragraph\">Cadena<\/p>\n\n\n\n<p class=\"has-base-color has-text-color has-link-color wp-elements-29 wp-block-paragraph\"><strong>Embrague<\/strong><\/p>\n\n\n\n<p class=\"has-base-color has-text-color has-link-color wp-elements-30 wp-block-paragraph\">Manual de disco h\u00famedo<\/p>\n<\/div>\n\n\n\n<div class=\"tab-AwCJlK tab-body-item\" data-id=\"tab-AwCJlK\">\n<p class=\"has-text-align-right has-base-color has-text-color has-link-color wp-elements-31 wp-block-paragraph\"><strong>Chasis<\/strong><\/p>\n\n\n\n<p class=\"has-text-align-right has-base-color has-text-color has-link-color wp-elements-32 wp-block-paragraph\">Multitubular de acero<\/p>\n\n\n\n<p class=\"has-text-align-right has-base-color has-text-color has-link-color wp-elements-33 wp-block-paragraph\"><strong>Suspensi\u00f3n Delantera<\/strong><\/p>\n\n\n\n<p class=\"has-text-align-right has-base-color has-text-color has-link-color wp-elements-34 wp-block-paragraph\">Horquilla con barras de 31 mm di\u00e1metro y 130 mm de recorrido<\/p>\n\n\n\n<p class=\"has-text-align-right has-base-color has-text-color has-link-color wp-elements-35 wp-block-paragraph\"><strong>Suspensi\u00f3n Trasera<\/strong><\/p>\n\n\n\n<p class=\"has-text-align-right has-base-color has-text-color has-link-color wp-elements-36 wp-block-paragraph\">Monoamortiguador central<\/p>\n\n\n\n<p class=\"has-text-align-right has-base-color has-text-color has-link-color wp-elements-37 wp-block-paragraph\"><strong>Freno Delantero<\/strong><\/p>\n\n\n\n<p class=\"has-text-align-right has-base-color has-text-color has-link-color wp-elements-38 wp-block-paragraph\">Disco de 267 mm de di\u00e1metro, pinza de 3 pistones y CBS<\/p>\n\n\n\n<p class=\"has-text-align-right has-base-color has-text-color has-link-color wp-elements-39 wp-block-paragraph\"><strong>Freno Trasero<\/strong><\/p>\n\n\n\n<p class=\"has-text-align-right has-base-color has-text-color has-link-color wp-elements-40 wp-block-paragraph\">Disco de 220 mm de di\u00e1metro, pinza de 1 pist\u00f3n y CBS<\/p>\n\n\n\n<p class=\"has-text-align-right has-base-color has-text-color has-link-color wp-elements-41 wp-block-paragraph\"><strong>Rueda Delantera<\/strong><\/p>\n\n\n\n<p class=\"has-text-align-right has-base-color has-text-color has-link-color wp-elements-42 wp-block-paragraph\">90\/90 &#8211; 19<\/p>\n\n\n\n<p class=\"has-text-align-right has-base-color has-text-color has-link-color wp-elements-43 wp-block-paragraph\"><strong>Rueda Trasera<\/strong><\/p>\n\n\n\n<p class=\"has-text-align-right has-base-color has-text-color has-link-color wp-elements-44 wp-block-paragraph\">110\/90 &#8211; 17<\/p>\n\n\n\n<p class=\"has-text-align-right has-base-color has-text-color has-link-color wp-elements-45 wp-block-paragraph\"><strong>Distancia entre ejes<\/strong><\/p>\n\n\n\n<p class=\"has-text-align-right has-base-color has-text-color has-link-color wp-elements-46 wp-block-paragraph\">1340 mm<\/p>\n\n\n\n<p class=\"has-text-align-right has-base-color has-text-color has-link-color wp-elements-47 wp-block-paragraph\"><strong>Altura de asiento <\/strong><\/p>\n\n\n\n<p class=\"has-text-align-right has-base-color has-text-color has-link-color wp-elements-48 wp-block-paragraph\">820 mm<\/p>\n\n\n\n<p class=\"has-text-align-right has-base-color has-text-color has-link-color wp-elements-49 wp-block-paragraph\"><strong>Capacidad del dep\u00f3sito de combustible<\/strong><\/p>\n\n\n\n<p class=\"has-text-align-right has-base-color has-text-color has-link-color wp-elements-50 wp-block-paragraph\">16 L<\/p>\n\n\n\n<p class=\"has-text-align-right has-base-color has-text-color has-link-color wp-elements-51 wp-block-paragraph\"><strong>Peso<\/strong><\/p>\n\n\n\n<p class=\"has-text-align-right has-base-color has-text-color has-link-color wp-elements-52 wp-block-paragraph\">141 kg<\/p>\n<\/div>\n<\/div><\/div>\n\n\n\n<p class=\"wp-block-paragraph\"><\/p>\n\n\n\n<p class=\"wp-block-paragraph\"><\/p>\n","protected":false},"excerpt":{"rendered":"<p>Aventura potente El Cyclone Trail Carrera combina la versatilidad del trail con la potencia necesaria para tus recorridos exigentes. Con dise\u00f1o robusto, buen recorrido de suspensi\u00f3n, neum\u00e1ticos mixtos y prestaciones equilibradas, est\u00e1 pensado para quienes quieren salir del asfalto sin renunciar al rendimiento. PVPR: 2.490,00 \u20ac Iva incluido. Los gastos de matriculaci\u00f3n y portes hasta [&hellip;]<\/p>\n","protected":false},"author":1,"featured_media":0,"parent":0,"menu_order":0,"comment_status":"closed","ping_status":"closed","template":"","meta":{"footnotes":""},"class_list":["post-764","page","type-page","status-publish","hentry"],"_links":{"self":[{"href":"https:\/\/motosandresmontoya.com\/index.php?rest_route=\/wp\/v2\/pages\/764","targetHints":{"allow":["GET"]}}],"collection":[{"href":"https:\/\/motosandresmontoya.com\/index.php?rest_route=\/wp\/v2\/pages"}],"about":[{"href":"https:\/\/motosandresmontoya.com\/index.php?rest_route=\/wp\/v2\/types\/page"}],"author":[{"embeddable":true,"href":"https:\/\/motosandresmontoya.com\/index.php?rest_route=\/wp\/v2\/users\/1"}],"replies":[{"embeddable":true,"href":"https:\/\/motosandresmontoya.com\/index.php?rest_route=%2Fwp%2Fv2%2Fcomments&post=764"}],"version-history":[{"count":7,"href":"https:\/\/motosandresmontoya.com\/index.php?rest_route=\/wp\/v2\/pages\/764\/revisions"}],"predecessor-version":[{"id":2331,"href":"https:\/\/motosandresmontoya.com\/index.php?rest_route=\/wp\/v2\/pages\/764\/revisions\/2331"}],"wp:attachment":[{"href":"https:\/\/motosandresmontoya.com\/index.php?rest_route=%2Fwp%2Fv2%2Fmedia&parent=764"}],"curies":[{"name":"wp","href":"https:\/\/api.w.org\/{rel}","templated":true}]}}