{"id":751,"date":"2025-10-10T14:36:03","date_gmt":"2025-10-10T14:36:03","guid":{"rendered":"https:\/\/motosandresmontoya.com\/?page_id=751"},"modified":"2025-10-24T08:33:24","modified_gmt":"2025-10-24T08:33:24","slug":"carrera","status":"publish","type":"page","link":"https:\/\/motosandresmontoya.com\/?page_id=751","title":{"rendered":"CARRERA"},"content":{"rendered":"\n<div class=\"wp-block-columns is-layout-flex wp-container-core-columns-is-layout-7387b849 wp-block-columns-is-layout-flex\">\n<div class=\"wp-block-column is-layout-flow wp-block-column-is-layout-flow\">\n<figure class=\"wp-block-gallery has-nested-images columns-default is-cropped wp-block-gallery-1 is-layout-flex wp-block-gallery-is-layout-flex\">\n<figure class=\"wp-block-image size-large\"><img loading=\"lazy\" decoding=\"async\" width=\"705\" height=\"609\" data-id=\"754\" src=\"https:\/\/motosandresmontoya.com\/wp-content\/uploads\/2025\/10\/Captura-de-pantalla-2025-10-10-161257.png\" alt=\"\" class=\"wp-image-754\" srcset=\"https:\/\/motosandresmontoya.com\/wp-content\/uploads\/2025\/10\/Captura-de-pantalla-2025-10-10-161257.png 705w, https:\/\/motosandresmontoya.com\/wp-content\/uploads\/2025\/10\/Captura-de-pantalla-2025-10-10-161257-300x259.png 300w\" sizes=\"auto, (max-width: 705px) 100vw, 705px\" \/><\/figure>\n<\/figure>\n<\/div>\n\n\n\n<div class=\"wp-block-column has-default-color has-text-color has-link-color wp-elements-1 is-layout-flow wp-block-column-is-layout-flow\">\n<h2 class=\"wp-block-heading has-text-align-center\">Aventura potente<\/h2>\n\n\n\n<hr class=\"wp-block-separator has-alpha-channel-opacity\"\/>\n\n\n\n<p class=\"wp-block-paragraph\">El Cyclone Trail Carrera combina la versatilidad del trail con la potencia necesaria para tus recorridos exigentes. Con dise\u00f1o robusto, buen recorrido de suspensi\u00f3n, neum\u00e1ticos mixtos y prestaciones equilibradas, est\u00e1 pensado para quienes quieren salir del asfalto sin renunciar al rendimiento.<\/p>\n\n\n\n<p class=\"wp-block-paragraph\"><strong>PVPR: <em>2.490,00 \u20ac<\/em><\/strong><\/p>\n\n\n\n<p class=\"wp-block-paragraph\">Iva incluido. Los gastos de matriculaci\u00f3n no incluidos.<\/p>\n\n\n\n<div class=\"wp-block-buttons is-content-justification-center is-layout-flex wp-container-core-buttons-is-layout-3e41869c wp-block-buttons-is-layout-flex\">\n<div class=\"wp-block-button has-custom-width wp-block-button__width-50\"><a class=\"wp-block-button__link wp-element-button\" href=\"https:\/\/motosandresmontoya.com\/?page_id=764\">Especificaciones<\/a><\/div>\n<\/div>\n<\/div>\n<\/div>\n\n\n\n<hr class=\"wp-block-separator has-text-color has-default-color has-alpha-channel-opacity has-default-background-color has-background\"\/>\n\n\n\n<h2 class=\"wp-block-heading has-text-align-center has-default-color has-text-color has-link-color wp-elements-2\">Detalles<\/h2>\n\n\n\n<figure class=\"wp-block-gallery has-nested-images columns-default is-cropped wp-block-gallery-2 is-layout-flex wp-block-gallery-is-layout-flex\">\n<figure class=\"wp-block-image size-large\"><img loading=\"lazy\" decoding=\"async\" width=\"900\" height=\"600\" data-id=\"755\" src=\"https:\/\/motosandresmontoya.com\/wp-content\/uploads\/2025\/10\/Carrera-Asiento.webp\" alt=\"\" class=\"wp-image-755\" srcset=\"https:\/\/motosandresmontoya.com\/wp-content\/uploads\/2025\/10\/Carrera-Asiento.webp 900w, https:\/\/motosandresmontoya.com\/wp-content\/uploads\/2025\/10\/Carrera-Asiento-300x200.webp 300w, https:\/\/motosandresmontoya.com\/wp-content\/uploads\/2025\/10\/Carrera-Asiento-768x512.webp 768w\" sizes=\"auto, (max-width: 900px) 100vw, 900px\" \/><\/figure>\n\n\n\n<figure class=\"wp-block-image size-large\"><img loading=\"lazy\" decoding=\"async\" width=\"900\" height=\"600\" data-id=\"756\" src=\"https:\/\/motosandresmontoya.com\/wp-content\/uploads\/2025\/10\/Carrera-Deposito.webp\" alt=\"\" class=\"wp-image-756\" srcset=\"https:\/\/motosandresmontoya.com\/wp-content\/uploads\/2025\/10\/Carrera-Deposito.webp 900w, https:\/\/motosandresmontoya.com\/wp-content\/uploads\/2025\/10\/Carrera-Deposito-300x200.webp 300w, https:\/\/motosandresmontoya.com\/wp-content\/uploads\/2025\/10\/Carrera-Deposito-768x512.webp 768w\" sizes=\"auto, (max-width: 900px) 100vw, 900px\" \/><\/figure>\n\n\n\n<figure class=\"wp-block-image size-large\"><img loading=\"lazy\" decoding=\"async\" width=\"900\" height=\"600\" data-id=\"759\" src=\"https:\/\/motosandresmontoya.com\/wp-content\/uploads\/2025\/10\/Carrera-Pantalla.webp\" alt=\"\" class=\"wp-image-759\" srcset=\"https:\/\/motosandresmontoya.com\/wp-content\/uploads\/2025\/10\/Carrera-Pantalla.webp 900w, https:\/\/motosandresmontoya.com\/wp-content\/uploads\/2025\/10\/Carrera-Pantalla-300x200.webp 300w, https:\/\/motosandresmontoya.com\/wp-content\/uploads\/2025\/10\/Carrera-Pantalla-768x512.webp 768w\" sizes=\"auto, (max-width: 900px) 100vw, 900px\" \/><\/figure>\n\n\n\n<figure class=\"wp-block-image size-large\"><img loading=\"lazy\" decoding=\"async\" width=\"900\" height=\"600\" data-id=\"757\" src=\"https:\/\/motosandresmontoya.com\/wp-content\/uploads\/2025\/10\/Carrera-Llantas.webp\" alt=\"\" class=\"wp-image-757\" srcset=\"https:\/\/motosandresmontoya.com\/wp-content\/uploads\/2025\/10\/Carrera-Llantas.webp 900w, https:\/\/motosandresmontoya.com\/wp-content\/uploads\/2025\/10\/Carrera-Llantas-300x200.webp 300w, https:\/\/motosandresmontoya.com\/wp-content\/uploads\/2025\/10\/Carrera-Llantas-768x512.webp 768w\" sizes=\"auto, (max-width: 900px) 100vw, 900px\" \/><\/figure>\n\n\n\n<figure class=\"wp-block-image size-large\"><img loading=\"lazy\" decoding=\"async\" width=\"900\" height=\"600\" data-id=\"758\" src=\"https:\/\/motosandresmontoya.com\/wp-content\/uploads\/2025\/10\/Carrera-Manetas.webp\" alt=\"\" class=\"wp-image-758\" srcset=\"https:\/\/motosandresmontoya.com\/wp-content\/uploads\/2025\/10\/Carrera-Manetas.webp 900w, https:\/\/motosandresmontoya.com\/wp-content\/uploads\/2025\/10\/Carrera-Manetas-300x200.webp 300w, https:\/\/motosandresmontoya.com\/wp-content\/uploads\/2025\/10\/Carrera-Manetas-768x512.webp 768w\" sizes=\"auto, (max-width: 900px) 100vw, 900px\" \/><\/figure>\n<\/figure>\n\n\n\n<hr class=\"wp-block-separator has-text-color has-default-color has-alpha-channel-opacity has-default-background-color has-background\"\/>\n\n\n\n<h2 class=\"wp-block-heading has-text-align-center has-default-color has-text-color has-link-color wp-elements-3\">Colores<\/h2>\n\n\n\n<div class=\"guten-element guten-gallery guten-m0IHMb layout-card grid-desktop-2 grid-tablet-2 grid-mobile-2\" data-grid=\"masonry\"><div class=\"gutenverse-popup-gallery hidden\"><div class=\"gallery-header\"><div class=\"left-header\"><\/div><div class=\"right-header\"><svg xmlns=\"http:\/\/www.w3.org\/2000\/svg\" width=\"24\" height=\"24\" viewBox=\"0 0 24 24\" fill=\"none\" stroke=\"currentColor\" stroke-width=\"2\" stroke-linecap=\"round\" stroke-linejoin=\"round\" class=\"icon-fullscreen\"><path d=\"M8 3H5a2 2 0 0 0-2 2v3m18 0V5a2 2 0 0 0-2-2h-3m0 18h3a2 2 0 0 0 2-2v-3M3 16v3a2 2 0 0 0 2 2h3\"><\/path><\/svg><svg xmlns=\"http:\/\/www.w3.org\/2000\/svg\" width=\"24\" height=\"24\" viewBox=\"0 0 24 24\" fill=\"none\" stroke=\"currentColor\" stroke-width=\"2\" stroke-linecap=\"round\" stroke-linejoin=\"round\" class=\"icon-minimize hidden\"><path d=\"M8 3v3a2 2 0 0 1-2 2H3m18 0h-3a2 2 0 0 1-2-2V3m0 18v-3a2 2 0 0 1 2-2h3M3 16h3a2 2 0 0 1 2 2v3\"><\/path><\/svg><svg xmlns=\"http:\/\/www.w3.org\/2000\/svg\" width=\"24\" height=\"24\" viewBox=\"0 0 24 24\" fill=\"none\" stroke=\"currentColor\" stroke-width=\"2\" stroke-linecap=\"round\" stroke-linejoin=\"round\" class=\"icon-zoom\"><circle cx=\"11\" cy=\"11\" r=\"8\"><\/circle><line x1=\"21\" y1=\"21\" x2=\"16.65\" y2=\"16.65\"><\/line><line x1=\"11\" y1=\"8\" x2=\"11\" y2=\"14\"><\/line><line x1=\"8\" y1=\"11\" x2=\"14\" y2=\"11\"><\/line><\/svg><svg xmlns=\"http:\/\/www.w3.org\/2000\/svg\" width=\"24\" height=\"24\" viewBox=\"0 0 24 24\" fill=\"none\" stroke=\"currentColor\" stroke-width=\"2\" stroke-linecap=\"round\" stroke-linejoin=\"round\" class=\"icon-close\"><line x1=\"18\" y1=\"6\" x2=\"6\" y2=\"18\"><\/line><line x1=\"6\" y1=\"6\" x2=\"18\" y2=\"18\"><\/line><\/svg><\/div><\/div><div class=\"gallery-body\"><div class=\"images\"><div id=\"guten-m0IHMb\" class=\"swiper-container\"><div class=\"swiper-wrapper\"><div class=\"swiper-slide image-list image-list-0\" data-filter=\"One\" data-title=\"Carrera &quot;Gris&quot;\" data-index=\"0\"><div class=\"content-image swiper-zoom-container\"><img decoding=\"async\" class=\"main-image\" src=\"https:\/\/motosandresmontoya.com\/wp-content\/uploads\/2025\/10\/Captura-de-pantalla-2025-10-10-163350.png\" alt=\"Carrera &quot;Gris&quot;\"\/><\/div><\/div><div class=\"swiper-slide image-list image-list-1\" data-filter=\"Two\" data-title=\"Carrera &quot;Negra&quot;\" data-index=\"1\"><div class=\"content-image swiper-zoom-container\"><img decoding=\"async\" class=\"main-image\" src=\"https:\/\/motosandresmontoya.com\/wp-content\/uploads\/2025\/10\/Captura-de-pantalla-2025-10-10-163326.png\" alt=\"Carrera &quot;Negra&quot;\"\/><\/div><\/div><\/div><div class=\"swiper-button-prev\"><\/div><div class=\"swiper-button-next\"><\/div><\/div><\/div><\/div><\/div><div class=\"gallery-items\" data-loaded=\"2\" data-more=\"2\" data-max=\"2\" data-zoom=\"disable\"><div class=\"gallery-item-wrap \" data-index=\"0\" data-control=\"One\"><div class=\"grid-item\"><div class=\"thumbnail-wrap\"><img decoding=\"async\" src=\"https:\/\/motosandresmontoya.com\/wp-content\/uploads\/2025\/10\/Captura-de-pantalla-2025-10-10-163350.png\" alt=\"Carrera &quot;Gris&quot;\"\/><div class=\"caption-wrap search-hover-bg style-overlay \"><div class=\"item-hover-bg\"><\/div><div class=\"caption-head\"><\/div><div class=\"caption-button\"><div class=\"item-buttons\"><\/div><\/div><\/div><\/div><div class=\"caption-wrap style-card\"><div class=\"item-caption-over\"><h5 class=\"item-title\">Carrera \u00abGris\u00bb<\/h5><div class=\"item-content\"><p><\/p><\/div><\/div><\/div><\/div><\/div><div class=\"gallery-item-wrap \" data-index=\"1\" data-control=\"Two\"><div class=\"grid-item\"><div class=\"thumbnail-wrap\"><img decoding=\"async\" src=\"https:\/\/motosandresmontoya.com\/wp-content\/uploads\/2025\/10\/Captura-de-pantalla-2025-10-10-163326.png\" alt=\"Carrera &quot;Negra&quot;\"\/><div class=\"caption-wrap search-hover-bg style-overlay \"><div class=\"item-hover-bg\"><\/div><div class=\"caption-head\"><\/div><div class=\"caption-button\"><div class=\"item-buttons\"><\/div><\/div><\/div><\/div><div class=\"caption-wrap style-card\"><div class=\"item-caption-over\"><h5 class=\"item-title\">Carrera \u00abNegra\u00bb<\/h5><div class=\"item-content\"><p><\/p><\/div><\/div><\/div><\/div><\/div><\/div><\/div>\n","protected":false},"excerpt":{"rendered":"<p>Aventura potente El Cyclone Trail Carrera combina la versatilidad del trail con la potencia necesaria para tus recorridos exigentes. Con dise\u00f1o robusto, buen recorrido de suspensi\u00f3n, neum\u00e1ticos mixtos y prestaciones equilibradas, est\u00e1 pensado para quienes quieren salir del asfalto sin renunciar al rendimiento. PVPR: 2.490,00 \u20ac Iva incluido. Los gastos de matriculaci\u00f3n no incluidos. Detalles [&hellip;]<\/p>\n","protected":false},"author":1,"featured_media":0,"parent":0,"menu_order":0,"comment_status":"closed","ping_status":"closed","template":"","meta":{"footnotes":""},"class_list":["post-751","page","type-page","status-publish","hentry"],"_links":{"self":[{"href":"https:\/\/motosandresmontoya.com\/index.php?rest_route=\/wp\/v2\/pages\/751","targetHints":{"allow":["GET"]}}],"collection":[{"href":"https:\/\/motosandresmontoya.com\/index.php?rest_route=\/wp\/v2\/pages"}],"about":[{"href":"https:\/\/motosandresmontoya.com\/index.php?rest_route=\/wp\/v2\/types\/page"}],"author":[{"embeddable":true,"href":"https:\/\/motosandresmontoya.com\/index.php?rest_route=\/wp\/v2\/users\/1"}],"replies":[{"embeddable":true,"href":"https:\/\/motosandresmontoya.com\/index.php?rest_route=%2Fwp%2Fv2%2Fcomments&post=751"}],"version-history":[{"count":5,"href":"https:\/\/motosandresmontoya.com\/index.php?rest_route=\/wp\/v2\/pages\/751\/revisions"}],"predecessor-version":[{"id":1716,"href":"https:\/\/motosandresmontoya.com\/index.php?rest_route=\/wp\/v2\/pages\/751\/revisions\/1716"}],"wp:attachment":[{"href":"https:\/\/motosandresmontoya.com\/index.php?rest_route=%2Fwp%2Fv2%2Fmedia&parent=751"}],"curies":[{"name":"wp","href":"https:\/\/api.w.org\/{rel}","templated":true}]}}