{"id":723,"date":"2025-10-10T08:54:57","date_gmt":"2025-10-10T08:54:57","guid":{"rendered":"https:\/\/motosandresmontoya.com\/?page_id=723"},"modified":"2025-11-10T11:22:25","modified_gmt":"2025-11-10T11:22:25","slug":"especificaciones-battlo","status":"publish","type":"page","link":"https:\/\/motosandresmontoya.com\/?page_id=723","title":{"rendered":"BATTLO"},"content":{"rendered":"\n<div class=\"wp-block-columns is-layout-flex wp-container-core-columns-is-layout-7387b849 wp-block-columns-is-layout-flex\">\n<div class=\"wp-block-column is-layout-flow wp-block-column-is-layout-flow\">\n<figure class=\"wp-block-gallery has-nested-images columns-default is-cropped wp-block-gallery-1 is-layout-flex wp-block-gallery-is-layout-flex\">\n<figure class=\"wp-block-image size-large\"><img loading=\"lazy\" decoding=\"async\" width=\"983\" height=\"904\" data-id=\"708\" src=\"https:\/\/motosandresmontoya.com\/wp-content\/uploads\/2025\/10\/Captura-de-pantalla-2025-10-10-101713.png\" alt=\"\" class=\"wp-image-708\" srcset=\"https:\/\/motosandresmontoya.com\/wp-content\/uploads\/2025\/10\/Captura-de-pantalla-2025-10-10-101713.png 983w, https:\/\/motosandresmontoya.com\/wp-content\/uploads\/2025\/10\/Captura-de-pantalla-2025-10-10-101713-300x276.png 300w, https:\/\/motosandresmontoya.com\/wp-content\/uploads\/2025\/10\/Captura-de-pantalla-2025-10-10-101713-768x706.png 768w\" sizes=\"auto, (max-width: 983px) 100vw, 983px\" \/><\/figure>\n<\/figure>\n<\/div>\n\n\n\n<div class=\"wp-block-column has-default-color has-text-color has-link-color wp-elements-1 is-layout-flow wp-block-column-is-layout-flow\">\n<h2 class=\"wp-block-heading has-text-align-center\">Actitud desnuda<\/h2>\n\n\n\n<hr class=\"wp-block-separator has-alpha-channel-opacity\"\/>\n\n\n\n<p class=\"wp-block-paragraph\">La <strong>Cyclone Naked Battlo<\/strong> combina dise\u00f1o audaz y mec\u00e1nica precisa para ofrecer una experiencia urbana con car\u00e1cter. Con l\u00edneas agresivas, prestaciones equilibradas y presencia contundente, este modelo est\u00e1 pensado para quienes exigen estilo, potencia y control sin concesiones.<\/p>\n\n\n\n<p class=\"wp-block-paragraph\"><strong>PVPR: <em>2.880,00 \u20ac<\/em><\/strong><\/p>\n\n\n\n<p class=\"wp-block-paragraph\">Iva incluido. Los gastos de matriculaci\u00f3n y portes hasta Baleares y Canaria no incluidos.<\/p>\n\n\n\n<div class=\"wp-block-buttons is-content-justification-center is-layout-flex wp-container-core-buttons-is-layout-3e41869c wp-block-buttons-is-layout-flex\">\n<div class=\"wp-block-button has-custom-width wp-block-button__width-50\"><a class=\"wp-block-button__link wp-element-button\" href=\"https:\/\/motosandresmontoya.com\/?page_id=707\">Fotos<\/a><\/div>\n<\/div>\n<\/div>\n<\/div>\n\n\n\n<hr class=\"wp-block-separator has-text-color has-default-color has-alpha-channel-opacity has-default-background-color has-background\"\/>\n\n\n\n<h2 class=\"wp-block-heading has-text-align-center has-default-color has-text-color has-link-color wp-elements-2\">Especificaciones<\/h2>\n\n\n\n<div class=\"wp-block-columns is-layout-flex wp-container-core-columns-is-layout-7387b849 wp-block-columns-is-layout-flex\">\n<div class=\"wp-block-column is-layout-flow wp-block-column-is-layout-flow\" style=\"flex-basis:100%\">\n<div class=\"guten-element guten-tabs guten-y5bZZb horizontal-center\"><div class=\"tab-heading\"><div class=\"tab-heading-item active\" id=\"tab-DbhtvP\" data-id=\"tab-DbhtvP\"><span>Motor<\/span><\/div><div class=\"tab-heading-item\" id=\"tab-lYwo8O\" data-id=\"tab-lYwo8O\"><span>Parte Ciclo<\/span><\/div><\/div><div class=\"tab-heading-mobile\"><div class=\"tab-title\"><span>Motor<\/span><i class=\"tab-dropdown-icon fas\"><\/i><\/div><div class=\"tab-option\"><div data-id=\"tab-DbhtvP\" class=\"tab-option-item active\"><span>Motor<\/span><\/div><div data-id=\"tab-lYwo8O\" class=\"tab-option-item\"><span>Parte Ciclo<\/span><\/div><\/div><\/div><div class=\"tab-body\">\n<div class=\"tab-DbhtvP tab-body-item\" data-id=\"tab-DbhtvP\">\n<p class=\"has-base-color has-text-color has-link-color wp-elements-3 wp-block-paragraph\"><strong>Tipo \/ Cilindrada<\/strong><\/p>\n\n\n\n<p class=\"has-base-color has-text-color has-link-color wp-elements-4 wp-block-paragraph\">4T \/ 125 cc<\/p>\n\n\n\n<p class=\"has-base-color has-text-color has-link-color wp-elements-5 wp-block-paragraph\"><strong>Distribuci\u00f3n<\/strong><\/p>\n\n\n\n<p class=\"has-base-color has-text-color has-link-color wp-elements-6 wp-block-paragraph\">Cadena \/ DOHC<\/p>\n\n\n\n<p class=\"has-base-color has-text-color has-link-color wp-elements-7 wp-block-paragraph\"><strong>N\u00ba Cilindros<\/strong><\/p>\n\n\n\n<p class=\"has-base-color has-text-color has-link-color wp-elements-8 wp-block-paragraph\">1<\/p>\n\n\n\n<p class=\"has-base-color has-text-color has-link-color wp-elements-9 wp-block-paragraph\"><strong>N\u00ba de V\u00e1lvulas<\/strong><\/p>\n\n\n\n<p class=\"has-base-color has-text-color has-link-color wp-elements-10 wp-block-paragraph\">4<\/p>\n\n\n\n<p class=\"has-base-color has-text-color has-link-color wp-elements-11 wp-block-paragraph\"><strong>Alimentaci\u00f3n<\/strong><\/p>\n\n\n\n<p class=\"has-base-color has-text-color has-link-color wp-elements-12 wp-block-paragraph\">Inyecci\u00f3n electr\u00f3nica<\/p>\n\n\n\n<p class=\"has-base-color has-text-color has-link-color wp-elements-13 wp-block-paragraph\"><strong>Refrigeraci\u00f3n<\/strong><\/p>\n\n\n\n<p class=\"has-base-color has-text-color has-link-color wp-elements-14 wp-block-paragraph\">L\u00edquida<\/p>\n\n\n\n<p class=\"has-base-color has-text-color has-link-color wp-elements-15 wp-block-paragraph\"><strong>Di\u00e1metro x Carrera<\/strong><\/p>\n\n\n\n<p class=\"has-base-color has-text-color has-link-color wp-elements-16 wp-block-paragraph\">58 x 47 mm<\/p>\n\n\n\n<p class=\"has-base-color has-text-color has-link-color wp-elements-17 wp-block-paragraph\"><strong>Potencia M\u00e1xima (CV\/RPM)<\/strong><\/p>\n\n\n\n<p class=\"has-base-color has-text-color has-link-color wp-elements-18 wp-block-paragraph\">15CV \/ 9000 rpm<\/p>\n\n\n\n<p class=\"has-base-color has-text-color has-link-color wp-elements-19 wp-block-paragraph\"><strong>PAR M\u00e1ximo (Nm\/RPM)<\/strong><\/p>\n\n\n\n<p class=\"has-base-color has-text-color has-link-color wp-elements-20 wp-block-paragraph\">11 Nm \/ 7500 rpm<\/p>\n\n\n\n<p class=\"has-base-color has-text-color has-link-color wp-elements-21 wp-block-paragraph\"><strong>Normativa Euro<\/strong><\/p>\n\n\n\n<p class=\"has-base-color has-text-color has-link-color wp-elements-22 wp-block-paragraph\">Euro 5+<\/p>\n\n\n\n<p class=\"has-base-color has-text-color has-link-color wp-elements-23 wp-block-paragraph\"><strong>Transmisi\u00f3n Primaria\/ N\u00ba marchas<\/strong><\/p>\n\n\n\n<p class=\"has-base-color has-text-color has-link-color wp-elements-24 wp-block-paragraph\">Engranajes \/ 6 marchas<\/p>\n\n\n\n<p class=\"has-base-color has-text-color has-link-color wp-elements-25 wp-block-paragraph\"><strong>Transmisi\u00f3n Secundaria<\/strong><\/p>\n\n\n\n<p class=\"has-base-color has-text-color has-link-color wp-elements-26 wp-block-paragraph\">Cadena<\/p>\n\n\n\n<p class=\"has-base-color has-text-color has-link-color wp-elements-27 wp-block-paragraph\"><strong>Embrague<\/strong><\/p>\n\n\n\n<p class=\"has-base-color has-text-color has-link-color wp-elements-28 wp-block-paragraph\">Manual de disco h\u00famedos<\/p>\n<\/div>\n\n\n\n<div class=\"tab-lYwo8O tab-body-item\" data-id=\"tab-lYwo8O\">\n<p class=\"has-text-align-right has-base-color has-text-color has-link-color wp-elements-29 wp-block-paragraph\"><strong>Chasis<\/strong><\/p>\n\n\n\n<p class=\"has-text-align-right has-base-color has-text-color has-link-color wp-elements-30 wp-block-paragraph\">Multitubular de acero<\/p>\n\n\n\n<p class=\"has-text-align-right has-base-color has-text-color has-link-color wp-elements-31 wp-block-paragraph\"><strong>Suspensi\u00f3n Delantera<\/strong><\/p>\n\n\n\n<p class=\"has-text-align-right has-base-color has-text-color has-link-color wp-elements-32 wp-block-paragraph\">Horquilla telescopica invertida con barras de 37 mm de diametro y 110 mm de recorrido<\/p>\n\n\n\n<p class=\"has-text-align-right has-base-color has-text-color has-link-color wp-elements-33 wp-block-paragraph\"><strong>Suspension Trasera<\/strong><\/p>\n\n\n\n<p class=\"has-text-align-right has-base-color has-text-color has-link-color wp-elements-34 wp-block-paragraph\">Monoamortiguador regulable en precarga<\/p>\n\n\n\n<p class=\"has-text-align-right has-base-color has-text-color has-link-color wp-elements-35 wp-block-paragraph\"><strong>Freno Delantero<\/strong><\/p>\n\n\n\n<p class=\"has-text-align-right has-base-color has-text-color has-link-color wp-elements-36 wp-block-paragraph\">Disco de 265 mm di\u00e1metro con sistema de ABS<\/p>\n\n\n\n<p class=\"has-text-align-right has-base-color has-text-color has-link-color wp-elements-37 wp-block-paragraph\"><strong>Freno Trasero<\/strong><\/p>\n\n\n\n<p class=\"has-text-align-right has-base-color has-text-color has-link-color wp-elements-38 wp-block-paragraph\">Disco de 240 mm de di\u00e1metro con sistema ABS<\/p>\n\n\n\n<p class=\"has-text-align-right has-base-color has-text-color has-link-color wp-elements-39 wp-block-paragraph\"><strong>Rueda Delantera<\/strong><\/p>\n\n\n\n<p class=\"has-text-align-right has-base-color has-text-color has-link-color wp-elements-40 wp-block-paragraph\">Llanta aluminio con neum\u00e1tico140\/80 &#8211; 17<\/p>\n\n\n\n<p class=\"has-text-align-right has-base-color has-text-color has-link-color wp-elements-41 wp-block-paragraph\"><strong>Rueda Trasera<\/strong><\/p>\n\n\n\n<p class=\"has-text-align-right has-base-color has-text-color has-link-color wp-elements-42 wp-block-paragraph\">Llanta aluminio con neum\u00e1tico140\/70 &#8211; 17<\/p>\n\n\n\n<p class=\"has-text-align-right has-base-color has-text-color has-link-color wp-elements-43 wp-block-paragraph\"><strong>DIstancia entre ejes<\/strong><\/p>\n\n\n\n<p class=\"has-text-align-right has-base-color has-text-color has-link-color wp-elements-44 wp-block-paragraph\">1350 mm<\/p>\n\n\n\n<p class=\"has-text-align-right has-base-color has-text-color has-link-color wp-elements-45 wp-block-paragraph\"><strong>Altura de asiento<\/strong><\/p>\n\n\n\n<p class=\"has-text-align-right has-base-color has-text-color has-link-color wp-elements-46 wp-block-paragraph\">765 mm<\/p>\n\n\n\n<p class=\"has-text-align-right has-base-color has-text-color has-link-color wp-elements-47 wp-block-paragraph\"><strong>Capacidad Deposito Combustible<\/strong><\/p>\n\n\n\n<p class=\"has-text-align-right has-base-color has-text-color has-link-color wp-elements-48 wp-block-paragraph\">13 L<\/p>\n\n\n\n<p class=\"has-text-align-right has-base-color has-text-color has-link-color wp-elements-49 wp-block-paragraph\"><strong>Peso<\/strong><\/p>\n\n\n\n<p class=\"has-text-align-right has-base-color has-text-color has-link-color wp-elements-50 wp-block-paragraph\">149 KG<\/p>\n<\/div>\n\n\n\n<div class=\"tab-body-item\">\n<p class=\"wp-block-paragraph\"><\/p>\n<\/div>\n\n\n\n<div class=\"tab-body-item\">\n<p class=\"wp-block-paragraph\"><\/p>\n<\/div>\n<\/div><\/div>\n<\/div>\n<\/div>\n","protected":false},"excerpt":{"rendered":"<p>Actitud desnuda La Cyclone Naked Battlo combina dise\u00f1o audaz y mec\u00e1nica precisa para ofrecer una experiencia urbana con car\u00e1cter. Con l\u00edneas agresivas, prestaciones equilibradas y presencia contundente, este modelo est\u00e1 pensado para quienes exigen estilo, potencia y control sin concesiones. PVPR: 2.880,00 \u20ac Iva incluido. Los gastos de matriculaci\u00f3n y portes hasta Baleares y Canaria [&hellip;]<\/p>\n","protected":false},"author":1,"featured_media":0,"parent":0,"menu_order":0,"comment_status":"closed","ping_status":"closed","template":"","meta":{"footnotes":""},"class_list":["post-723","page","type-page","status-publish","hentry"],"_links":{"self":[{"href":"https:\/\/motosandresmontoya.com\/index.php?rest_route=\/wp\/v2\/pages\/723","targetHints":{"allow":["GET"]}}],"collection":[{"href":"https:\/\/motosandresmontoya.com\/index.php?rest_route=\/wp\/v2\/pages"}],"about":[{"href":"https:\/\/motosandresmontoya.com\/index.php?rest_route=\/wp\/v2\/types\/page"}],"author":[{"embeddable":true,"href":"https:\/\/motosandresmontoya.com\/index.php?rest_route=\/wp\/v2\/users\/1"}],"replies":[{"embeddable":true,"href":"https:\/\/motosandresmontoya.com\/index.php?rest_route=%2Fwp%2Fv2%2Fcomments&post=723"}],"version-history":[{"count":6,"href":"https:\/\/motosandresmontoya.com\/index.php?rest_route=\/wp\/v2\/pages\/723\/revisions"}],"predecessor-version":[{"id":2325,"href":"https:\/\/motosandresmontoya.com\/index.php?rest_route=\/wp\/v2\/pages\/723\/revisions\/2325"}],"wp:attachment":[{"href":"https:\/\/motosandresmontoya.com\/index.php?rest_route=%2Fwp%2Fv2%2Fmedia&parent=723"}],"curies":[{"name":"wp","href":"https:\/\/api.w.org\/{rel}","templated":true}]}}