{"id":703,"date":"2025-10-10T08:08:23","date_gmt":"2025-10-10T08:08:23","guid":{"rendered":"https:\/\/motosandresmontoya.com\/?page_id=703"},"modified":"2025-11-10T11:21:15","modified_gmt":"2025-11-10T11:21:15","slug":"especificaciones-xtreet","status":"publish","type":"page","link":"https:\/\/motosandresmontoya.com\/?page_id=703","title":{"rendered":"XTREET"},"content":{"rendered":"\n<div class=\"wp-block-columns is-layout-flex wp-container-core-columns-is-layout-7387b849 wp-block-columns-is-layout-flex\">\n<div class=\"wp-block-column is-layout-flow wp-block-column-is-layout-flow\">\n<figure class=\"wp-block-gallery has-nested-images columns-default is-cropped wp-block-gallery-1 is-layout-flex wp-block-gallery-is-layout-flex\">\n<figure class=\"wp-block-image size-large\"><img loading=\"lazy\" decoding=\"async\" width=\"675\" height=\"645\" data-id=\"668\" src=\"https:\/\/motosandresmontoya.com\/wp-content\/uploads\/2025\/10\/Captura-de-pantalla-2025-10-09-174424.png\" alt=\"\" class=\"wp-image-668\" srcset=\"https:\/\/motosandresmontoya.com\/wp-content\/uploads\/2025\/10\/Captura-de-pantalla-2025-10-09-174424.png 675w, https:\/\/motosandresmontoya.com\/wp-content\/uploads\/2025\/10\/Captura-de-pantalla-2025-10-09-174424-300x287.png 300w\" sizes=\"auto, (max-width: 675px) 100vw, 675px\" \/><\/figure>\n<\/figure>\n<\/div>\n\n\n\n<div class=\"wp-block-column has-default-color has-text-color has-link-color wp-elements-1 is-layout-flow wp-block-column-is-layout-flow\">\n<h2 class=\"wp-block-heading has-text-align-center\">Pura actitud<\/h2>\n\n\n\n<hr class=\"wp-block-separator has-alpha-channel-opacity\"\/>\n\n\n\n<p class=\"wp-block-paragraph\">La UM Xtreet encarna la esencia de la movilidad \u00e1gil: motor compacto, suspensi\u00f3n \u00e1gil, est\u00e9tica desnuda y car\u00e1cter firme. Una moto sin adornos innecesarios, dise\u00f1ada para quienes desean una conducci\u00f3n directa, divertida y visualmente impactante en el entorno urbano.<\/p>\n\n\n\n<p class=\"wp-block-paragraph\"><strong>PVPR: 2.890,00\u20ac<\/strong><\/p>\n\n\n\n<p class=\"wp-block-paragraph\">Iva incluido. Los gastos de matriculaci\u00f3n y portes hasta Baleares y Canaria no incluidos.<\/p>\n\n\n\n<div class=\"wp-block-buttons is-content-justification-center is-layout-flex wp-container-core-buttons-is-layout-3e41869c wp-block-buttons-is-layout-flex\">\n<div class=\"wp-block-button has-custom-width wp-block-button__width-50\"><a class=\"wp-block-button__link wp-element-button\" href=\"https:\/\/motosandresmontoya.com\/?page_id=667\">Fotos<\/a><\/div>\n<\/div>\n<\/div>\n<\/div>\n\n\n\n<hr class=\"wp-block-separator has-text-color has-default-color has-alpha-channel-opacity has-default-background-color has-background\"\/>\n\n\n\n<h2 class=\"wp-block-heading has-text-align-center has-default-color has-text-color has-link-color wp-elements-2\">Especificaciones<\/h2>\n\n\n\n<div class=\"guten-element guten-tabs guten-arha4A horizontal-center\"><div class=\"tab-heading\"><div class=\"tab-heading-item active\" id=\"tab-40Zzp3\" data-id=\"tab-40Zzp3\"><span>Motor\/ Transmisi\u00f3n<\/span><\/div><div class=\"tab-heading-item\" id=\"tab-dlPLI1\" data-id=\"tab-dlPLI1\"><span>Suspensi\u00f3n\/ Frenos\/ Neum\u00e1ticos<\/span><\/div><div class=\"tab-heading-item\" id=\"tab-A5Z0N5\" data-id=\"tab-A5Z0N5\"><span>Dimensiones<\/span><\/div><\/div><div class=\"tab-heading-mobile\"><div class=\"tab-title\"><span>Motor\/ Transmisi\u00f3n<\/span><i class=\"tab-dropdown-icon fas\"><\/i><\/div><div class=\"tab-option\"><div data-id=\"tab-40Zzp3\" class=\"tab-option-item active\"><span>Motor\/ Transmisi\u00f3n<\/span><\/div><div data-id=\"tab-dlPLI1\" class=\"tab-option-item\"><span>Suspensi\u00f3n\/ Frenos\/ Neum\u00e1ticos<\/span><\/div><div data-id=\"tab-A5Z0N5\" class=\"tab-option-item\"><span>Dimensiones<\/span><\/div><\/div><\/div><div class=\"tab-body\">\n<div class=\"tab-40Zzp3 tab-body-item\" data-id=\"tab-40Zzp3\">\n<p class=\"has-base-color has-text-color has-link-color wp-elements-3 wp-block-paragraph\"><strong><br>Tipo<\/strong><br>Monocil\u00edndrico, 4 tiempos<\/p>\n\n\n\n<p class=\"has-base-color has-text-color has-link-color wp-elements-4 wp-block-paragraph\"><strong>Refrigeraci\u00f3n<br><\/strong>L\u00edquida<\/p>\n\n\n\n<p class=\"has-base-color has-text-color has-link-color wp-elements-5 wp-block-paragraph\"><strong>Cilindrada (cm3)<\/strong><br>125<\/p>\n\n\n\n<p class=\"has-base-color has-text-color has-link-color wp-elements-6 wp-block-paragraph\"><strong>Potencia M\u00e1xima (cv\/rpm)<\/strong><br>12.2\/9500<\/p>\n\n\n\n<p class=\"has-base-color has-text-color has-link-color wp-elements-7 wp-block-paragraph\"><strong>Potencia M\u00e1xima (kW\/rpm)<\/strong><br>9\/9500<\/p>\n\n\n\n<p class=\"has-base-color has-text-color has-link-color wp-elements-8 wp-block-paragraph\"><strong>Carrera x Di\u00e1metro (mm)<\/strong><br>47\u00d758<\/p>\n\n\n\n<p class=\"has-base-color has-text-color has-link-color wp-elements-9 wp-block-paragraph\"><strong>Alimentaci\u00f3n<\/strong><br>EFI<\/p>\n\n\n\n<p class=\"has-base-color has-text-color has-link-color wp-elements-10 wp-block-paragraph\"><strong>Sistema de Arranque<\/strong><br>El\u00e9ctrico<\/p>\n\n\n\n<p class=\"has-base-color has-text-color has-link-color wp-elements-11 wp-block-paragraph\"><strong>Caja de Cambios<\/strong><br>6 velocidades<\/p>\n\n\n\n<p class=\"has-base-color has-text-color has-link-color wp-elements-12 wp-block-paragraph\"><strong>Sistema de Transmisi\u00f3n<\/strong><br>Cadena<\/p>\n<\/div>\n\n\n\n<div class=\"tab-dlPLI1 tab-body-item\" data-id=\"tab-dlPLI1\">\n<p class=\"has-text-align-center has-base-color has-text-color has-link-color wp-elements-13 wp-block-paragraph\"><strong>Suspensi\u00f3n Delantera<\/strong><br>Horquilla telesc\u00f3pica, Amortiguaci\u00f3n hidr\u00e1ulica<\/p>\n\n\n\n<p class=\"has-text-align-center has-base-color has-text-color has-link-color wp-elements-14 wp-block-paragraph\"><strong>Suspensi\u00f3n Trasera<\/strong><br>Monoamortiguador<\/p>\n\n\n\n<p class=\"has-text-align-center has-base-color has-text-color has-link-color wp-elements-15 wp-block-paragraph\"><strong>Freno Delantero<\/strong><br>Disco 290mm<\/p>\n\n\n\n<p class=\"has-text-align-center has-base-color has-text-color has-link-color wp-elements-16 wp-block-paragraph\"><strong>Freno Trasero<\/strong><br>Disco 220mm<\/p>\n\n\n\n<p class=\"has-text-align-center has-base-color has-text-color has-link-color wp-elements-17 wp-block-paragraph\"><strong>Frenado Combinado<\/strong><br>S\u00ed<\/p>\n\n\n\n<p class=\"has-text-align-center has-base-color has-text-color has-link-color wp-elements-18 wp-block-paragraph\"><strong>Neum\u00e1tico Delantero<\/strong><br>110\/60-17<\/p>\n\n\n\n<p class=\"has-text-align-center has-base-color has-text-color has-link-color wp-elements-19 wp-block-paragraph\"><strong>Neum\u00e1tico Trasero<\/strong><br>140\/60-17<\/p>\n<\/div>\n\n\n\n<div class=\"tab-A5Z0N5 tab-body-item\" data-id=\"tab-A5Z0N5\">\n<p class=\"has-text-align-right has-base-color has-text-color has-link-color wp-elements-20 wp-block-paragraph\"><strong>Longitud (mm)<\/strong><br>1920<\/p>\n\n\n\n<p class=\"has-text-align-right has-base-color has-text-color has-link-color wp-elements-21 wp-block-paragraph\"><strong>Anchura (mm)<\/strong><br>820<\/p>\n\n\n\n<p class=\"has-text-align-right has-base-color has-text-color has-link-color wp-elements-22 wp-block-paragraph\"><strong>Altura (mm)<\/strong><br>1170<\/p>\n\n\n\n<p class=\"has-text-align-right has-base-color has-text-color has-link-color wp-elements-23 wp-block-paragraph\"><strong>Distancia entre ejes (mm)<\/strong><br>1320<\/p>\n\n\n\n<p class=\"has-text-align-right has-base-color has-text-color has-link-color wp-elements-24 wp-block-paragraph\"><strong>Altura del asiento (mm)<\/strong><br>800<\/p>\n\n\n\n<p class=\"has-text-align-right has-base-color has-text-color has-link-color wp-elements-25 wp-block-paragraph\"><strong>Altura desde el suelo (mm)<\/strong><br>190<\/p>\n\n\n\n<p class=\"has-text-align-right has-base-color has-text-color has-link-color wp-elements-26 wp-block-paragraph\"><strong>Peso (kg)<\/strong><br>133<\/p>\n\n\n\n<p class=\"has-text-align-right has-base-color has-text-color has-link-color wp-elements-27 wp-block-paragraph\"><strong>Capacidad Combustible (l)<\/strong><br>14<\/p>\n<\/div>\n<\/div><\/div>\n\n\n\n<p class=\"wp-block-paragraph\"><\/p>\n","protected":false},"excerpt":{"rendered":"<p>Pura actitud La UM Xtreet encarna la esencia de la movilidad \u00e1gil: motor compacto, suspensi\u00f3n \u00e1gil, est\u00e9tica desnuda y car\u00e1cter firme. Una moto sin adornos innecesarios, dise\u00f1ada para quienes desean una conducci\u00f3n directa, divertida y visualmente impactante en el entorno urbano. PVPR: 2.890,00\u20ac Iva incluido. Los gastos de matriculaci\u00f3n y portes hasta Baleares y Canaria [&hellip;]<\/p>\n","protected":false},"author":1,"featured_media":0,"parent":0,"menu_order":0,"comment_status":"closed","ping_status":"closed","template":"","meta":{"footnotes":""},"class_list":["post-703","page","type-page","status-publish","hentry"],"_links":{"self":[{"href":"https:\/\/motosandresmontoya.com\/index.php?rest_route=\/wp\/v2\/pages\/703","targetHints":{"allow":["GET"]}}],"collection":[{"href":"https:\/\/motosandresmontoya.com\/index.php?rest_route=\/wp\/v2\/pages"}],"about":[{"href":"https:\/\/motosandresmontoya.com\/index.php?rest_route=\/wp\/v2\/types\/page"}],"author":[{"embeddable":true,"href":"https:\/\/motosandresmontoya.com\/index.php?rest_route=\/wp\/v2\/users\/1"}],"replies":[{"embeddable":true,"href":"https:\/\/motosandresmontoya.com\/index.php?rest_route=%2Fwp%2Fv2%2Fcomments&post=703"}],"version-history":[{"count":5,"href":"https:\/\/motosandresmontoya.com\/index.php?rest_route=\/wp\/v2\/pages\/703\/revisions"}],"predecessor-version":[{"id":2324,"href":"https:\/\/motosandresmontoya.com\/index.php?rest_route=\/wp\/v2\/pages\/703\/revisions\/2324"}],"wp:attachment":[{"href":"https:\/\/motosandresmontoya.com\/index.php?rest_route=%2Fwp%2Fv2%2Fmedia&parent=703"}],"curies":[{"name":"wp","href":"https:\/\/api.w.org\/{rel}","templated":true}]}}