{"id":637,"date":"2025-10-09T14:16:26","date_gmt":"2025-10-09T14:16:26","guid":{"rendered":"https:\/\/motosandresmontoya.com\/?page_id=637"},"modified":"2025-11-10T10:57:14","modified_gmt":"2025-11-10T10:57:14","slug":"especificaciones-buck-125","status":"publish","type":"page","link":"https:\/\/motosandresmontoya.com\/?page_id=637","title":{"rendered":"BUCK 125"},"content":{"rendered":"\n<div class=\"wp-block-columns is-layout-flex wp-container-core-columns-is-layout-7387b849 wp-block-columns-is-layout-flex\">\n<div class=\"wp-block-column is-layout-flow wp-block-column-is-layout-flow\">\n<figure class=\"wp-block-gallery has-nested-images columns-default is-cropped wp-block-gallery-1 is-layout-flex wp-block-gallery-is-layout-flex\">\n<figure class=\"wp-block-image size-large\"><img loading=\"lazy\" decoding=\"async\" width=\"866\" height=\"815\" data-id=\"616\" src=\"https:\/\/motosandresmontoya.com\/wp-content\/uploads\/2025\/10\/Captura-de-pantalla-2025-10-09-131223.png\" alt=\"\" class=\"wp-image-616\" srcset=\"https:\/\/motosandresmontoya.com\/wp-content\/uploads\/2025\/10\/Captura-de-pantalla-2025-10-09-131223.png 866w, https:\/\/motosandresmontoya.com\/wp-content\/uploads\/2025\/10\/Captura-de-pantalla-2025-10-09-131223-300x282.png 300w, https:\/\/motosandresmontoya.com\/wp-content\/uploads\/2025\/10\/Captura-de-pantalla-2025-10-09-131223-768x723.png 768w\" sizes=\"auto, (max-width: 866px) 100vw, 866px\" \/><\/figure>\n<\/figure>\n<\/div>\n\n\n\n<div class=\"wp-block-column has-default-color has-text-color has-link-color wp-elements-1 is-layout-flow wp-block-column-is-layout-flow\">\n<h2 class=\"wp-block-heading has-text-align-center\">Fuerza urbana<\/h2>\n\n\n\n<hr class=\"wp-block-separator has-alpha-channel-opacity\"\/>\n\n\n\n<p class=\"wp-block-paragraph\">El Linhai Buck 125<strong> <\/strong>es un scooter robusto y vers\u00e1til, dise\u00f1ado para quienes buscan fiabilidad y funcionalidad diaria. Con motor de 125 cc, suspensi\u00f3n resistente, dise\u00f1o s\u00f3lido y presencia en la calle, ofrece un equilibrio ideal entre rendimiento urbano y capacidad pr\u00e1ctica.<\/p>\n\n\n\n<p class=\"wp-block-paragraph\"><strong>PVPR: 2.690,00\u20ac<br><\/strong><\/p>\n\n\n\n<p class=\"wp-block-paragraph\">Iva incluido. Los gastos de matriculaci\u00f3n y portes hasta Baleares y Canaria no incluidos.<\/p>\n\n\n\n<div class=\"wp-block-buttons is-content-justification-center is-layout-flex wp-container-core-buttons-is-layout-3e41869c wp-block-buttons-is-layout-flex\">\n<div class=\"wp-block-button has-custom-width wp-block-button__width-50\"><a class=\"wp-block-button__link wp-element-button\" href=\"https:\/\/motosandresmontoya.com\/?page_id=615\">Fotos<\/a><\/div>\n<\/div>\n<\/div>\n<\/div>\n\n\n\n<hr class=\"wp-block-separator has-text-color has-default-color has-alpha-channel-opacity has-default-background-color has-background\"\/>\n\n\n\n<h2 class=\"wp-block-heading has-text-align-center has-default-color has-text-color has-link-color wp-elements-2\">Especificaciones<\/h2>\n\n\n\n<div class=\"guten-element guten-tabs guten-hK3V4Z horizontal-center\"><div class=\"tab-heading\"><div class=\"tab-heading-item active\" id=\"tab-sx8RXz\" data-id=\"tab-sx8RXz\"><span>Motor \/ Transmisi\u00f3n<\/span><\/div><div class=\"tab-heading-item\" id=\"tab-gkMnaT\" data-id=\"tab-gkMnaT\"><span>Chasis<\/span><\/div><div class=\"tab-heading-item\" id=\"tab-ZM0Mep\" data-id=\"tab-ZM0Mep\"><span>Dimensiones<\/span><\/div><\/div><div class=\"tab-heading-mobile\"><div class=\"tab-title\"><span>Motor \/ Transmisi\u00f3n<\/span><i class=\"tab-dropdown-icon fas\"><\/i><\/div><div class=\"tab-option\"><div data-id=\"tab-sx8RXz\" class=\"tab-option-item active\"><span>Motor \/ Transmisi\u00f3n<\/span><\/div><div data-id=\"tab-gkMnaT\" class=\"tab-option-item\"><span>Chasis<\/span><\/div><div data-id=\"tab-ZM0Mep\" class=\"tab-option-item\"><span>Dimensiones<\/span><\/div><\/div><\/div><div class=\"tab-body\">\n<div class=\"tab-sx8RXz tab-body-item\" data-id=\"tab-sx8RXz\">\n<p class=\"has-base-color has-text-color has-link-color wp-elements-3 wp-block-paragraph\"><strong>Tipo<\/strong><br>Monocilindrico, 4 tiempos<\/p>\n\n\n\n<p class=\"has-base-color has-text-color has-link-color wp-elements-4 wp-block-paragraph\"><strong>Refrigeraci\u00f3n<\/strong><br>Liquida<\/p>\n\n\n\n<p class=\"has-base-color has-text-color has-link-color wp-elements-5 wp-block-paragraph\"><strong>Cilindrada (cm3)<\/strong><br>125<\/p>\n\n\n\n<p class=\"has-base-color has-text-color has-link-color wp-elements-6 wp-block-paragraph\"><strong>Potencia M\u00e1xima (cv\/rpm)<\/strong><br>11.5\/7800<\/p>\n\n\n\n<p class=\"has-base-color has-text-color has-link-color wp-elements-7 wp-block-paragraph\"><strong>Potencia M\u00e1xima (kW\/rpm)<\/strong><br>8.5\/7800<\/p>\n\n\n\n<p class=\"has-base-color has-text-color has-link-color wp-elements-8 wp-block-paragraph\"><strong>Carrera x Di\u00e1metro (mm)<\/strong><br>58.6\u00d752.2<\/p>\n\n\n\n<p class=\"has-base-color has-text-color has-link-color wp-elements-9 wp-block-paragraph\"><strong>Alimentaci\u00f3n<\/strong><br>EFI<\/p>\n\n\n\n<p class=\"has-base-color has-text-color has-link-color wp-elements-10 wp-block-paragraph\"><strong>Sistema de Arranque<\/strong><br>El\u00e9ctrico<\/p>\n\n\n\n<p class=\"has-base-color has-text-color has-link-color wp-elements-11 wp-block-paragraph\"><strong>Caja de Cambios<\/strong><br>Autom\u00e1tico<\/p>\n\n\n\n<p class=\"has-base-color has-text-color has-link-color wp-elements-12 wp-block-paragraph\"><strong>Sistema de Transmisi\u00f3n<\/strong><br>Variador<\/p>\n<\/div>\n\n\n\n<div class=\"tab-gkMnaT tab-body-item\" data-id=\"tab-gkMnaT\">\n<p class=\"has-text-align-center has-base-color has-text-color has-link-color wp-elements-13 wp-block-paragraph\"><strong>Suspensi\u00f3n Delantera<\/strong><br>Horquilla telesc\u00f3pica, Amortiguaci\u00f3n hidr\u00e1ulica<\/p>\n\n\n\n<p class=\"has-text-align-center has-base-color has-text-color has-link-color wp-elements-14 wp-block-paragraph\"><strong>Suspensi\u00f3n Trasera<\/strong><br>Amortiguador \u00danico<\/p>\n\n\n\n<p class=\"has-text-align-center has-base-color has-text-color has-link-color wp-elements-15 wp-block-paragraph\"><strong>Freno Delantero<\/strong><br>Disco 267mm<\/p>\n\n\n\n<p class=\"has-text-align-center has-base-color has-text-color has-link-color wp-elements-16 wp-block-paragraph\"><strong>Freno Trasero<\/strong><br>Disco 245mm<\/p>\n\n\n\n<p class=\"has-text-align-center has-base-color has-text-color has-link-color wp-elements-17 wp-block-paragraph\"><strong>Frenado Combinado<br><\/strong>S\u00ed<\/p>\n\n\n\n<p class=\"has-text-align-center has-base-color has-text-color has-link-color wp-elements-18 wp-block-paragraph\"><strong>Neum\u00e1tico Delantero<\/strong><br>120\/70-13<\/p>\n\n\n\n<p class=\"has-text-align-center has-base-color has-text-color has-link-color wp-elements-19 wp-block-paragraph\"><strong>Neum\u00e1tico Trasero<\/strong><br>130\/70-13<\/p>\n<\/div>\n\n\n\n<div class=\"tab-ZM0Mep tab-body-item\" data-id=\"tab-ZM0Mep\">\n<p class=\"has-text-align-right has-base-color has-text-color has-link-color wp-elements-20 wp-block-paragraph\"><strong>Longitud (mm)<\/strong><br>1975<\/p>\n\n\n\n<p class=\"has-text-align-right has-base-color has-text-color has-link-color wp-elements-21 wp-block-paragraph\"><strong>Anchura (mm)<\/strong><br>715<\/p>\n\n\n\n<p class=\"has-text-align-right has-base-color has-text-color has-link-color wp-elements-22 wp-block-paragraph\"><strong>Altura (mm)<\/strong><br>1135<\/p>\n\n\n\n<p class=\"has-text-align-right has-base-color has-text-color has-link-color wp-elements-23 wp-block-paragraph\"><strong>Distancia entre ejes (mm)<\/strong><br>1410<\/p>\n\n\n\n<p class=\"has-text-align-right has-base-color has-text-color has-link-color wp-elements-24 wp-block-paragraph\"><strong>Altura del asiento (mm)<\/strong><br>830<\/p>\n\n\n\n<p class=\"has-text-align-right has-base-color has-text-color has-link-color wp-elements-25 wp-block-paragraph\"><strong>Altura desde el suelo (mm)<\/strong><br>180<\/p>\n\n\n\n<p class=\"has-text-align-right has-base-color has-text-color has-link-color wp-elements-26 wp-block-paragraph\"><strong>Peso (kg)<\/strong><br>146<\/p>\n\n\n\n<p class=\"has-text-align-right has-base-color has-text-color has-link-color wp-elements-27 wp-block-paragraph\"><strong>Capacidad Combustible (l)<\/strong><br>7<\/p>\n<\/div>\n<\/div><\/div>\n","protected":false},"excerpt":{"rendered":"<p>Fuerza urbana El Linhai Buck 125 es un scooter robusto y vers\u00e1til, dise\u00f1ado para quienes buscan fiabilidad y funcionalidad diaria. Con motor de 125 cc, suspensi\u00f3n resistente, dise\u00f1o s\u00f3lido y presencia en la calle, ofrece un equilibrio ideal entre rendimiento urbano y capacidad pr\u00e1ctica. PVPR: 2.690,00\u20ac Iva incluido. Los gastos de matriculaci\u00f3n y portes hasta [&hellip;]<\/p>\n","protected":false},"author":1,"featured_media":0,"parent":0,"menu_order":0,"comment_status":"closed","ping_status":"closed","template":"","meta":{"footnotes":""},"class_list":["post-637","page","type-page","status-publish","hentry"],"_links":{"self":[{"href":"https:\/\/motosandresmontoya.com\/index.php?rest_route=\/wp\/v2\/pages\/637","targetHints":{"allow":["GET"]}}],"collection":[{"href":"https:\/\/motosandresmontoya.com\/index.php?rest_route=\/wp\/v2\/pages"}],"about":[{"href":"https:\/\/motosandresmontoya.com\/index.php?rest_route=\/wp\/v2\/types\/page"}],"author":[{"embeddable":true,"href":"https:\/\/motosandresmontoya.com\/index.php?rest_route=\/wp\/v2\/users\/1"}],"replies":[{"embeddable":true,"href":"https:\/\/motosandresmontoya.com\/index.php?rest_route=%2Fwp%2Fv2%2Fcomments&post=637"}],"version-history":[{"count":6,"href":"https:\/\/motosandresmontoya.com\/index.php?rest_route=\/wp\/v2\/pages\/637\/revisions"}],"predecessor-version":[{"id":2283,"href":"https:\/\/motosandresmontoya.com\/index.php?rest_route=\/wp\/v2\/pages\/637\/revisions\/2283"}],"wp:attachment":[{"href":"https:\/\/motosandresmontoya.com\/index.php?rest_route=%2Fwp%2Fv2%2Fmedia&parent=637"}],"curies":[{"name":"wp","href":"https:\/\/api.w.org\/{rel}","templated":true}]}}