{"id":581,"date":"2025-10-09T09:14:34","date_gmt":"2025-10-09T09:14:34","guid":{"rendered":"https:\/\/motosandresmontoya.com\/?page_id=581"},"modified":"2025-11-10T10:55:00","modified_gmt":"2025-11-10T10:55:00","slug":"especificaciones-rt-3s","status":"publish","type":"page","link":"https:\/\/motosandresmontoya.com\/?page_id=581","title":{"rendered":"RT 3S"},"content":{"rendered":"\n<div class=\"wp-block-columns is-layout-flex wp-container-core-columns-is-layout-7387b849 wp-block-columns-is-layout-flex\">\n<div class=\"wp-block-column is-layout-flow wp-block-column-is-layout-flow\">\n<figure class=\"wp-block-gallery has-nested-images columns-default is-cropped wp-block-gallery-1 is-layout-flex wp-block-gallery-is-layout-flex\">\n<figure class=\"wp-block-image size-large\"><img loading=\"lazy\" decoding=\"async\" width=\"949\" height=\"865\" data-id=\"570\" src=\"https:\/\/motosandresmontoya.com\/wp-content\/uploads\/2025\/10\/Captura-de-pantalla-2025-10-09-105043.png\" alt=\"\" class=\"wp-image-570\" srcset=\"https:\/\/motosandresmontoya.com\/wp-content\/uploads\/2025\/10\/Captura-de-pantalla-2025-10-09-105043.png 949w, https:\/\/motosandresmontoya.com\/wp-content\/uploads\/2025\/10\/Captura-de-pantalla-2025-10-09-105043-300x273.png 300w, https:\/\/motosandresmontoya.com\/wp-content\/uploads\/2025\/10\/Captura-de-pantalla-2025-10-09-105043-768x700.png 768w\" sizes=\"auto, (max-width: 949px) 100vw, 949px\" \/><\/figure>\n<\/figure>\n<\/div>\n\n\n\n<div class=\"wp-block-column has-default-color has-text-color has-link-color wp-elements-1 is-layout-flow wp-block-column-is-layout-flow\">\n<h2 class=\"wp-block-heading has-text-align-center\">Domina la Calle<\/h2>\n\n\n\n<hr class=\"wp-block-separator has-alpha-channel-opacity\"\/>\n\n\n\n<p class=\"wp-block-paragraph\">El Cyclone RT 3S representa un paso adelante en movilidad urbana: motor 150 cc, dise\u00f1o deportivo agresivo, tecnolog\u00eda de vanguardia y caracter\u00edsticas premium como freno ABS y \u00f3pticas LED. Para quienes no solo quieren moverse, sino destacar con control y presencia.<\/p>\n\n\n\n<p class=\"wp-block-paragraph\"><strong>PVPR: <em>4.370,00 \u20ac<\/em><\/strong><\/p>\n\n\n\n<p class=\"wp-block-paragraph\">Iva incluido. Los gastos de matriculaci\u00f3n y portes hasta Baleares y Canaria no incluidos.<\/p>\n\n\n\n<div class=\"wp-block-buttons is-content-justification-center is-layout-flex wp-container-core-buttons-is-layout-3e41869c wp-block-buttons-is-layout-flex\">\n<div class=\"wp-block-button has-custom-width wp-block-button__width-50\"><a class=\"wp-block-button__link wp-element-button\" href=\"https:\/\/motosandresmontoya.com\/?page_id=569\">Fotos<\/a><\/div>\n<\/div>\n<\/div>\n<\/div>\n\n\n\n<hr class=\"wp-block-separator has-text-color has-default-color has-alpha-channel-opacity has-default-background-color has-background\"\/>\n\n\n\n<h2 class=\"wp-block-heading has-text-align-center has-default-color has-text-color has-link-color wp-elements-2\">Especificaciones<\/h2>\n\n\n\n<div class=\"guten-element guten-tabs guten-4RpHN7 horizontal-center\"><div class=\"tab-heading\"><div class=\"tab-heading-item active\" id=\"tab-9PpfTC\" data-id=\"tab-9PpfTC\"><span>Motores<\/span><\/div><div class=\"tab-heading-item\" id=\"tab-AAvG7a\" data-id=\"tab-AAvG7a\"><span>Parte Ciclo<\/span><\/div><\/div><div class=\"tab-heading-mobile\"><div class=\"tab-title\"><span>Motores<\/span><i class=\"tab-dropdown-icon fas\"><\/i><\/div><div class=\"tab-option\"><div data-id=\"tab-9PpfTC\" class=\"tab-option-item active\"><span>Motores<\/span><\/div><div data-id=\"tab-AAvG7a\" class=\"tab-option-item\"><span>Parte Ciclo<\/span><\/div><\/div><\/div><div class=\"tab-body\">\n<div class=\"tab-9PpfTC tab-body-item\" data-id=\"tab-9PpfTC\">\n<p class=\"has-base-color has-text-color has-link-color wp-elements-3 wp-block-paragraph\"><strong>Tipo \/ Cilindrada<\/strong><\/p>\n\n\n\n<p class=\"has-base-color has-text-color has-link-color wp-elements-4 wp-block-paragraph\">4T \/ 289 cc<\/p>\n\n\n\n<p class=\"has-base-color has-text-color has-link-color wp-elements-5 wp-block-paragraph\"><strong>Distribuci\u00f3n<\/strong><\/p>\n\n\n\n<p class=\"has-base-color has-text-color has-link-color wp-elements-6 wp-block-paragraph\">Cadena \/ DOHC<\/p>\n\n\n\n<p class=\"has-base-color has-text-color has-link-color wp-elements-7 wp-block-paragraph\"><strong>N\u00ba Cilindros<\/strong><\/p>\n\n\n\n<p class=\"has-base-color has-text-color has-link-color wp-elements-8 wp-block-paragraph\">1<\/p>\n\n\n\n<p class=\"has-base-color has-text-color has-link-color wp-elements-9 wp-block-paragraph\"><strong>N\u00ba de V\u00e1lvulas<\/strong><\/p>\n\n\n\n<p class=\"has-base-color has-text-color has-link-color wp-elements-10 wp-block-paragraph\">4<\/p>\n\n\n\n<p class=\"has-base-color has-text-color has-link-color wp-elements-11 wp-block-paragraph\"><strong>Alimentaci\u00f3n<\/strong><\/p>\n\n\n\n<p class=\"has-base-color has-text-color has-link-color wp-elements-12 wp-block-paragraph\">Inyecci\u00f3n electr\u00f3nica<\/p>\n\n\n\n<p class=\"has-base-color has-text-color has-link-color wp-elements-13 wp-block-paragraph\"><strong>Refrigeraci\u00f3n<\/strong><\/p>\n\n\n\n<p class=\"has-base-color has-text-color has-link-color wp-elements-14 wp-block-paragraph\">L\u00edquida<\/p>\n\n\n\n<p class=\"has-base-color has-text-color has-link-color wp-elements-15 wp-block-paragraph\"><strong>Di\u00e1metro x Carrera<\/strong><\/p>\n\n\n\n<p class=\"has-base-color has-text-color has-link-color wp-elements-16 wp-block-paragraph\">77 x 62 mm<\/p>\n\n\n\n<p class=\"has-base-color has-text-color has-link-color wp-elements-17 wp-block-paragraph\"><strong>CV<\/strong><\/p>\n\n\n\n<p class=\"has-base-color has-text-color has-link-color wp-elements-18 wp-block-paragraph\">24<\/p>\n\n\n\n<p class=\"has-base-color has-text-color has-link-color wp-elements-19 wp-block-paragraph\"><strong>Potencia M\u00e1xima (KW\/RPM)<\/strong><\/p>\n\n\n\n<p class=\"has-base-color has-text-color has-link-color wp-elements-20 wp-block-paragraph\">17,6 KW \/ 7000 rpm<\/p>\n\n\n\n<p class=\"has-base-color has-text-color has-link-color wp-elements-21 wp-block-paragraph\"><strong>PAR M\u00e1xima (NM\/RPM)<\/strong><\/p>\n\n\n\n<p class=\"has-base-color has-text-color has-link-color wp-elements-22 wp-block-paragraph\">24,5 Nm \/ 6750 rpm<\/p>\n\n\n\n<p class=\"has-base-color has-text-color has-link-color wp-elements-23 wp-block-paragraph\"><strong>Normativa Euro<\/strong><\/p>\n\n\n\n<p class=\"has-base-color has-text-color has-link-color wp-elements-24 wp-block-paragraph\">Euro 5+<\/p>\n\n\n\n<p class=\"has-base-color has-text-color has-link-color wp-elements-25 wp-block-paragraph\"><strong>Transmisi\u00f3n Primaria \/ N\u00ba Marchas<\/strong><\/p>\n\n\n\n<p class=\"has-base-color has-text-color has-link-color wp-elements-26 wp-block-paragraph\">CVT Autom\u00e1tico<\/p>\n\n\n\n<p class=\"has-base-color has-text-color has-link-color wp-elements-27 wp-block-paragraph\"><strong>Transmisi\u00f3n Secundaria<\/strong><\/p>\n\n\n\n<p class=\"has-base-color has-text-color has-link-color wp-elements-28 wp-block-paragraph\">Engranajes<\/p>\n\n\n\n<p class=\"has-base-color has-text-color has-link-color wp-elements-29 wp-block-paragraph\"><strong>Embrague<\/strong><\/p>\n\n\n\n<p class=\"has-base-color has-text-color has-link-color wp-elements-30 wp-block-paragraph\">Correa con embrague centr\u00edfugo<\/p>\n<\/div>\n\n\n\n<div class=\"tab-AAvG7a tab-body-item\" data-id=\"tab-AAvG7a\">\n<p class=\"has-text-align-right has-base-color has-text-color has-link-color wp-elements-31 wp-block-paragraph\"><strong>Chasis<\/strong><\/p>\n\n\n\n<p class=\"has-text-align-right has-base-color has-text-color has-link-color wp-elements-32 wp-block-paragraph\">Doble cuna de acero<\/p>\n\n\n\n<p class=\"has-text-align-right has-base-color has-text-color has-link-color wp-elements-33 wp-block-paragraph\"><strong>Suspensi\u00f3n Delantera<\/strong><\/p>\n\n\n\n<p class=\"has-text-align-right has-base-color has-text-color has-link-color wp-elements-34 wp-block-paragraph\">Horquilla hidr\u00e1ulica con barras de 35 mm y recorrido 120 mm<\/p>\n\n\n\n<p class=\"has-text-align-right has-base-color has-text-color has-link-color wp-elements-35 wp-block-paragraph\"><strong>Suspensi\u00f3n Trasera<\/strong><\/p>\n\n\n\n<p class=\"has-text-align-right has-base-color has-text-color has-link-color wp-elements-36 wp-block-paragraph\">Amortiguador regulable en precarga con 90 mm de recorrido<\/p>\n\n\n\n<p class=\"has-text-align-right has-base-color has-text-color has-link-color wp-elements-37 wp-block-paragraph\"><strong>Freno Delantero<\/strong><\/p>\n\n\n\n<p class=\"has-text-align-right has-base-color has-text-color has-link-color wp-elements-38 wp-block-paragraph\">Disco de 270 mm con pinza de 2 pistones y ABS<\/p>\n\n\n\n<p class=\"has-text-align-right has-base-color has-text-color has-link-color wp-elements-39 wp-block-paragraph\"><strong>Freno Trasero<\/strong><\/p>\n\n\n\n<p class=\"has-text-align-right has-base-color has-text-color has-link-color wp-elements-40 wp-block-paragraph\">Disco de 220 mm con pinza de 2 pistones y ABS<\/p>\n\n\n\n<p class=\"has-text-align-right has-base-color has-text-color has-link-color wp-elements-41 wp-block-paragraph\"><strong>Rueda Delantera<\/strong><\/p>\n\n\n\n<p class=\"has-text-align-right has-base-color has-text-color has-link-color wp-elements-42 wp-block-paragraph\">120\/70 -15<\/p>\n\n\n\n<p class=\"has-text-align-right has-base-color has-text-color has-link-color wp-elements-43 wp-block-paragraph\"><strong>Rueda Trasera<\/strong><\/p>\n\n\n\n<p class=\"has-text-align-right has-base-color has-text-color has-link-color wp-elements-44 wp-block-paragraph\">140\/60 &#8211; 14<\/p>\n\n\n\n<p class=\"has-text-align-right has-base-color has-text-color has-link-color wp-elements-45 wp-block-paragraph\"><strong>Distancia entre Ejes<\/strong><\/p>\n\n\n\n<p class=\"has-text-align-right has-base-color has-text-color has-link-color wp-elements-46 wp-block-paragraph\">1525 mm<\/p>\n\n\n\n<p class=\"has-text-align-right has-base-color has-text-color has-link-color wp-elements-47 wp-block-paragraph\"><strong>Altura de Asiento<\/strong><\/p>\n\n\n\n<p class=\"has-text-align-right has-base-color has-text-color has-link-color wp-elements-48 wp-block-paragraph\">765 mm<\/p>\n\n\n\n<p class=\"has-text-align-right has-base-color has-text-color has-link-color wp-elements-49 wp-block-paragraph\"><strong>Capacidad dep\u00f3sito Combustible<\/strong><\/p>\n\n\n\n<p class=\"has-text-align-right has-base-color has-text-color has-link-color wp-elements-50 wp-block-paragraph\">17L<\/p>\n\n\n\n<p class=\"has-text-align-right has-base-color has-text-color has-link-color wp-elements-51 wp-block-paragraph\"><strong>Peso<\/strong><\/p>\n\n\n\n<p class=\"has-text-align-right has-base-color has-text-color has-link-color wp-elements-52 wp-block-paragraph\">201 kg<\/p>\n<\/div>\n<\/div><\/div>\n","protected":false},"excerpt":{"rendered":"<p>Domina la Calle El Cyclone RT 3S representa un paso adelante en movilidad urbana: motor 150 cc, dise\u00f1o deportivo agresivo, tecnolog\u00eda de vanguardia y caracter\u00edsticas premium como freno ABS y \u00f3pticas LED. Para quienes no solo quieren moverse, sino destacar con control y presencia. PVPR: 4.370,00 \u20ac Iva incluido. Los gastos de matriculaci\u00f3n y portes [&hellip;]<\/p>\n","protected":false},"author":1,"featured_media":0,"parent":0,"menu_order":0,"comment_status":"closed","ping_status":"closed","template":"","meta":{"footnotes":""},"class_list":["post-581","page","type-page","status-publish","hentry"],"_links":{"self":[{"href":"https:\/\/motosandresmontoya.com\/index.php?rest_route=\/wp\/v2\/pages\/581","targetHints":{"allow":["GET"]}}],"collection":[{"href":"https:\/\/motosandresmontoya.com\/index.php?rest_route=\/wp\/v2\/pages"}],"about":[{"href":"https:\/\/motosandresmontoya.com\/index.php?rest_route=\/wp\/v2\/types\/page"}],"author":[{"embeddable":true,"href":"https:\/\/motosandresmontoya.com\/index.php?rest_route=\/wp\/v2\/users\/1"}],"replies":[{"embeddable":true,"href":"https:\/\/motosandresmontoya.com\/index.php?rest_route=%2Fwp%2Fv2%2Fcomments&post=581"}],"version-history":[{"count":7,"href":"https:\/\/motosandresmontoya.com\/index.php?rest_route=\/wp\/v2\/pages\/581\/revisions"}],"predecessor-version":[{"id":2280,"href":"https:\/\/motosandresmontoya.com\/index.php?rest_route=\/wp\/v2\/pages\/581\/revisions\/2280"}],"wp:attachment":[{"href":"https:\/\/motosandresmontoya.com\/index.php?rest_route=%2Fwp%2Fv2%2Fmedia&parent=581"}],"curies":[{"name":"wp","href":"https:\/\/api.w.org\/{rel}","templated":true}]}}