{"id":544,"date":"2025-10-09T08:29:34","date_gmt":"2025-10-09T08:29:34","guid":{"rendered":"https:\/\/motosandresmontoya.com\/?page_id=544"},"modified":"2025-10-24T08:26:51","modified_gmt":"2025-10-24T08:26:51","slug":"rt-2","status":"publish","type":"page","link":"https:\/\/motosandresmontoya.com\/?page_id=544","title":{"rendered":"RT 2"},"content":{"rendered":"\n<div class=\"wp-block-columns is-layout-flex wp-container-core-columns-is-layout-7387b849 wp-block-columns-is-layout-flex\">\n<div class=\"wp-block-column is-layout-flow wp-block-column-is-layout-flow\">\n<figure class=\"wp-block-gallery has-nested-images columns-default is-cropped wp-block-gallery-1 is-layout-flex wp-block-gallery-is-layout-flex\">\n<figure class=\"wp-block-image size-large\"><img loading=\"lazy\" decoding=\"async\" width=\"973\" height=\"824\" data-id=\"545\" src=\"https:\/\/motosandresmontoya.com\/wp-content\/uploads\/2025\/10\/Captura-de-pantalla-2025-10-09-101957.png\" alt=\"\" class=\"wp-image-545\" srcset=\"https:\/\/motosandresmontoya.com\/wp-content\/uploads\/2025\/10\/Captura-de-pantalla-2025-10-09-101957.png 973w, https:\/\/motosandresmontoya.com\/wp-content\/uploads\/2025\/10\/Captura-de-pantalla-2025-10-09-101957-300x254.png 300w, https:\/\/motosandresmontoya.com\/wp-content\/uploads\/2025\/10\/Captura-de-pantalla-2025-10-09-101957-768x650.png 768w\" sizes=\"auto, (max-width: 973px) 100vw, 973px\" \/><\/figure>\n<\/figure>\n<\/div>\n\n\n\n<div class=\"wp-block-column has-default-color has-text-color has-link-color wp-elements-1 is-layout-flow wp-block-column-is-layout-flow\">\n<h2 class=\"wp-block-heading has-text-align-center\">Potencia en Ciudad<\/h2>\n\n\n\n<hr class=\"wp-block-separator has-alpha-channel-opacity\"\/>\n\n\n\n<p class=\"wp-block-paragraph\">El Cyclone RT2 eleva la experiencia urbana con su motor de 125 cc, dise\u00f1o agresivo y tecnolog\u00eda avanzada. Es la opci\u00f3n ideal para quien demanda estilo, rendimiento y seguridad en cada trayecto.<\/p>\n\n\n\n<p class=\"wp-block-paragraph\"><strong>PVPR: 3.895,00 \u20ac<\/strong><\/p>\n\n\n\n<p class=\"wp-block-paragraph\">Iva incluido. Los gastos de matriculaci\u00f3n no incluidos.<\/p>\n\n\n\n<div class=\"wp-block-buttons is-content-justification-center is-layout-flex wp-container-core-buttons-is-layout-3e41869c wp-block-buttons-is-layout-flex\">\n<div class=\"wp-block-button has-custom-width wp-block-button__width-50\"><a class=\"wp-block-button__link wp-element-button\" href=\"https:\/\/motosandresmontoya.com\/?page_id=558\">Especificaciones<\/a><\/div>\n<\/div>\n<\/div>\n<\/div>\n\n\n\n<hr class=\"wp-block-separator has-text-color has-default-color has-alpha-channel-opacity has-default-background-color has-background\"\/>\n\n\n\n<h2 class=\"wp-block-heading has-text-align-center has-default-color has-text-color has-link-color wp-elements-2\">Detalles<\/h2>\n\n\n\n<figure class=\"wp-block-gallery has-nested-images columns-default is-cropped wp-block-gallery-2 is-layout-flex wp-block-gallery-is-layout-flex\">\n<figure class=\"wp-block-image size-large\"><img loading=\"lazy\" decoding=\"async\" width=\"900\" height=\"600\" data-id=\"546\" src=\"https:\/\/motosandresmontoya.com\/wp-content\/uploads\/2025\/10\/rt2-asiento.webp\" alt=\"\" class=\"wp-image-546\" srcset=\"https:\/\/motosandresmontoya.com\/wp-content\/uploads\/2025\/10\/rt2-asiento.webp 900w, https:\/\/motosandresmontoya.com\/wp-content\/uploads\/2025\/10\/rt2-asiento-300x200.webp 300w, https:\/\/motosandresmontoya.com\/wp-content\/uploads\/2025\/10\/rt2-asiento-768x512.webp 768w\" sizes=\"auto, (max-width: 900px) 100vw, 900px\" \/><\/figure>\n\n\n\n<figure class=\"wp-block-image size-large\"><img loading=\"lazy\" decoding=\"async\" width=\"900\" height=\"600\" data-id=\"547\" src=\"https:\/\/motosandresmontoya.com\/wp-content\/uploads\/2025\/10\/rt2-frenos.webp\" alt=\"\" class=\"wp-image-547\" srcset=\"https:\/\/motosandresmontoya.com\/wp-content\/uploads\/2025\/10\/rt2-frenos.webp 900w, https:\/\/motosandresmontoya.com\/wp-content\/uploads\/2025\/10\/rt2-frenos-300x200.webp 300w, https:\/\/motosandresmontoya.com\/wp-content\/uploads\/2025\/10\/rt2-frenos-768x512.webp 768w\" sizes=\"auto, (max-width: 900px) 100vw, 900px\" \/><\/figure>\n\n\n\n<figure class=\"wp-block-image size-large\"><img loading=\"lazy\" decoding=\"async\" width=\"900\" height=\"600\" data-id=\"548\" src=\"https:\/\/motosandresmontoya.com\/wp-content\/uploads\/2025\/10\/rt2-led.webp\" alt=\"\" class=\"wp-image-548\" srcset=\"https:\/\/motosandresmontoya.com\/wp-content\/uploads\/2025\/10\/rt2-led.webp 900w, https:\/\/motosandresmontoya.com\/wp-content\/uploads\/2025\/10\/rt2-led-300x200.webp 300w, https:\/\/motosandresmontoya.com\/wp-content\/uploads\/2025\/10\/rt2-led-768x512.webp 768w\" sizes=\"auto, (max-width: 900px) 100vw, 900px\" \/><\/figure>\n<\/figure>\n\n\n\n<hr class=\"wp-block-separator has-text-color has-default-color has-alpha-channel-opacity has-default-background-color has-background\"\/>\n\n\n\n<h2 class=\"wp-block-heading has-text-align-center has-default-color has-text-color has-link-color wp-elements-3\">Modelos Parecidos<\/h2>\n\n\n\n<figure class=\"wp-block-gallery has-nested-images columns-default is-cropped wp-block-gallery-3 is-layout-flex wp-block-gallery-is-layout-flex\">\n<figure class=\"wp-block-image size-large\"><a href=\"https:\/\/motosandresmontoya.com\/?page_id=500\"><img loading=\"lazy\" decoding=\"async\" width=\"1024\" height=\"531\" data-id=\"173\" src=\"https:\/\/motosandresmontoya.com\/wp-content\/uploads\/2025\/10\/Captura-de-pantalla-2025-10-06-163552-1024x531.png\" alt=\"\" class=\"wp-image-173\" srcset=\"https:\/\/motosandresmontoya.com\/wp-content\/uploads\/2025\/10\/Captura-de-pantalla-2025-10-06-163552-1024x531.png 1024w, https:\/\/motosandresmontoya.com\/wp-content\/uploads\/2025\/10\/Captura-de-pantalla-2025-10-06-163552-300x155.png 300w, https:\/\/motosandresmontoya.com\/wp-content\/uploads\/2025\/10\/Captura-de-pantalla-2025-10-06-163552-768x398.png 768w, https:\/\/motosandresmontoya.com\/wp-content\/uploads\/2025\/10\/Captura-de-pantalla-2025-10-06-163552.png 1206w\" sizes=\"auto, (max-width: 1024px) 100vw, 1024px\" \/><\/a><figcaption class=\"wp-element-caption\"><mark style=\"background-color:rgba(0, 0, 0, 0)\" class=\"has-inline-color has-primary-color\">RT 1<\/mark><\/figcaption><\/figure>\n\n\n\n<figure class=\"wp-block-image size-full\"><a href=\"https:\/\/motosandresmontoya.com\/?page_id=569\"><img loading=\"lazy\" decoding=\"async\" width=\"693\" height=\"490\" data-id=\"174\" src=\"https:\/\/motosandresmontoya.com\/wp-content\/uploads\/2025\/10\/Captura-de-pantalla-2025-10-06-163113.png\" alt=\"\" class=\"wp-image-174\" srcset=\"https:\/\/motosandresmontoya.com\/wp-content\/uploads\/2025\/10\/Captura-de-pantalla-2025-10-06-163113.png 693w, https:\/\/motosandresmontoya.com\/wp-content\/uploads\/2025\/10\/Captura-de-pantalla-2025-10-06-163113-300x212.png 300w\" sizes=\"auto, (max-width: 693px) 100vw, 693px\" \/><\/a><figcaption class=\"wp-element-caption\"><mark style=\"background-color:rgba(0, 0, 0, 0)\" class=\"has-inline-color has-primary-color\">RT 3S<\/mark><\/figcaption><\/figure>\n<\/figure>\n\n\n\n<p class=\"wp-block-paragraph\"><\/p>\n","protected":false},"excerpt":{"rendered":"<p>Potencia en Ciudad El Cyclone RT2 eleva la experiencia urbana con su motor de 125 cc, dise\u00f1o agresivo y tecnolog\u00eda avanzada. Es la opci\u00f3n ideal para quien demanda estilo, rendimiento y seguridad en cada trayecto. PVPR: 3.895,00 \u20ac Iva incluido. Los gastos de matriculaci\u00f3n no incluidos. Detalles Modelos Parecidos<\/p>\n","protected":false},"author":1,"featured_media":0,"parent":0,"menu_order":0,"comment_status":"closed","ping_status":"closed","template":"","meta":{"footnotes":""},"class_list":["post-544","page","type-page","status-publish","hentry"],"_links":{"self":[{"href":"https:\/\/motosandresmontoya.com\/index.php?rest_route=\/wp\/v2\/pages\/544","targetHints":{"allow":["GET"]}}],"collection":[{"href":"https:\/\/motosandresmontoya.com\/index.php?rest_route=\/wp\/v2\/pages"}],"about":[{"href":"https:\/\/motosandresmontoya.com\/index.php?rest_route=\/wp\/v2\/types\/page"}],"author":[{"embeddable":true,"href":"https:\/\/motosandresmontoya.com\/index.php?rest_route=\/wp\/v2\/users\/1"}],"replies":[{"embeddable":true,"href":"https:\/\/motosandresmontoya.com\/index.php?rest_route=%2Fwp%2Fv2%2Fcomments&post=544"}],"version-history":[{"count":10,"href":"https:\/\/motosandresmontoya.com\/index.php?rest_route=\/wp\/v2\/pages\/544\/revisions"}],"predecessor-version":[{"id":1698,"href":"https:\/\/motosandresmontoya.com\/index.php?rest_route=\/wp\/v2\/pages\/544\/revisions\/1698"}],"wp:attachment":[{"href":"https:\/\/motosandresmontoya.com\/index.php?rest_route=%2Fwp%2Fv2%2Fmedia&parent=544"}],"curies":[{"name":"wp","href":"https:\/\/api.w.org\/{rel}","templated":true}]}}