{"id":469,"date":"2025-10-08T15:42:12","date_gmt":"2025-10-08T15:42:12","guid":{"rendered":"https:\/\/motosandresmontoya.com\/?page_id=469"},"modified":"2025-11-10T10:50:52","modified_gmt":"2025-11-10T10:50:52","slug":"especificaciones-chill-50","status":"publish","type":"page","link":"https:\/\/motosandresmontoya.com\/?page_id=469","title":{"rendered":"CHILL 50"},"content":{"rendered":"\n<div class=\"wp-block-columns is-layout-flex wp-container-core-columns-is-layout-7387b849 wp-block-columns-is-layout-flex\">\n<div class=\"wp-block-column is-layout-flow wp-block-column-is-layout-flow\">\n<figure class=\"wp-block-gallery has-nested-images columns-default is-cropped wp-block-gallery-1 is-layout-flex wp-block-gallery-is-layout-flex\">\n<figure class=\"wp-block-image size-large\"><img loading=\"lazy\" decoding=\"async\" width=\"592\" height=\"592\" data-id=\"416\" src=\"https:\/\/motosandresmontoya.com\/wp-content\/uploads\/2025\/10\/Captura-de-pantalla-2025-10-08-135238.png\" alt=\"\" class=\"wp-image-416\" srcset=\"https:\/\/motosandresmontoya.com\/wp-content\/uploads\/2025\/10\/Captura-de-pantalla-2025-10-08-135238.png 592w, https:\/\/motosandresmontoya.com\/wp-content\/uploads\/2025\/10\/Captura-de-pantalla-2025-10-08-135238-300x300.png 300w, https:\/\/motosandresmontoya.com\/wp-content\/uploads\/2025\/10\/Captura-de-pantalla-2025-10-08-135238-150x150.png 150w\" sizes=\"auto, (max-width: 592px) 100vw, 592px\" \/><\/figure>\n<\/figure>\n<\/div>\n\n\n\n<div class=\"wp-block-column is-layout-flow wp-block-column-is-layout-flow\">\n<h4 class=\"wp-block-heading has-text-align-center has-default-color has-text-color has-link-color wp-elements-1\">\u00a1Mu\u00e9vete con Estilo<\/h4>\n\n\n\n<hr class=\"wp-block-separator has-text-color has-default-color has-alpha-channel-opacity has-default-background-color has-background\"\/>\n\n\n\n<p class=\"has-default-color has-text-color has-link-color wp-elements-2 wp-block-paragraph\">El UM Chill 50 combina dise\u00f1o cl\u00e1sico y esp\u00edritu urbano en un scooter \u00e1gil, econ\u00f3mico y lleno de personalidad. Ideal para moverse por la ciudad con estilo, ofrece bajo consumo, f\u00e1cil manejo y una est\u00e9tica que destaca entre el trafico.<\/p>\n\n\n\n<blockquote class=\"wp-block-quote is-layout-flow wp-block-quote-is-layout-flow\">\n<p class=\"has-default-color has-text-color has-link-color wp-elements-3 wp-block-paragraph\"><strong>PVPR: 2.090,00\u20ac<\/strong><\/p>\n\n\n\n<p class=\"has-default-color has-text-color has-link-color wp-elements-4 wp-block-paragraph\">Iva incluido. Los gastos de matriculaci\u00f3n y portes hasta Baleares y Canaria no incluidos.<\/p>\n<\/blockquote>\n\n\n\n<div class=\"wp-block-buttons is-content-justification-center is-layout-flex wp-container-core-buttons-is-layout-3e41869c wp-block-buttons-is-layout-flex\">\n<div class=\"wp-block-button has-custom-width wp-block-button__width-50 is-style-fill\"><a class=\"wp-block-button__link has-text-align-center wp-element-button\" href=\"https:\/\/motosandresmontoya.com\/?page_id=379\">Fotos<\/a><\/div>\n<\/div>\n<\/div>\n<\/div>\n\n\n\n<h2 class=\"wp-block-heading has-text-align-center\"><mark style=\"background-color:rgba(0, 0, 0, 0)\" class=\"has-inline-color has-default-color\">Especificaciones<\/mark><\/h2>\n\n\n\n<div class=\"guten-element guten-tabs guten-ZNSnK0 horizontal-center\"><div class=\"tab-heading\"><div class=\"tab-heading-item active\" id=\"tab-hN3FRn\" data-id=\"tab-hN3FRn\"><span>Motor\/Transmisi\u00f3n<\/span><\/div><div class=\"tab-heading-item\" id=\"tab-pUGVkL\" data-id=\"tab-pUGVkL\"><span>Suspensi\u00f3n\/Frenos\/Neum\u00e1ticos<\/span><\/div><div class=\"tab-heading-item\" id=\"tab-aevn1s\" data-id=\"tab-aevn1s\"><span>Dimensiones<\/span><\/div><\/div><div class=\"tab-heading-mobile\"><div class=\"tab-title\"><span>Motor\/Transmisi\u00f3n<\/span><i class=\"tab-dropdown-icon fas\"><\/i><\/div><div class=\"tab-option\"><div data-id=\"tab-hN3FRn\" class=\"tab-option-item active\"><span>Motor\/Transmisi\u00f3n<\/span><\/div><div data-id=\"tab-pUGVkL\" class=\"tab-option-item\"><span>Suspensi\u00f3n\/Frenos\/Neum\u00e1ticos<\/span><\/div><div data-id=\"tab-aevn1s\" class=\"tab-option-item\"><span>Dimensiones<\/span><\/div><\/div><\/div><div class=\"tab-body\">\n<div class=\"tab-hN3FRn tab-body-item\" data-id=\"tab-hN3FRn\">\n<div class=\"wp-block-group is-layout-constrained wp-block-group-is-layout-constrained\">\n<p class=\"has-text-align-left wp-block-paragraph\"><strong>Tipo<\/strong><br>Monocil\u00edndrico, 4 tiempos<\/p>\n\n\n\n<p class=\"wp-block-paragraph\"><strong>Refrigeraci\u00f3n<\/strong><br>Aire<\/p>\n\n\n\n<p class=\"wp-block-paragraph\"><strong>Cilindrada (cm3)<br><\/strong>50<\/p>\n\n\n\n<p class=\"wp-block-paragraph\"><strong>Potencia M\u00e1xima (cv\/rpm)<\/strong><br>2,85\/8000<\/p>\n\n\n\n<p class=\"wp-block-paragraph\"><strong>Potencia M\u00e1xima (kW\/rpm)<\/strong><br>2,1\/8000<\/p>\n\n\n\n<p class=\"wp-block-paragraph\"><strong>Carrera x Di\u00e1metro (mm)<\/strong><br>41,5\u00d739<\/p>\n\n\n\n<p class=\"wp-block-paragraph\"><strong>Alimentaci\u00f3n<\/strong><br>Carburador Electr\u00f3nico<\/p>\n\n\n\n<p class=\"wp-block-paragraph\"><strong>Sistema de Arranque<\/strong><br>El\u00e9ctrico<\/p>\n\n\n\n<p class=\"wp-block-paragraph\"><strong>Caja de Cambios<\/strong><br>Autom\u00e1tico<\/p>\n\n\n\n<p class=\"wp-block-paragraph\"><strong>Sistema de Transmisi\u00f3n<\/strong><br>Variador<\/p>\n<\/div>\n<\/div>\n\n\n\n<div class=\"tab-pUGVkL tab-body-item\" data-id=\"tab-pUGVkL\">\n<p class=\"has-text-align-center wp-block-paragraph\"><strong>Suspensi\u00f3n Delantera<\/strong><br>Horquilla telesc\u00f3pica, Amortiguaci\u00f3n hidr\u00e1ulica<\/p>\n\n\n\n<p class=\"has-text-align-center wp-block-paragraph\"><strong>Suspensi\u00f3n Trasera<\/strong><br>Amortiguador \u00danico<\/p>\n\n\n\n<p class=\"has-text-align-center wp-block-paragraph\"><strong>Freno Delantero<\/strong><br>Disco 190mm<\/p>\n\n\n\n<p class=\"has-text-align-center wp-block-paragraph\"><strong>Freno Trasero<\/strong><br>Tambor<\/p>\n\n\n\n<p class=\"has-text-align-center wp-block-paragraph\"><strong>Frenado Combinado<br><\/strong>No<\/p>\n\n\n\n<p class=\"has-text-align-center wp-block-paragraph\"><strong>Neum\u00e1tico Delantero<\/strong><br>110\/70-12<\/p>\n\n\n\n<p class=\"has-text-align-center wp-block-paragraph\"><strong>Neum\u00e1tico Trasero<\/strong><br>120\/70-12<\/p>\n<\/div>\n\n\n\n<div class=\"tab-aevn1s tab-body-item\" data-id=\"tab-aevn1s\">\n<p class=\"has-text-align-right wp-block-paragraph\"><strong>Longitud (mm)<\/strong><br>1900<\/p>\n\n\n\n<p class=\"has-text-align-right wp-block-paragraph\"><strong>Anchura (mm)<\/strong><br>705<\/p>\n\n\n\n<p class=\"has-text-align-right wp-block-paragraph\"><strong>Altura (mm)<\/strong><br>1135<\/p>\n\n\n\n<p class=\"has-text-align-right wp-block-paragraph\"><strong>Distancia entre ejes (mm)<\/strong><br>1350<\/p>\n\n\n\n<p class=\"has-text-align-right wp-block-paragraph\"><strong>Altura del asiento (mm)<\/strong><br>805<\/p>\n\n\n\n<p class=\"has-text-align-right wp-block-paragraph\"><strong>Altura desde el suelo (mm)<\/strong><br>110<\/p>\n\n\n\n<p class=\"has-text-align-right wp-block-paragraph\"><strong>Peso (kg)<\/strong><br>96<\/p>\n\n\n\n<p class=\"has-text-align-right wp-block-paragraph\"><strong>Capacidad Combustible (l)<\/strong><br>6,5<\/p>\n<\/div>\n<\/div><\/div>\n","protected":false},"excerpt":{"rendered":"<p>\u00a1Mu\u00e9vete con Estilo El UM Chill 50 combina dise\u00f1o cl\u00e1sico y esp\u00edritu urbano en un scooter \u00e1gil, econ\u00f3mico y lleno de personalidad. Ideal para moverse por la ciudad con estilo, ofrece bajo consumo, f\u00e1cil manejo y una est\u00e9tica que destaca entre el trafico. PVPR: 2.090,00\u20ac Iva incluido. Los gastos de matriculaci\u00f3n y portes hasta Baleares [&hellip;]<\/p>\n","protected":false},"author":1,"featured_media":0,"parent":0,"menu_order":0,"comment_status":"closed","ping_status":"closed","template":"","meta":{"footnotes":""},"class_list":["post-469","page","type-page","status-publish","hentry"],"_links":{"self":[{"href":"https:\/\/motosandresmontoya.com\/index.php?rest_route=\/wp\/v2\/pages\/469","targetHints":{"allow":["GET"]}}],"collection":[{"href":"https:\/\/motosandresmontoya.com\/index.php?rest_route=\/wp\/v2\/pages"}],"about":[{"href":"https:\/\/motosandresmontoya.com\/index.php?rest_route=\/wp\/v2\/types\/page"}],"author":[{"embeddable":true,"href":"https:\/\/motosandresmontoya.com\/index.php?rest_route=\/wp\/v2\/users\/1"}],"replies":[{"embeddable":true,"href":"https:\/\/motosandresmontoya.com\/index.php?rest_route=%2Fwp%2Fv2%2Fcomments&post=469"}],"version-history":[{"count":17,"href":"https:\/\/motosandresmontoya.com\/index.php?rest_route=\/wp\/v2\/pages\/469\/revisions"}],"predecessor-version":[{"id":2274,"href":"https:\/\/motosandresmontoya.com\/index.php?rest_route=\/wp\/v2\/pages\/469\/revisions\/2274"}],"wp:attachment":[{"href":"https:\/\/motosandresmontoya.com\/index.php?rest_route=%2Fwp%2Fv2%2Fmedia&parent=469"}],"curies":[{"name":"wp","href":"https:\/\/api.w.org\/{rel}","templated":true}]}}