{"id":2466,"date":"2026-05-26T16:17:18","date_gmt":"2026-05-26T16:17:18","guid":{"rendered":"https:\/\/motosandresmontoya.com\/?page_id=2466"},"modified":"2026-05-27T10:48:27","modified_gmt":"2026-05-27T10:48:27","slug":"aqs401-2","status":"publish","type":"page","link":"https:\/\/motosandresmontoya.com\/?page_id=2466","title":{"rendered":"AQS401"},"content":{"rendered":"\n<div class=\"wp-block-columns is-layout-flex wp-container-core-columns-is-layout-7387b849 wp-block-columns-is-layout-flex\">\n<div class=\"wp-block-column is-layout-flow wp-block-column-is-layout-flow\">\n<figure class=\"wp-block-gallery has-nested-images columns-default is-cropped wp-block-gallery-1 is-layout-flex wp-block-gallery-is-layout-flex\">\n<figure class=\"wp-block-image size-large\"><img loading=\"lazy\" decoding=\"async\" width=\"1024\" height=\"665\" data-id=\"2483\" src=\"https:\/\/motosandresmontoya.com\/wp-content\/uploads\/2026\/05\/AQS401-2-1024x665.png\" alt=\"\" class=\"wp-image-2483\" srcset=\"https:\/\/motosandresmontoya.com\/wp-content\/uploads\/2026\/05\/AQS401-2-1024x665.png 1024w, https:\/\/motosandresmontoya.com\/wp-content\/uploads\/2026\/05\/AQS401-2-300x195.png 300w, https:\/\/motosandresmontoya.com\/wp-content\/uploads\/2026\/05\/AQS401-2-768x498.png 768w, https:\/\/motosandresmontoya.com\/wp-content\/uploads\/2026\/05\/AQS401-2.png 1205w\" sizes=\"auto, (max-width: 1024px) 100vw, 1024px\" \/><\/figure>\n<\/figure>\n<\/div>\n\n\n\n<div class=\"wp-block-column has-default-color has-text-color has-link-color wp-elements-1 is-layout-flow wp-block-column-is-layout-flow\">\n<h2 class=\"wp-block-heading has-text-align-center has-default-color has-text-color has-link-color wp-elements-2\">Ciudad Sin L\u00edmites<\/h2>\n\n\n\n<hr class=\"wp-block-separator has-alpha-channel-opacity\"\/>\n\n\n\n<p class=\"has-default-color has-text-color has-link-color wp-elements-3 wp-block-paragraph\">La&nbsp;<strong>AQS401<\/strong>&nbsp;redefine la experiencia Custom. Su&nbsp;<strong>motor bicil\u00edndrico de 401 cc<\/strong>&nbsp;y&nbsp;<strong>45 CV<\/strong>&nbsp;entrega potencia constante y controlada, perfecta para disfrutar cada kil\u00f3metro con confianza.<\/p>\n\n\n\n<p class=\"has-default-color has-text-color has-link-color wp-elements-4 wp-block-paragraph\"><strong>PVPR: No confirmado.<br><\/strong><\/p>\n\n\n\n<p class=\"has-default-color has-text-color has-link-color wp-elements-5 wp-block-paragraph\">Iva incluido. Los gastos de matriculaci\u00f3n y portes hasta Baleares y Canaria no incluidos.<\/p>\n\n\n\n<div class=\"wp-block-buttons is-content-justification-center is-layout-flex wp-container-core-buttons-is-layout-3e41869c wp-block-buttons-is-layout-flex\">\n<div class=\"wp-block-button has-custom-width wp-block-button__width-50\"><a class=\"wp-block-button__link wp-element-button\" href=\"https:\/\/motosandresmontoya.com\/?page_id=2465\">Fotos<\/a><\/div>\n<\/div>\n<\/div>\n<\/div>\n\n\n\n<hr class=\"wp-block-separator has-text-color has-default-color has-alpha-channel-opacity has-default-background-color has-background\"\/>\n\n\n\n<h2 class=\"wp-block-heading has-text-align-center has-default-color has-text-color has-link-color wp-elements-6\">Especificaciones<\/h2>\n\n\n\n<div class=\"guten-element guten-tabs guten-hK3V4Z horizontal-center\"><div class=\"tab-heading\"><div class=\"tab-heading-item active\" id=\"tab-sx8RXz\" data-id=\"tab-sx8RXz\"><span>Motor<\/span><\/div><div class=\"tab-heading-item\" id=\"tab-gkMnaT\" data-id=\"tab-gkMnaT\"><span>Parte ciclo<\/span><\/div><div class=\"tab-heading-item\" id=\"tab-ZM0Mep\" data-id=\"tab-ZM0Mep\"><span>Otros<\/span><\/div><\/div><div class=\"tab-heading-mobile\"><div class=\"tab-title\"><span>Motor<\/span><i class=\"tab-dropdown-icon fas\"><\/i><\/div><div class=\"tab-option\"><div data-id=\"tab-sx8RXz\" class=\"tab-option-item active\"><span>Motor<\/span><\/div><div data-id=\"tab-gkMnaT\" class=\"tab-option-item\"><span>Parte ciclo<\/span><\/div><div data-id=\"tab-ZM0Mep\" class=\"tab-option-item\"><span>Otros<\/span><\/div><\/div><\/div><div class=\"tab-body\">\n<div class=\"tab-sx8RXz tab-body-item\" data-id=\"tab-sx8RXz\">\n<p class=\"has-base-color has-text-color has-link-color wp-elements-7 wp-block-paragraph\"><strong>Tipo \/ Cilindrada<\/strong><br>4T \/ 401 cc<\/p>\n\n\n\n<p class=\"has-base-color has-text-color has-link-color wp-elements-8 wp-block-paragraph\"><strong>Distribuci\u00f3n<\/strong><br>Cadena \/ DOHC<\/p>\n\n\n\n<p class=\"has-base-color has-text-color has-link-color wp-elements-9 wp-block-paragraph\"><strong>N\u00ba Cilindros<\/strong><br>2<\/p>\n\n\n\n<p class=\"has-base-color has-text-color has-link-color wp-elements-10 wp-block-paragraph\"><strong>N\u00ba de V\u00e1lvulas<\/strong><br>8<\/p>\n\n\n\n<p class=\"has-base-color has-text-color has-link-color wp-elements-11 wp-block-paragraph\"><strong>Alimentaci\u00f3n<\/strong><br>Inyecci\u00f3n electr\u00f3nica<\/p>\n\n\n\n<p class=\"has-base-color has-text-color has-link-color wp-elements-12 wp-block-paragraph\"><strong>Refrigeraci\u00f3n<\/strong><br>L\u00edquida<\/p>\n\n\n\n<p class=\"has-base-color has-text-color has-link-color wp-elements-13 wp-block-paragraph\"><strong>Di\u00e1metro x carrera<\/strong><br>72 x 67,6 mm<\/p>\n\n\n\n<p class=\"has-base-color has-text-color has-link-color wp-elements-14 wp-block-paragraph\"><strong>CV<\/strong><br>45<\/p>\n\n\n\n<p class=\"has-base-color has-text-color has-link-color wp-elements-15 wp-block-paragraph\"><strong>Potencia m\u00e1xima<\/strong><br>33 kW \/ 9500 rpm<\/p>\n\n\n\n<p class=\"wp-block-paragraph\"><strong>Par m\u00e1ximo (Nm \/ rpm)<\/strong><br>37 Nm \/ 8000 rpm<\/p>\n\n\n\n<p class=\"wp-block-paragraph\"><strong>Normativa Euro<\/strong><br>Euro 5+<\/p>\n\n\n\n<p class=\"wp-block-paragraph\"><strong>Transmisi\u00f3n primaria \/ N\u00ba marchas<\/strong><br>Engranajes \/ 6 marchas<\/p>\n\n\n\n<p class=\"wp-block-paragraph\"><strong>Transmisi\u00f3n secundaria<\/strong><br>Correa<\/p>\n\n\n\n<p class=\"wp-block-paragraph\"><strong>Embrague<\/strong><br>Autom\u00e1tico de discos h\u00famedos<\/p>\n<\/div>\n\n\n\n<div class=\"tab-gkMnaT tab-body-item\" data-id=\"tab-gkMnaT\">\n<p class=\"has-text-align-center has-base-color has-text-color has-link-color wp-elements-16 wp-block-paragraph\"><strong>Chasis<\/strong><br>Cuna de acero<\/p>\n\n\n\n<p class=\"has-text-align-center has-base-color has-text-color has-link-color wp-elements-17 wp-block-paragraph\"><strong>Suspensi\u00f3n delantera<\/strong><br>Horquilla convencional con barras de 41 mm<\/p>\n\n\n\n<p class=\"has-text-align-center has-base-color has-text-color has-link-color wp-elements-18 wp-block-paragraph\"><strong>Suspensi\u00f3n trasera<\/strong><br>Doble amortiguador regulable en precarga<\/p>\n\n\n\n<p class=\"has-text-align-center has-base-color has-text-color has-link-color wp-elements-19 wp-block-paragraph\"><strong>Freno delantero<\/strong><br>Pinza JJuan 2 pistones con disco de 300mm y ABS Doble Canal<\/p>\n\n\n\n<p class=\"has-text-align-center has-base-color has-text-color has-link-color wp-elements-20 wp-block-paragraph\"><strong>Freno trasero<br><\/strong>Pinza JJuan 1 pist\u00f3n con disco de 230 mm y ABS Doble Canal<\/p>\n\n\n\n<p class=\"has-text-align-center has-base-color has-text-color has-link-color wp-elements-21 wp-block-paragraph\"><strong>Rueda delantera<\/strong><br>120\/80 \u2013 17<\/p>\n\n\n\n<p class=\"has-text-align-center has-base-color has-text-color has-link-color wp-elements-22 wp-block-paragraph\"><strong>Rueda trasera<\/strong><br>150\/70 \u2013 17<\/p>\n\n\n\n<p class=\"has-text-align-center has-base-color has-text-color has-link-color wp-elements-23 wp-block-paragraph\"><strong>Distancia entre ejes<\/strong><br>1480 mm<\/p>\n\n\n\n<p class=\"has-text-align-center has-base-color has-text-color has-link-color wp-elements-24 wp-block-paragraph\"><strong>Altura de asiento<\/strong><br>730 mm<\/p>\n\n\n\n<p class=\"has-text-align-center has-base-color has-text-color has-link-color wp-elements-25 wp-block-paragraph\"><strong>Capacidad dep\u00f3sito combustible<\/strong><br>17L<\/p>\n\n\n\n<p class=\"has-text-align-center has-base-color has-text-color has-link-color wp-elements-26 wp-block-paragraph\"><strong>Peso<\/strong><br>185 kg<\/p>\n\n\n\n<p class=\"wp-block-paragraph\"><\/p>\n<\/div>\n\n\n\n<div class=\"tab-ZM0Mep tab-body-item\" data-id=\"tab-ZM0Mep\">\n<p class=\"has-text-align-right has-base-color has-text-color has-link-color wp-elements-27 wp-block-paragraph\"><strong>Equipamiento DE SERIE<\/strong><br>Motor Refrigeraci\u00f3n Liquida de 15cv | TCS (Control de Tracci\u00f3n) | ABS | Suspensiones Largo Recorrido | Pantalla Alta | Protector Motor y Horquillas | Neum\u00e1ticos Offroad Tubeless | Iluminaci\u00f3n Full LED | Defensas | Pantalla TFT 5\u2033 + Mirror Link | Maletas Laterales | Guardamanos | Maleta Trasera | Guardabarros Delantero Bajo<\/p>\n\n\n\n<p class=\"has-text-align-right has-base-color has-text-color has-link-color wp-elements-28 wp-block-paragraph\"><strong>Mantenimiento<\/strong><br>1\u00aa revisi\u00f3n 1000 km ; siguientes cada 3000 km o 1 a\u00f1o.<\/p>\n<\/div>\n<\/div><\/div>\n\n\n\n<p class=\"wp-block-paragraph\"><\/p>\n","protected":false},"excerpt":{"rendered":"<p>Ciudad Sin L\u00edmites La&nbsp;AQS401&nbsp;redefine la experiencia Custom. Su&nbsp;motor bicil\u00edndrico de 401 cc&nbsp;y&nbsp;45 CV&nbsp;entrega potencia constante y controlada, perfecta para disfrutar cada kil\u00f3metro con confianza. PVPR: No confirmado. Iva incluido. Los gastos de matriculaci\u00f3n y portes hasta Baleares y Canaria no incluidos. Especificaciones<\/p>\n","protected":false},"author":1,"featured_media":0,"parent":0,"menu_order":0,"comment_status":"closed","ping_status":"closed","template":"","meta":{"footnotes":""},"class_list":["post-2466","page","type-page","status-publish","hentry"],"_links":{"self":[{"href":"https:\/\/motosandresmontoya.com\/index.php?rest_route=\/wp\/v2\/pages\/2466","targetHints":{"allow":["GET"]}}],"collection":[{"href":"https:\/\/motosandresmontoya.com\/index.php?rest_route=\/wp\/v2\/pages"}],"about":[{"href":"https:\/\/motosandresmontoya.com\/index.php?rest_route=\/wp\/v2\/types\/page"}],"author":[{"embeddable":true,"href":"https:\/\/motosandresmontoya.com\/index.php?rest_route=\/wp\/v2\/users\/1"}],"replies":[{"embeddable":true,"href":"https:\/\/motosandresmontoya.com\/index.php?rest_route=%2Fwp%2Fv2%2Fcomments&post=2466"}],"version-history":[{"count":7,"href":"https:\/\/motosandresmontoya.com\/index.php?rest_route=\/wp\/v2\/pages\/2466\/revisions"}],"predecessor-version":[{"id":2528,"href":"https:\/\/motosandresmontoya.com\/index.php?rest_route=\/wp\/v2\/pages\/2466\/revisions\/2528"}],"wp:attachment":[{"href":"https:\/\/motosandresmontoya.com\/index.php?rest_route=%2Fwp%2Fv2%2Fmedia&parent=2466"}],"curies":[{"name":"wp","href":"https:\/\/api.w.org\/{rel}","templated":true}]}}