{"id":2118,"date":"2025-11-07T09:54:59","date_gmt":"2025-11-07T09:54:59","guid":{"rendered":"https:\/\/motosandresmontoya.com\/?page_id=2118"},"modified":"2025-11-07T10:00:18","modified_gmt":"2025-11-07T10:00:18","slug":"especificaciones-snarler-at6-lx","status":"publish","type":"page","link":"https:\/\/motosandresmontoya.com\/?page_id=2118","title":{"rendered":"SNARLER AT6 LX"},"content":{"rendered":"\n<div class=\"wp-block-columns is-layout-flex wp-container-core-columns-is-layout-7387b849 wp-block-columns-is-layout-flex\">\n<div class=\"wp-block-column is-layout-flow wp-block-column-is-layout-flow\">\n<figure class=\"wp-block-gallery has-nested-images columns-default is-cropped wp-block-gallery-1 is-layout-flex wp-block-gallery-is-layout-flex\">\n<figure class=\"wp-block-image size-full\"><img loading=\"lazy\" decoding=\"async\" width=\"1024\" height=\"1024\" data-id=\"2121\" src=\"https:\/\/motosandresmontoya.com\/wp-content\/uploads\/2025\/11\/ChatGPT-Image-7-nov-2025-10_26_15.png\" alt=\"\" class=\"wp-image-2121\" srcset=\"https:\/\/motosandresmontoya.com\/wp-content\/uploads\/2025\/11\/ChatGPT-Image-7-nov-2025-10_26_15.png 1024w, https:\/\/motosandresmontoya.com\/wp-content\/uploads\/2025\/11\/ChatGPT-Image-7-nov-2025-10_26_15-300x300.png 300w, https:\/\/motosandresmontoya.com\/wp-content\/uploads\/2025\/11\/ChatGPT-Image-7-nov-2025-10_26_15-150x150.png 150w, https:\/\/motosandresmontoya.com\/wp-content\/uploads\/2025\/11\/ChatGPT-Image-7-nov-2025-10_26_15-768x768.png 768w\" sizes=\"auto, (max-width: 1024px) 100vw, 1024px\" \/><\/figure>\n<\/figure>\n<\/div>\n\n\n\n<div class=\"wp-block-column is-layout-flow wp-block-column-is-layout-flow\">\n<h2 class=\"wp-block-heading has-text-align-center\">Potencia equilibrada<\/h2>\n\n\n\n<hr class=\"wp-block-separator has-alpha-channel-opacity\"\/>\n\n\n\n<p class=\"wp-block-paragraph\">El Snarler AT6 LX ofrece un equilibrio sobresaliente entre rendimiento y confort. Su motor de alto par y el sistema de tracci\u00f3n integral proporcionan potencia constante y control en cualquier terreno. Con suspensi\u00f3n independiente, dise\u00f1o ergon\u00f3mico y acabados duraderos, este ATV est\u00e1 preparado para responder con eficacia tanto en uso profesional como recreativo.<\/p>\n\n\n\n<p class=\"wp-block-paragraph\">HOMOLOGACI\u00d3N T3b (Tractor)<br><strong>PVPR: 8.990,00 \u20ac<\/strong><\/p>\n\n\n\n<p class=\"wp-block-paragraph\">HOMOLOGACI\u00d3N L7e (Cuadriciclo)<br><strong>PVPR: 11.360,00 \u20ac<\/strong><\/p>\n\n\n\n<p class=\"wp-block-paragraph\">Iva incluido. Los gastos de matriculaci\u00f3n y portes no incluidos.<\/p>\n\n\n\n<div class=\"wp-block-buttons is-content-justification-center is-layout-flex wp-container-core-buttons-is-layout-3e41869c wp-block-buttons-is-layout-flex\">\n<div class=\"wp-block-button has-custom-width wp-block-button__width-50\"><a class=\"wp-block-button__link wp-element-button\" href=\"https:\/\/motosandresmontoya.com\/?page_id=2119\">Fotos<\/a><\/div>\n<\/div>\n<\/div>\n<\/div>\n\n\n\n<hr class=\"wp-block-separator has-alpha-channel-opacity\"\/>\n\n\n\n<h2 class=\"wp-block-heading has-text-align-center\">Especificaciones<\/h2>\n\n\n\n<div class=\"guten-element guten-tabs guten-JjhWOW horizontal-center\"><div class=\"tab-heading\"><div class=\"tab-heading-item active\" id=\"tab-VXBE1k\" data-id=\"tab-VXBE1k\"><span>Motor\/ Transmisi\u00f3n <\/span><\/div><div class=\"tab-heading-item\" id=\"tab-y983nY\" data-id=\"tab-y983nY\"><span>Suspensi\u00f3n\/ Neum\u00e1ticos\/ Frenos<\/span><\/div><div class=\"tab-heading-item\" id=\"tab-yuUcbb\" data-id=\"tab-yuUcbb\"><span>Dimensiones<\/span><\/div><\/div><div class=\"tab-heading-mobile\"><div class=\"tab-title\"><span>Motor\/ Transmisi\u00f3n <\/span><i class=\"tab-dropdown-icon fas\"><\/i><\/div><div class=\"tab-option\"><div data-id=\"tab-VXBE1k\" class=\"tab-option-item active\"><span>Motor\/ Transmisi\u00f3n <\/span><\/div><div data-id=\"tab-y983nY\" class=\"tab-option-item\"><span>Suspensi\u00f3n\/ Neum\u00e1ticos\/ Frenos<\/span><\/div><div data-id=\"tab-yuUcbb\" class=\"tab-option-item\"><span>Dimensiones<\/span><\/div><\/div><\/div><div class=\"tab-body\">\n<div class=\"tab-VXBE1k tab-body-item\" data-id=\"tab-VXBE1k\">\n<p class=\"wp-block-paragraph\"><strong>Motor<\/strong><\/p>\n\n\n\n<p class=\"wp-block-paragraph\">567 cc<br>4 Tiempos<br>Monocilindrico (DOHC)<\/p>\n\n\n\n<p class=\"wp-block-paragraph\"><strong>Potencia \/ PAR<\/strong><\/p>\n\n\n\n<p class=\"wp-block-paragraph\">32,5 kW (44,2 cv) @ 7.000 rpm \/ 48 N.m<\/p>\n\n\n\n<p class=\"wp-block-paragraph\"><strong>Refrigeraci\u00f3n<\/strong><\/p>\n\n\n\n<p class=\"wp-block-paragraph\">L\u00edquida<\/p>\n\n\n\n<p class=\"wp-block-paragraph\"><strong>Alimentaci\u00f3n<\/strong><\/p>\n\n\n\n<p class=\"wp-block-paragraph\">Inyecci\u00f3n Electr\u00f3nica Bosch<\/p>\n\n\n\n<p class=\"wp-block-paragraph\"><strong>Transmisi\u00f3n<\/strong><\/p>\n\n\n\n<p class=\"wp-block-paragraph\">Variador Autom\u00e1tico CVTech\u00ae&nbsp;P\/R\/N\/L\/H<\/p>\n<\/div>\n\n\n\n<div class=\"tab-y983nY tab-body-item\" data-id=\"tab-y983nY\">\n<p class=\"has-text-align-center wp-block-paragraph\"><strong>Amortiguadores<\/strong><\/p>\n\n\n\n<p class=\"has-text-align-center wp-block-paragraph\">Amortiguador a Gas<\/p>\n\n\n\n<p class=\"has-text-align-center wp-block-paragraph\"><strong>Llantas<\/strong><\/p>\n\n\n\n<p class=\"has-text-align-center wp-block-paragraph\">Llantas de Aluminio de 14\u201d con Beadlock<\/p>\n\n\n\n<p class=\"has-text-align-center wp-block-paragraph\"><strong>Neum\u00e1ticos (Del. \/ Tras.)<\/strong><\/p>\n\n\n\n<p class=\"has-text-align-center wp-block-paragraph\">26\u00d78-14 \/ 26\u00d710-14<\/p>\n\n\n\n<p class=\"has-text-align-center wp-block-paragraph\"><strong>Frenos<\/strong><\/p>\n\n\n\n<p class=\"has-text-align-center wp-block-paragraph\">Disco (4 Ruedas)<\/p>\n<\/div>\n\n\n\n<div class=\"tab-yuUcbb tab-body-item\" data-id=\"tab-yuUcbb\">\n<p class=\"has-text-align-right wp-block-paragraph\"><strong>Longitud \u00d7 Anchura \u00d7 Altura<\/strong><\/p>\n\n\n\n<p class=\"has-text-align-right wp-block-paragraph\">2350 mm \u00d7 1280 mm \u00d7 1430 mm<\/p>\n\n\n\n<p class=\"has-text-align-right wp-block-paragraph\"><strong>Distancia entre Ejes<\/strong><\/p>\n\n\n\n<p class=\"has-text-align-right wp-block-paragraph\">1450 mm<\/p>\n\n\n\n<p class=\"has-text-align-right wp-block-paragraph\"><strong>Altura libre al Suelo<\/strong><\/p>\n\n\n\n<p class=\"has-text-align-right wp-block-paragraph\">270 mm<\/p>\n\n\n\n<p class=\"has-text-align-right wp-block-paragraph\"><strong>Peso en Vacio<\/strong><\/p>\n\n\n\n<p class=\"has-text-align-right wp-block-paragraph\">384kg<\/p>\n\n\n\n<p class=\"has-text-align-right wp-block-paragraph\"><strong>Capacidad de Deposito<\/strong><\/p>\n\n\n\n<p class=\"has-text-align-right wp-block-paragraph\">23litros<\/p>\n\n\n\n<p class=\"has-text-align-right wp-block-paragraph\"><strong>Capacidad de la Parrilla (Del\/ Tras)<\/strong><\/p>\n\n\n\n<p class=\"has-text-align-right wp-block-paragraph\">40 kg \/ 60 kg<\/p>\n<\/div>\n<\/div><\/div>\n","protected":false},"excerpt":{"rendered":"<p>Potencia equilibrada El Snarler AT6 LX ofrece un equilibrio sobresaliente entre rendimiento y confort. Su motor de alto par y el sistema de tracci\u00f3n integral proporcionan potencia constante y control en cualquier terreno. Con suspensi\u00f3n independiente, dise\u00f1o ergon\u00f3mico y acabados duraderos, este ATV est\u00e1 preparado para responder con eficacia tanto en uso profesional como recreativo. [&hellip;]<\/p>\n","protected":false},"author":1,"featured_media":0,"parent":0,"menu_order":0,"comment_status":"closed","ping_status":"closed","template":"","meta":{"footnotes":""},"class_list":["post-2118","page","type-page","status-publish","hentry"],"_links":{"self":[{"href":"https:\/\/motosandresmontoya.com\/index.php?rest_route=\/wp\/v2\/pages\/2118","targetHints":{"allow":["GET"]}}],"collection":[{"href":"https:\/\/motosandresmontoya.com\/index.php?rest_route=\/wp\/v2\/pages"}],"about":[{"href":"https:\/\/motosandresmontoya.com\/index.php?rest_route=\/wp\/v2\/types\/page"}],"author":[{"embeddable":true,"href":"https:\/\/motosandresmontoya.com\/index.php?rest_route=\/wp\/v2\/users\/1"}],"replies":[{"embeddable":true,"href":"https:\/\/motosandresmontoya.com\/index.php?rest_route=%2Fwp%2Fv2%2Fcomments&post=2118"}],"version-history":[{"count":3,"href":"https:\/\/motosandresmontoya.com\/index.php?rest_route=\/wp\/v2\/pages\/2118\/revisions"}],"predecessor-version":[{"id":2138,"href":"https:\/\/motosandresmontoya.com\/index.php?rest_route=\/wp\/v2\/pages\/2118\/revisions\/2138"}],"wp:attachment":[{"href":"https:\/\/motosandresmontoya.com\/index.php?rest_route=%2Fwp%2Fv2%2Fmedia&parent=2118"}],"curies":[{"name":"wp","href":"https:\/\/api.w.org\/{rel}","templated":true}]}}