{"id":2000,"date":"2025-11-06T16:07:36","date_gmt":"2025-11-06T16:07:36","guid":{"rendered":"https:\/\/motosandresmontoya.com\/?page_id=2000"},"modified":"2025-11-06T16:08:14","modified_gmt":"2025-11-06T16:08:14","slug":"especificaciones-snarler-at5-lx","status":"publish","type":"page","link":"https:\/\/motosandresmontoya.com\/?page_id=2000","title":{"rendered":"SNARLER AT5 LX"},"content":{"rendered":"\n<div class=\"wp-block-columns is-layout-flex wp-container-core-columns-is-layout-7387b849 wp-block-columns-is-layout-flex\">\n<div class=\"wp-block-column is-layout-flow wp-block-column-is-layout-flow\">\n<figure class=\"wp-block-gallery has-nested-images columns-default is-cropped wp-block-gallery-1 is-layout-flex wp-block-gallery-is-layout-flex\">\n<figure class=\"wp-block-image size-full\"><img loading=\"lazy\" decoding=\"async\" width=\"1024\" height=\"1024\" data-id=\"2002\" src=\"https:\/\/motosandresmontoya.com\/wp-content\/uploads\/2025\/11\/ChatGPT-Image-6-nov-2025-17_02_14.png\" alt=\"\" class=\"wp-image-2002\" srcset=\"https:\/\/motosandresmontoya.com\/wp-content\/uploads\/2025\/11\/ChatGPT-Image-6-nov-2025-17_02_14.png 1024w, https:\/\/motosandresmontoya.com\/wp-content\/uploads\/2025\/11\/ChatGPT-Image-6-nov-2025-17_02_14-300x300.png 300w, https:\/\/motosandresmontoya.com\/wp-content\/uploads\/2025\/11\/ChatGPT-Image-6-nov-2025-17_02_14-150x150.png 150w, https:\/\/motosandresmontoya.com\/wp-content\/uploads\/2025\/11\/ChatGPT-Image-6-nov-2025-17_02_14-768x768.png 768w\" sizes=\"auto, (max-width: 1024px) 100vw, 1024px\" \/><\/figure>\n<\/figure>\n<\/div>\n\n\n\n<div class=\"wp-block-column is-layout-flow wp-block-column-is-layout-flow\">\n<h2 class=\"wp-block-heading has-text-align-center\">Rendimiento sin pausa<\/h2>\n\n\n\n<hr class=\"wp-block-separator has-alpha-channel-opacity\"\/>\n\n\n\n<p class=\"wp-block-paragraph\">El Snarler AT5 LX combina potencia funcional y confort avanzado. Su motor eficiente y el sistema de tracci\u00f3n integral garantizan un desempe\u00f1o estable en terrenos exigentes. La suspensi\u00f3n calibrada y el dise\u00f1o ergon\u00f3mico aportan control y comodidad en largas jornadas. Un ATV s\u00f3lido, equilibrado y preparado para responder con fiabilidad en cualquier situaci\u00f3n.<\/p>\n\n\n\n<p class=\"wp-block-paragraph\"><strong>PVPR: 6.990,00\u20ac<\/strong><\/p>\n\n\n\n<p class=\"wp-block-paragraph\">Iva incluido. Los gastos de matriculaci\u00f3n no incluidos.<\/p>\n\n\n\n<div class=\"wp-block-buttons is-content-justification-center is-layout-flex wp-container-core-buttons-is-layout-3e41869c wp-block-buttons-is-layout-flex\">\n<div class=\"wp-block-button has-custom-width wp-block-button__width-50\"><a class=\"wp-block-button__link wp-element-button\" href=\"https:\/\/motosandresmontoya.com\/?page_id=2001\">Fotos<\/a><\/div>\n<\/div>\n<\/div>\n<\/div>\n\n\n\n<hr class=\"wp-block-separator has-alpha-channel-opacity\"\/>\n\n\n\n<h2 class=\"wp-block-heading has-text-align-center\">Especificaciones<\/h2>\n\n\n\n<div class=\"guten-element guten-tabs guten-JjhWOW horizontal-center\"><div class=\"tab-heading\"><div class=\"tab-heading-item active\" id=\"tab-VXBE1k\" data-id=\"tab-VXBE1k\"><span>Motor\/ Transmisi\u00f3n <\/span><\/div><div class=\"tab-heading-item\" id=\"tab-y983nY\" data-id=\"tab-y983nY\"><span>Suspensi\u00f3n\/ Neum\u00e1ticos\/ Frenos<\/span><\/div><div class=\"tab-heading-item\" id=\"tab-yuUcbb\" data-id=\"tab-yuUcbb\"><span>Dimensiones<\/span><\/div><\/div><div class=\"tab-heading-mobile\"><div class=\"tab-title\"><span>Motor\/ Transmisi\u00f3n <\/span><i class=\"tab-dropdown-icon fas\"><\/i><\/div><div class=\"tab-option\"><div data-id=\"tab-VXBE1k\" class=\"tab-option-item active\"><span>Motor\/ Transmisi\u00f3n <\/span><\/div><div data-id=\"tab-y983nY\" class=\"tab-option-item\"><span>Suspensi\u00f3n\/ Neum\u00e1ticos\/ Frenos<\/span><\/div><div data-id=\"tab-yuUcbb\" class=\"tab-option-item\"><span>Dimensiones<\/span><\/div><\/div><\/div><div class=\"tab-body\">\n<div class=\"tab-VXBE1k tab-body-item\" data-id=\"tab-VXBE1k\">\n<p class=\"wp-block-paragraph\"><strong>Motor<\/strong><\/p>\n\n\n\n<p class=\"wp-block-paragraph\">499 cc<br>4 Tiempos<br>Monocil\u00edndrico (DOHC)<\/p>\n\n\n\n<p class=\"wp-block-paragraph\"><strong>Potencia \/ PAR<\/strong><\/p>\n\n\n\n<p class=\"wp-block-paragraph\">28,0 kW (39 cv) @ 7.000 rpm \/ 44 N.m<\/p>\n\n\n\n<p class=\"wp-block-paragraph\"><strong>Refrigeraci\u00f3n<\/strong><\/p>\n\n\n\n<p class=\"wp-block-paragraph\">L\u00edquida<\/p>\n\n\n\n<p class=\"wp-block-paragraph\"><strong>Alimentaci\u00f3n<\/strong><\/p>\n\n\n\n<p class=\"wp-block-paragraph\">Inyecci\u00f3n Electr\u00f3nica Bosch<\/p>\n\n\n\n<p class=\"wp-block-paragraph\"><strong>Sistema de Transmisi\u00f3n<\/strong><\/p>\n\n\n\n<p class=\"wp-block-paragraph\">2WD\/4WD<br>Bloqueo Diferencial Delantero<\/p>\n\n\n\n<p class=\"wp-block-paragraph\"><strong>Transmisi\u00f3n<\/strong><\/p>\n\n\n\n<p class=\"wp-block-paragraph\">Variador Autom\u00e1tico CVTech\u00ae&nbsp;P\/R\/N\/L\/H<\/p>\n<\/div>\n\n\n\n<div class=\"tab-y983nY tab-body-item\" data-id=\"tab-y983nY\">\n<p class=\"has-text-align-center wp-block-paragraph\"><strong>Amortiguadores<\/strong><\/p>\n\n\n\n<p class=\"has-text-align-center wp-block-paragraph\">Amortiguador de Aceite<\/p>\n\n\n\n<p class=\"has-text-align-center wp-block-paragraph\"><strong>Llantas<\/strong><\/p>\n\n\n\n<p class=\"has-text-align-center wp-block-paragraph\">Llantas de Hierro 12\u201d<\/p>\n\n\n\n<p class=\"has-text-align-center wp-block-paragraph\"><strong>Neum\u00e1ticos (Del. \/ Tras.)<\/strong><\/p>\n\n\n\n<p class=\"has-text-align-center wp-block-paragraph\">25\u00d78-12 \/ 25\u00d710-12<\/p>\n\n\n\n<p class=\"has-text-align-center wp-block-paragraph\"><strong>Frenos<\/strong><\/p>\n\n\n\n<p class=\"has-text-align-center wp-block-paragraph\">3 Discos<\/p>\n<\/div>\n\n\n\n<div class=\"tab-yuUcbb tab-body-item\" data-id=\"tab-yuUcbb\">\n<p class=\"has-text-align-right wp-block-paragraph\"><strong>Longitud \u00d7 Anchura \u00d7 Altura<\/strong><\/p>\n\n\n\n<p class=\"has-text-align-right wp-block-paragraph\">2370 mm \u00d7 1180 mm \u00d7 1350 mm<\/p>\n\n\n\n<p class=\"has-text-align-right wp-block-paragraph\"><strong>Distancia entre Ejes<\/strong><\/p>\n\n\n\n<p class=\"has-text-align-right wp-block-paragraph\">1450mm<\/p>\n\n\n\n<p class=\"has-text-align-right wp-block-paragraph\"><strong>Altura libre al Suelo<\/strong><\/p>\n\n\n\n<p class=\"has-text-align-right wp-block-paragraph\">250 mm<\/p>\n\n\n\n<p class=\"has-text-align-right wp-block-paragraph\"><strong>Peso en Vacio<\/strong><\/p>\n\n\n\n<p class=\"has-text-align-right wp-block-paragraph\">370 kg<\/p>\n\n\n\n<p class=\"has-text-align-right wp-block-paragraph\"><strong>Capacidad de Deposito<\/strong><\/p>\n\n\n\n<p class=\"has-text-align-right wp-block-paragraph\">19litros<\/p>\n\n\n\n<p class=\"has-text-align-right wp-block-paragraph\"><strong>Capacidad del Deposito<\/strong><\/p>\n\n\n\n<p class=\"has-text-align-right wp-block-paragraph\">19 litros<\/p>\n\n\n\n<p class=\"has-text-align-right wp-block-paragraph\"><strong>Capacidad de la Parrilla (Del\/ Tras)<\/strong><\/p>\n\n\n\n<p class=\"has-text-align-right wp-block-paragraph\">40 kg \/ 60 kg<\/p>\n<\/div>\n<\/div><\/div>\n","protected":false},"excerpt":{"rendered":"<p>Rendimiento sin pausa El Snarler AT5 LX combina potencia funcional y confort avanzado. Su motor eficiente y el sistema de tracci\u00f3n integral garantizan un desempe\u00f1o estable en terrenos exigentes. La suspensi\u00f3n calibrada y el dise\u00f1o ergon\u00f3mico aportan control y comodidad en largas jornadas. Un ATV s\u00f3lido, equilibrado y preparado para responder con fiabilidad en cualquier [&hellip;]<\/p>\n","protected":false},"author":1,"featured_media":0,"parent":0,"menu_order":0,"comment_status":"closed","ping_status":"closed","template":"","meta":{"footnotes":""},"class_list":["post-2000","page","type-page","status-publish","hentry"],"_links":{"self":[{"href":"https:\/\/motosandresmontoya.com\/index.php?rest_route=\/wp\/v2\/pages\/2000","targetHints":{"allow":["GET"]}}],"collection":[{"href":"https:\/\/motosandresmontoya.com\/index.php?rest_route=\/wp\/v2\/pages"}],"about":[{"href":"https:\/\/motosandresmontoya.com\/index.php?rest_route=\/wp\/v2\/types\/page"}],"author":[{"embeddable":true,"href":"https:\/\/motosandresmontoya.com\/index.php?rest_route=\/wp\/v2\/users\/1"}],"replies":[{"embeddable":true,"href":"https:\/\/motosandresmontoya.com\/index.php?rest_route=%2Fwp%2Fv2%2Fcomments&post=2000"}],"version-history":[{"count":2,"href":"https:\/\/motosandresmontoya.com\/index.php?rest_route=\/wp\/v2\/pages\/2000\/revisions"}],"predecessor-version":[{"id":2015,"href":"https:\/\/motosandresmontoya.com\/index.php?rest_route=\/wp\/v2\/pages\/2000\/revisions\/2015"}],"wp:attachment":[{"href":"https:\/\/motosandresmontoya.com\/index.php?rest_route=%2Fwp%2Fv2%2Fmedia&parent=2000"}],"curies":[{"name":"wp","href":"https:\/\/api.w.org\/{rel}","templated":true}]}}