{"id":1928,"date":"2025-11-06T12:40:04","date_gmt":"2025-11-06T12:40:04","guid":{"rendered":"https:\/\/motosandresmontoya.com\/?page_id=1928"},"modified":"2025-11-06T12:59:17","modified_gmt":"2025-11-06T12:59:17","slug":"especificaciones-fugleman-ut6","status":"publish","type":"page","link":"https:\/\/motosandresmontoya.com\/?page_id=1928","title":{"rendered":"FUGLEMAN UT6"},"content":{"rendered":"\n<div class=\"wp-block-columns is-layout-flex wp-container-core-columns-is-layout-7387b849 wp-block-columns-is-layout-flex\">\n<div class=\"wp-block-column is-layout-flow wp-block-column-is-layout-flow\">\n<figure class=\"wp-block-gallery has-nested-images columns-default is-cropped wp-block-gallery-1 is-layout-flex wp-block-gallery-is-layout-flex\">\n<figure class=\"wp-block-image size-full\"><img loading=\"lazy\" decoding=\"async\" width=\"867\" height=\"793\" data-id=\"1930\" src=\"https:\/\/motosandresmontoya.com\/wp-content\/uploads\/2025\/11\/Captura-de-pantalla-2025-11-06-132950.png\" alt=\"\" class=\"wp-image-1930\" srcset=\"https:\/\/motosandresmontoya.com\/wp-content\/uploads\/2025\/11\/Captura-de-pantalla-2025-11-06-132950.png 867w, https:\/\/motosandresmontoya.com\/wp-content\/uploads\/2025\/11\/Captura-de-pantalla-2025-11-06-132950-300x274.png 300w, https:\/\/motosandresmontoya.com\/wp-content\/uploads\/2025\/11\/Captura-de-pantalla-2025-11-06-132950-768x702.png 768w\" sizes=\"auto, (max-width: 867px) 100vw, 867px\" \/><\/figure>\n<\/figure>\n<\/div>\n\n\n\n<div class=\"wp-block-column is-layout-flow wp-block-column-is-layout-flow\">\n<h2 class=\"wp-block-heading has-text-align-center\">Fuerza sin descanso<\/h2>\n\n\n\n<hr class=\"wp-block-separator has-alpha-channel-opacity\"\/>\n\n\n\n<p class=\"wp-block-paragraph\">El Fugleman UT6 es un utilitario robusto dise\u00f1ado para trabajo intensivo y desplazamientos exigentes. Su motor de alto par garantiza fuerza constante incluso con carga, mientras que la tracci\u00f3n integral y la suspensi\u00f3n reforzada aseguran estabilidad en terrenos irregulares. Con una estructura s\u00f3lida y funcional, ofrece capacidad, fiabilidad y rendimiento continuo en cualquier entorno profesional o recreativo.<\/p>\n\n\n\n<p class=\"wp-block-paragraph\"><strong>PVPR: 13.290,00\u20ac<\/strong><\/p>\n\n\n\n<p class=\"wp-block-paragraph\">Iva incluido. Los gastos de matriculaci\u00f3n no incluidos.<\/p>\n\n\n\n<div class=\"wp-block-buttons is-content-justification-center is-layout-flex wp-container-core-buttons-is-layout-3e41869c wp-block-buttons-is-layout-flex\">\n<div class=\"wp-block-button has-custom-width wp-block-button__width-50\"><a class=\"wp-block-button__link wp-element-button\" href=\"https:\/\/motosandresmontoya.com\/?page_id=1929\">Fotos<\/a><\/div>\n<\/div>\n<\/div>\n<\/div>\n\n\n\n<hr class=\"wp-block-separator has-alpha-channel-opacity\"\/>\n\n\n\n<h2 class=\"wp-block-heading has-text-align-center\">Especificaciones<\/h2>\n\n\n\n<div class=\"guten-element guten-tabs guten-JjhWOW horizontal-center\"><div class=\"tab-heading\"><div class=\"tab-heading-item active\" id=\"tab-VXBE1k\" data-id=\"tab-VXBE1k\"><span>Motor\/ Transmisi\u00f3n <\/span><\/div><div class=\"tab-heading-item\" id=\"tab-y983nY\" data-id=\"tab-y983nY\"><span>Suspensi\u00f3n\/ Neum\u00e1ticos\/ Frenos<\/span><\/div><div class=\"tab-heading-item\" id=\"tab-yuUcbb\" data-id=\"tab-yuUcbb\"><span>Dimensiones<\/span><\/div><\/div><div class=\"tab-heading-mobile\"><div class=\"tab-title\"><span>Motor\/ Transmisi\u00f3n <\/span><i class=\"tab-dropdown-icon fas\"><\/i><\/div><div class=\"tab-option\"><div data-id=\"tab-VXBE1k\" class=\"tab-option-item active\"><span>Motor\/ Transmisi\u00f3n <\/span><\/div><div data-id=\"tab-y983nY\" class=\"tab-option-item\"><span>Suspensi\u00f3n\/ Neum\u00e1ticos\/ Frenos<\/span><\/div><div data-id=\"tab-yuUcbb\" class=\"tab-option-item\"><span>Dimensiones<\/span><\/div><\/div><\/div><div class=\"tab-body\">\n<div class=\"tab-VXBE1k tab-body-item\" data-id=\"tab-VXBE1k\">\n<p class=\"wp-block-paragraph\"><strong>Motor<\/strong><\/p>\n\n\n\n<p class=\"wp-block-paragraph\">567 cc<br>4 Tiempos<br>Monocil\u00edndrico (DOHC)<\/p>\n\n\n\n<p class=\"wp-block-paragraph\"><strong>Potencia \/ PAR<\/strong><\/p>\n\n\n\n<p class=\"wp-block-paragraph\">30,16 kW (41cv) @ 7. 000 rpm \/ 50 N.m<\/p>\n\n\n\n<p class=\"wp-block-paragraph\"><strong>Refrigeraci\u00f3n<\/strong><\/p>\n\n\n\n<p class=\"wp-block-paragraph\">L\u00edquida<\/p>\n\n\n\n<p class=\"wp-block-paragraph\"><strong>Alimentaci\u00f3n<\/strong><\/p>\n\n\n\n<p class=\"wp-block-paragraph\">Inyecci\u00f3n Electr\u00f3nica Bosch<\/p>\n\n\n\n<p class=\"wp-block-paragraph\"><strong>Transmisi\u00f3n<\/strong><\/p>\n\n\n\n<p class=\"wp-block-paragraph\">Variador Autom\u00e1tico<br>CVTech\u00ae P\/R\/N\/L\/H<\/p>\n<\/div>\n\n\n\n<div class=\"tab-y983nY tab-body-item\" data-id=\"tab-y983nY\">\n<p class=\"has-text-align-center wp-block-paragraph\"><strong>Amortiguadores<\/strong><\/p>\n\n\n\n<p class=\"has-text-align-center wp-block-paragraph\">Hidr\u00e1ulicos<\/p>\n\n\n\n<p class=\"has-text-align-center wp-block-paragraph\"><strong>Llantas<\/strong><\/p>\n\n\n\n<p class=\"has-text-align-center wp-block-paragraph\">Llantas de Aluminio 14\u201d<\/p>\n\n\n\n<p class=\"has-text-align-center wp-block-paragraph\"><strong>Neum\u00e1ticos (Del. \/ Tras.)<\/strong><\/p>\n\n\n\n<p class=\"has-text-align-center wp-block-paragraph\">30\u00d710-14 \/ 30\u00d710-14<\/p>\n\n\n\n<p class=\"has-text-align-center wp-block-paragraph\"><strong>Frenos<\/strong><\/p>\n\n\n\n<p class=\"has-text-align-center wp-block-paragraph\">Disco (4 Ruedas)<\/p>\n<\/div>\n\n\n\n<div class=\"tab-yuUcbb tab-body-item\" data-id=\"tab-yuUcbb\">\n<p class=\"has-text-align-right wp-block-paragraph\"><strong>Longitud \u00d7 Anchura \u00d7 Altura<\/strong><\/p>\n\n\n\n<p class=\"has-text-align-right wp-block-paragraph\">3050 mm x 1600 mm x 1980 mm<\/p>\n\n\n\n<p class=\"has-text-align-right wp-block-paragraph\"><strong>Distancia entre Ejes<\/strong><\/p>\n\n\n\n<p class=\"has-text-align-right wp-block-paragraph\">2110 mm<\/p>\n\n\n\n<p class=\"has-text-align-right wp-block-paragraph\"><strong>Altura libre al Suelo<\/strong><\/p>\n\n\n\n<p class=\"has-text-align-right wp-block-paragraph\">320 mm<\/p>\n\n\n\n<p class=\"has-text-align-right wp-block-paragraph\"><strong>Capacidad de Deposito<\/strong><\/p>\n\n\n\n<p class=\"has-text-align-right wp-block-paragraph\">43 litros<\/p>\n\n\n\n<p class=\"has-text-align-right wp-block-paragraph\"><strong>Capacidad de carga Vertical<\/strong><\/p>\n\n\n\n<p class=\"has-text-align-right wp-block-paragraph\">110 kg<\/p>\n\n\n\n<p class=\"has-text-align-right wp-block-paragraph\"><strong>Capacidad del Remolque<\/strong><\/p>\n\n\n\n<p class=\"has-text-align-right wp-block-paragraph\">700 kg<\/p>\n\n\n\n<p class=\"has-text-align-right wp-block-paragraph\"><strong>Capacidad Caja Trasera<\/strong><\/p>\n\n\n\n<p class=\"has-text-align-right wp-block-paragraph\">272 kg (385 Lt)<\/p>\n<\/div>\n<\/div><\/div>\n","protected":false},"excerpt":{"rendered":"<p>Fuerza sin descanso El Fugleman UT6 es un utilitario robusto dise\u00f1ado para trabajo intensivo y desplazamientos exigentes. Su motor de alto par garantiza fuerza constante incluso con carga, mientras que la tracci\u00f3n integral y la suspensi\u00f3n reforzada aseguran estabilidad en terrenos irregulares. Con una estructura s\u00f3lida y funcional, ofrece capacidad, fiabilidad y rendimiento continuo en [&hellip;]<\/p>\n","protected":false},"author":1,"featured_media":0,"parent":0,"menu_order":0,"comment_status":"closed","ping_status":"closed","template":"","meta":{"footnotes":""},"class_list":["post-1928","page","type-page","status-publish","hentry"],"_links":{"self":[{"href":"https:\/\/motosandresmontoya.com\/index.php?rest_route=\/wp\/v2\/pages\/1928","targetHints":{"allow":["GET"]}}],"collection":[{"href":"https:\/\/motosandresmontoya.com\/index.php?rest_route=\/wp\/v2\/pages"}],"about":[{"href":"https:\/\/motosandresmontoya.com\/index.php?rest_route=\/wp\/v2\/types\/page"}],"author":[{"embeddable":true,"href":"https:\/\/motosandresmontoya.com\/index.php?rest_route=\/wp\/v2\/users\/1"}],"replies":[{"embeddable":true,"href":"https:\/\/motosandresmontoya.com\/index.php?rest_route=%2Fwp%2Fv2%2Fcomments&post=1928"}],"version-history":[{"count":4,"href":"https:\/\/motosandresmontoya.com\/index.php?rest_route=\/wp\/v2\/pages\/1928\/revisions"}],"predecessor-version":[{"id":1959,"href":"https:\/\/motosandresmontoya.com\/index.php?rest_route=\/wp\/v2\/pages\/1928\/revisions\/1959"}],"wp:attachment":[{"href":"https:\/\/motosandresmontoya.com\/index.php?rest_route=%2Fwp%2Fv2%2Fmedia&parent=1928"}],"curies":[{"name":"wp","href":"https:\/\/api.w.org\/{rel}","templated":true}]}}