{"id":1380,"date":"2025-10-21T09:31:38","date_gmt":"2025-10-21T09:31:38","guid":{"rendered":"https:\/\/motosandresmontoya.com\/?page_id=1380"},"modified":"2025-11-10T11:09:54","modified_gmt":"2025-11-10T11:09:54","slug":"especificaciones-z210","status":"publish","type":"page","link":"https:\/\/motosandresmontoya.com\/?page_id=1380","title":{"rendered":"Z 210"},"content":{"rendered":"\n<div class=\"wp-block-columns is-layout-flex wp-container-core-columns-is-layout-7387b849 wp-block-columns-is-layout-flex\">\n<div class=\"wp-block-column is-layout-flow wp-block-column-is-layout-flow\">\n<figure class=\"wp-block-gallery has-nested-images columns-default is-cropped wp-block-gallery-1 is-layout-flex wp-block-gallery-is-layout-flex\">\n<figure class=\"wp-block-image size-large\"><img loading=\"lazy\" decoding=\"async\" width=\"1024\" height=\"1024\" data-id=\"1390\" src=\"https:\/\/motosandresmontoya.com\/wp-content\/uploads\/2025\/10\/ChatGPT-Image-21-oct-2025-11_03_08.png\" alt=\"\" class=\"wp-image-1390\" srcset=\"https:\/\/motosandresmontoya.com\/wp-content\/uploads\/2025\/10\/ChatGPT-Image-21-oct-2025-11_03_08.png 1024w, https:\/\/motosandresmontoya.com\/wp-content\/uploads\/2025\/10\/ChatGPT-Image-21-oct-2025-11_03_08-300x300.png 300w, https:\/\/motosandresmontoya.com\/wp-content\/uploads\/2025\/10\/ChatGPT-Image-21-oct-2025-11_03_08-150x150.png 150w, https:\/\/motosandresmontoya.com\/wp-content\/uploads\/2025\/10\/ChatGPT-Image-21-oct-2025-11_03_08-768x768.png 768w\" sizes=\"auto, (max-width: 1024px) 100vw, 1024px\" \/><\/figure>\n<\/figure>\n<\/div>\n\n\n\n<div class=\"wp-block-column has-default-color has-text-color has-link-color wp-elements-1 is-layout-flow wp-block-column-is-layout-flow\">\n<h2 class=\"wp-block-heading has-text-align-center\">Diversi\u00f3n sin l\u00edmites<\/h2>\n\n\n\n<hr class=\"wp-block-separator has-text-color has-default-color has-alpha-channel-opacity has-default-background-color has-background\"\/>\n\n\n\n<p class=\"wp-block-paragraph\">El Linhai Z210 EFI es un quad vers\u00e1til y \u00e1gil pensado tanto para iniciarse en el off-road como para disfrutar los caminos con libertad. Su dise\u00f1o compacto, tracci\u00f3n fiable y conducci\u00f3n accesible lo convierten en una opci\u00f3n pr\u00e1ctica para quienes buscan aventura sin complicaciones.<\/p>\n\n\n\n<p class=\"wp-block-paragraph\"><strong>PVPR: 3.190,00\u20ac<\/strong><\/p>\n\n\n\n<p class=\"wp-block-paragraph\">Iva incluido. Los gastos de matriculaci\u00f3n y portes hasta Baleares y Canaria no incluidos.<\/p>\n\n\n\n<div class=\"wp-block-buttons is-content-justification-center is-layout-flex wp-container-core-buttons-is-layout-3e41869c wp-block-buttons-is-layout-flex\">\n<div class=\"wp-block-button has-custom-width wp-block-button__width-50\"><a class=\"wp-block-button__link wp-element-button\" href=\"https:\/\/motosandresmontoya.com\/?page_id=1381\">Fotos<\/a><\/div>\n<\/div>\n<\/div>\n<\/div>\n\n\n\n<hr class=\"wp-block-separator has-text-color has-default-color has-alpha-channel-opacity has-default-background-color has-background\"\/>\n\n\n\n<h2 class=\"wp-block-heading has-text-align-center has-default-color has-text-color has-link-color wp-elements-2\">Especificaciones<\/h2>\n\n\n\n<div class=\"guten-element guten-tabs guten-eY9f8K horizontal-center\"><div class=\"tab-heading\"><div class=\"tab-heading-item active\" id=\"tab-Nr5fAU\" data-id=\"tab-Nr5fAU\"><span>Motor\/ Transmisi\u00f3n<\/span><\/div><div class=\"tab-heading-item\" id=\"tab-WAwmXE\" data-id=\"tab-WAwmXE\"><span>Chasis<\/span><\/div><div class=\"tab-heading-item\" id=\"tab-8en6dR\" data-id=\"tab-8en6dR\"><span>Dimensiones<\/span><\/div><\/div><div class=\"tab-heading-mobile\"><div class=\"tab-title\"><span>Motor\/ Transmisi\u00f3n<\/span><i class=\"tab-dropdown-icon fas\"><\/i><\/div><div class=\"tab-option\"><div data-id=\"tab-Nr5fAU\" class=\"tab-option-item active\"><span>Motor\/ Transmisi\u00f3n<\/span><\/div><div data-id=\"tab-WAwmXE\" class=\"tab-option-item\"><span>Chasis<\/span><\/div><div data-id=\"tab-8en6dR\" class=\"tab-option-item\"><span>Dimensiones<\/span><\/div><\/div><\/div><div class=\"tab-body\">\n<div class=\"tab-Nr5fAU tab-body-item\" data-id=\"tab-Nr5fAU\">\n<p class=\"wp-block-paragraph\"><strong>Tipo<\/strong><br>Monocilindrico, 4 tiempos<\/p>\n\n\n\n<p class=\"wp-block-paragraph\"><strong>Refrigeraci\u00f3n<\/strong><br>Aire con radiador de aceite<\/p>\n\n\n\n<p class=\"wp-block-paragraph\"><strong>Cilindrada (cm3)<\/strong><br>177<\/p>\n\n\n\n<p class=\"wp-block-paragraph\"><strong>Carrera x Di\u00e1metro (mm)<\/strong><br>57,8\u00d762,5<\/p>\n\n\n\n<p class=\"wp-block-paragraph\"><strong>Sistema de Alimentaci\u00f3n<\/strong><br>EFI<\/p>\n\n\n\n<p class=\"wp-block-paragraph\"><strong>Sistema de Arranque<\/strong><br>El\u00e9ctrico<\/p>\n\n\n\n<p class=\"wp-block-paragraph\"><strong>Sistema de Transmisi\u00f3n<\/strong><br>Variador autom\u00e1tico F\/N\/R<\/p>\n\n\n\n<p class=\"wp-block-paragraph\"><strong>Tipo de Tracci\u00f3n<\/strong><br>2\u00d74 por cadena<\/p>\n\n\n\n<p class=\"wp-block-paragraph\"><strong>Homologaci\u00f3n<\/strong><br>T3b (2 plazas)<\/p>\n<\/div>\n\n\n\n<div class=\"tab-WAwmXE tab-body-item\" data-id=\"tab-WAwmXE\">\n<p class=\"has-text-align-center wp-block-paragraph\"><strong>Suspensi\u00f3n delantera<\/strong><br>Tri\u00e1ngulos dobles independientes<\/p>\n\n\n\n<p class=\"has-text-align-center wp-block-paragraph\"><strong>Suspensi\u00f3n trasera<\/strong><br>Brazo oscilante<\/p>\n\n\n\n<p class=\"has-text-align-center wp-block-paragraph\"><strong>Frenos delanteros<\/strong><br>Doble Disco<\/p>\n\n\n\n<p class=\"has-text-align-center wp-block-paragraph\"><strong>Frenos traseros<\/strong><br>Disco<\/p>\n\n\n\n<p class=\"has-text-align-center wp-block-paragraph\"><strong>Llantas<\/strong><strong><br><\/strong>Aluminio<\/p>\n\n\n\n<p class=\"has-text-align-center wp-block-paragraph\"><strong>Neum\u00e1ticos delanteros<\/strong><br>21\u00d77-10<\/p>\n\n\n\n<p class=\"has-text-align-center wp-block-paragraph\"><strong>Neum\u00e1ticos Traseros<\/strong><br>22\u00d710-10<\/p>\n<\/div>\n\n\n\n<div class=\"tab-8en6dR tab-body-item\" data-id=\"tab-8en6dR\">\n<p class=\"wp-block-paragraph\"><strong>Longitud (mm)<\/strong><br>2043<\/p>\n\n\n\n<p class=\"wp-block-paragraph\"><strong>Anchura (mm)<\/strong><br>1048<\/p>\n\n\n\n<p class=\"wp-block-paragraph\"><strong>Altura (mm)<\/strong><br>1325<\/p>\n\n\n\n<p class=\"wp-block-paragraph\"><strong>Distancia entre ejes (mm)<\/strong><br>1180<\/p>\n\n\n\n<p class=\"wp-block-paragraph\"><strong>Altura del Asiento (mm)<\/strong><br>800<\/p>\n\n\n\n<p class=\"wp-block-paragraph\"><strong>Peso (kg)<\/strong><br>283<\/p>\n\n\n\n<p class=\"wp-block-paragraph\"><strong>Capacidad Combustible (l)<\/strong><br>9<\/p>\n<\/div>\n<\/div><\/div>\n","protected":false},"excerpt":{"rendered":"<p>Diversi\u00f3n sin l\u00edmites El Linhai Z210 EFI es un quad vers\u00e1til y \u00e1gil pensado tanto para iniciarse en el off-road como para disfrutar los caminos con libertad. Su dise\u00f1o compacto, tracci\u00f3n fiable y conducci\u00f3n accesible lo convierten en una opci\u00f3n pr\u00e1ctica para quienes buscan aventura sin complicaciones. PVPR: 3.190,00\u20ac Iva incluido. Los gastos de matriculaci\u00f3n [&hellip;]<\/p>\n","protected":false},"author":1,"featured_media":0,"parent":0,"menu_order":0,"comment_status":"closed","ping_status":"closed","template":"","meta":{"footnotes":""},"class_list":["post-1380","page","type-page","status-publish","hentry"],"_links":{"self":[{"href":"https:\/\/motosandresmontoya.com\/index.php?rest_route=\/wp\/v2\/pages\/1380","targetHints":{"allow":["GET"]}}],"collection":[{"href":"https:\/\/motosandresmontoya.com\/index.php?rest_route=\/wp\/v2\/pages"}],"about":[{"href":"https:\/\/motosandresmontoya.com\/index.php?rest_route=\/wp\/v2\/types\/page"}],"author":[{"embeddable":true,"href":"https:\/\/motosandresmontoya.com\/index.php?rest_route=\/wp\/v2\/users\/1"}],"replies":[{"embeddable":true,"href":"https:\/\/motosandresmontoya.com\/index.php?rest_route=%2Fwp%2Fv2%2Fcomments&post=1380"}],"version-history":[{"count":3,"href":"https:\/\/motosandresmontoya.com\/index.php?rest_route=\/wp\/v2\/pages\/1380\/revisions"}],"predecessor-version":[{"id":2305,"href":"https:\/\/motosandresmontoya.com\/index.php?rest_route=\/wp\/v2\/pages\/1380\/revisions\/2305"}],"wp:attachment":[{"href":"https:\/\/motosandresmontoya.com\/index.php?rest_route=%2Fwp%2Fv2%2Fmedia&parent=1380"}],"curies":[{"name":"wp","href":"https:\/\/api.w.org\/{rel}","templated":true}]}}