{"id":1310,"date":"2025-10-21T08:35:08","date_gmt":"2025-10-21T08:35:08","guid":{"rendered":"https:\/\/motosandresmontoya.com\/?page_id=1310"},"modified":"2025-11-10T11:07:15","modified_gmt":"2025-11-10T11:07:15","slug":"especificaciones-lh-550-promax","status":"publish","type":"page","link":"https:\/\/motosandresmontoya.com\/?page_id=1310","title":{"rendered":"LH 550 PROMAX"},"content":{"rendered":"\n<div class=\"wp-block-columns is-layout-flex wp-container-core-columns-is-layout-7387b849 wp-block-columns-is-layout-flex\">\n<div class=\"wp-block-column is-layout-flow wp-block-column-is-layout-flow\">\n<figure class=\"wp-block-gallery has-nested-images columns-default is-cropped wp-block-gallery-1 is-layout-flex wp-block-gallery-is-layout-flex\">\n<figure class=\"wp-block-image size-large\"><img loading=\"lazy\" decoding=\"async\" width=\"1024\" height=\"1024\" data-id=\"1326\" src=\"https:\/\/motosandresmontoya.com\/wp-content\/uploads\/2025\/10\/ChatGPT-Image-21-oct-2025-10_28_46.png\" alt=\"\" class=\"wp-image-1326\" srcset=\"https:\/\/motosandresmontoya.com\/wp-content\/uploads\/2025\/10\/ChatGPT-Image-21-oct-2025-10_28_46.png 1024w, https:\/\/motosandresmontoya.com\/wp-content\/uploads\/2025\/10\/ChatGPT-Image-21-oct-2025-10_28_46-300x300.png 300w, https:\/\/motosandresmontoya.com\/wp-content\/uploads\/2025\/10\/ChatGPT-Image-21-oct-2025-10_28_46-150x150.png 150w, https:\/\/motosandresmontoya.com\/wp-content\/uploads\/2025\/10\/ChatGPT-Image-21-oct-2025-10_28_46-768x768.png 768w\" sizes=\"auto, (max-width: 1024px) 100vw, 1024px\" \/><\/figure>\n<\/figure>\n<\/div>\n\n\n\n<div class=\"wp-block-column has-default-color has-text-color has-link-color wp-elements-1 is-layout-flow wp-block-column-is-layout-flow\">\n<h2 class=\"wp-block-heading has-text-align-center\">Fuerza sin esfuerzo<\/h2>\n\n\n\n<hr class=\"wp-block-separator has-text-color has-default-color has-alpha-channel-opacity has-default-background-color has-background\"\/>\n\n\n\n<p class=\"wp-block-paragraph\">El Linhai LH550 Promax combina potencia y control en un dise\u00f1o que inspira confianza. Su comportamiento equilibrado y su capacidad todoterreno lo convierten en el compa\u00f1ero ideal tanto para el trabajo diario como para las escapadas de aventura. Un ATV robusto, c\u00f3modo y siempre listo para rendir al m\u00e1ximo.<\/p>\n\n\n\n<p class=\"wp-block-paragraph\"><strong>PVPR: 6.390,00\u20ac<\/strong><\/p>\n\n\n\n<p class=\"wp-block-paragraph\">Iva incluido. Los gastos de matriculaci\u00f3n y portes hasta Baleares y Canaria no incluidos.<\/p>\n\n\n\n<div class=\"wp-block-buttons is-content-justification-center is-layout-flex wp-container-core-buttons-is-layout-3e41869c wp-block-buttons-is-layout-flex\">\n<div class=\"wp-block-button has-custom-width wp-block-button__width-50\"><a class=\"wp-block-button__link wp-element-button\" href=\"https:\/\/motosandresmontoya.com\/?page_id=1311\">Fotos<\/a><\/div>\n<\/div>\n<\/div>\n<\/div>\n\n\n\n<hr class=\"wp-block-separator has-text-color has-default-color has-alpha-channel-opacity has-default-background-color has-background\"\/>\n\n\n\n<h2 class=\"wp-block-heading has-text-align-center has-default-color has-text-color has-link-color wp-elements-2\">Especificaciones<\/h2>\n\n\n\n<div class=\"guten-element guten-tabs guten-BJDo2C horizontal-center\"><div class=\"tab-heading\"><div class=\"tab-heading-item active\" id=\"tab-gB8Iwk\" data-id=\"tab-gB8Iwk\"><span>Motor\/ Transmisi\u00f3n<\/span><\/div><div class=\"tab-heading-item\" id=\"tab-0D8BAR\" data-id=\"tab-0D8BAR\"><span>Chasis<\/span><\/div><div class=\"tab-heading-item\" id=\"tab-EGVetg\" data-id=\"tab-EGVetg\"><span>Dimensiones<\/span><\/div><\/div><div class=\"tab-heading-mobile\"><div class=\"tab-title\"><span>Motor\/ Transmisi\u00f3n<\/span><i class=\"tab-dropdown-icon fas\"><\/i><\/div><div class=\"tab-option\"><div data-id=\"tab-gB8Iwk\" class=\"tab-option-item active\"><span>Motor\/ Transmisi\u00f3n<\/span><\/div><div data-id=\"tab-0D8BAR\" class=\"tab-option-item\"><span>Chasis<\/span><\/div><div data-id=\"tab-EGVetg\" class=\"tab-option-item\"><span>Dimensiones<\/span><\/div><\/div><\/div><div class=\"tab-body\">\n<div class=\"tab-gB8Iwk tab-body-item\" data-id=\"tab-gB8Iwk\">\n<p class=\"wp-block-paragraph\"><strong>Tipo<\/strong><br>Monocilindrico, 4 tiempos<\/p>\n\n\n\n<p class=\"wp-block-paragraph\"><strong>Refrigeraci\u00f3n<\/strong><br>Liquida<\/p>\n\n\n\n<p class=\"wp-block-paragraph\"><strong>Cilindrada (cm3)<\/strong><br>499<\/p>\n\n\n\n<p class=\"wp-block-paragraph\"><strong>Carrera x Di\u00e1metro (mm)<\/strong><br>76,8\u00d791<\/p>\n\n\n\n<p class=\"wp-block-paragraph\"><strong>Sistema de Arranque<\/strong><br>El\u00e9ctrico<\/p>\n\n\n\n<p class=\"wp-block-paragraph\"><strong>Sistema de Transmisi\u00f3n<\/strong><br>Variador&nbsp;autom\u00e1tico H\/L\/N\/R<\/p>\n\n\n\n<p class=\"wp-block-paragraph\"><strong>Tipo de Tracci\u00f3n<\/strong><br>4\u00d74 por eje<\/p>\n\n\n\n<p class=\"wp-block-paragraph\"><strong>Homologaci\u00f3n<\/strong><br>T3b (2 plazas)<\/p>\n<\/div>\n\n\n\n<div class=\"tab-0D8BAR tab-body-item\" data-id=\"tab-0D8BAR\">\n<p class=\"has-text-align-center wp-block-paragraph\"><strong>Suspensi\u00f3n delantera<\/strong><br>MacPherson<\/p>\n\n\n\n<p class=\"has-text-align-center wp-block-paragraph\"><strong>Suspensi\u00f3n trasera<\/strong><br>Doble trapecios<\/p>\n\n\n\n<p class=\"has-text-align-center wp-block-paragraph\"><strong>Frenos delanteros<\/strong><br>Doble Disco<\/p>\n\n\n\n<p class=\"has-text-align-center wp-block-paragraph\"><strong>Frenos traseros<\/strong><br>Disco<\/p>\n\n\n\n<p class=\"has-text-align-center wp-block-paragraph\"><strong>Llantas<\/strong><strong><br><\/strong>Aluminio<\/p>\n\n\n\n<p class=\"has-text-align-center wp-block-paragraph\"><strong>Neum\u00e1ticos delanteros<\/strong><br>25\u00d78-12<\/p>\n\n\n\n<p class=\"has-text-align-center wp-block-paragraph\"><strong>Neum\u00e1ticos Traseros<\/strong><br>25\u00d710-12<\/p>\n<\/div>\n\n\n\n<div class=\"tab-EGVetg tab-body-item\" data-id=\"tab-EGVetg\">\n<p class=\"has-text-align-right wp-block-paragraph\"><strong>Longitud (mm)<\/strong><br>2240<\/p>\n\n\n\n<p class=\"has-text-align-right wp-block-paragraph\"><strong>Anchura (mm)<\/strong><br>1160<\/p>\n\n\n\n<p class=\"has-text-align-right wp-block-paragraph\"><strong>Altura (mm)<\/strong><br>1480<\/p>\n\n\n\n<p class=\"has-text-align-right wp-block-paragraph\"><strong>Distancia entre ejes (mm)<\/strong><br>1270<\/p>\n\n\n\n<p class=\"has-text-align-right wp-block-paragraph\"><strong>Altura del Asiento (mm)<\/strong><br>900<\/p>\n\n\n\n<p class=\"has-text-align-right wp-block-paragraph\"><strong>Peso (kg)<\/strong><br>445<\/p>\n\n\n\n<p class=\"has-text-align-right wp-block-paragraph\"><strong>Capacidad Combustible (l)<\/strong><br>12,5<\/p>\n<\/div>\n<\/div><\/div>\n","protected":false},"excerpt":{"rendered":"<p>Fuerza sin esfuerzo El Linhai LH550 Promax combina potencia y control en un dise\u00f1o que inspira confianza. Su comportamiento equilibrado y su capacidad todoterreno lo convierten en el compa\u00f1ero ideal tanto para el trabajo diario como para las escapadas de aventura. Un ATV robusto, c\u00f3modo y siempre listo para rendir al m\u00e1ximo. PVPR: 6.390,00\u20ac Iva [&hellip;]<\/p>\n","protected":false},"author":1,"featured_media":0,"parent":0,"menu_order":0,"comment_status":"closed","ping_status":"closed","template":"","meta":{"footnotes":""},"class_list":["post-1310","page","type-page","status-publish","hentry"],"_links":{"self":[{"href":"https:\/\/motosandresmontoya.com\/index.php?rest_route=\/wp\/v2\/pages\/1310","targetHints":{"allow":["GET"]}}],"collection":[{"href":"https:\/\/motosandresmontoya.com\/index.php?rest_route=\/wp\/v2\/pages"}],"about":[{"href":"https:\/\/motosandresmontoya.com\/index.php?rest_route=\/wp\/v2\/types\/page"}],"author":[{"embeddable":true,"href":"https:\/\/motosandresmontoya.com\/index.php?rest_route=\/wp\/v2\/users\/1"}],"replies":[{"embeddable":true,"href":"https:\/\/motosandresmontoya.com\/index.php?rest_route=%2Fwp%2Fv2%2Fcomments&post=1310"}],"version-history":[{"count":4,"href":"https:\/\/motosandresmontoya.com\/index.php?rest_route=\/wp\/v2\/pages\/1310\/revisions"}],"predecessor-version":[{"id":2296,"href":"https:\/\/motosandresmontoya.com\/index.php?rest_route=\/wp\/v2\/pages\/1310\/revisions\/2296"}],"wp:attachment":[{"href":"https:\/\/motosandresmontoya.com\/index.php?rest_route=%2Fwp%2Fv2%2Fmedia&parent=1310"}],"curies":[{"name":"wp","href":"https:\/\/api.w.org\/{rel}","templated":true}]}}