{"id":1285,"date":"2025-10-21T07:41:47","date_gmt":"2025-10-21T07:41:47","guid":{"rendered":"https:\/\/motosandresmontoya.com\/?page_id=1285"},"modified":"2025-11-10T10:56:18","modified_gmt":"2025-11-10T10:56:18","slug":"especificaciones-lh-50-du","status":"publish","type":"page","link":"https:\/\/motosandresmontoya.com\/?page_id=1285","title":{"rendered":"LH 50 DU"},"content":{"rendered":"\n<div class=\"wp-block-columns has-default-color has-text-color has-link-color wp-elements-1 is-layout-flex wp-container-core-columns-is-layout-7387b849 wp-block-columns-is-layout-flex\">\n<div class=\"wp-block-column is-layout-flow wp-block-column-is-layout-flow\">\n<figure class=\"wp-block-gallery has-nested-images columns-default is-cropped wp-block-gallery-1 is-layout-flex wp-block-gallery-is-layout-flex\">\n<figure class=\"wp-block-image size-large\"><img loading=\"lazy\" decoding=\"async\" width=\"1024\" height=\"852\" data-id=\"1263\" src=\"https:\/\/motosandresmontoya.com\/wp-content\/uploads\/2025\/10\/KR_03145_HDR-1024x852.jpeg\" alt=\"\" class=\"wp-image-1263\" srcset=\"https:\/\/motosandresmontoya.com\/wp-content\/uploads\/2025\/10\/KR_03145_HDR-1024x852.jpeg 1024w, https:\/\/motosandresmontoya.com\/wp-content\/uploads\/2025\/10\/KR_03145_HDR-300x250.jpeg 300w, https:\/\/motosandresmontoya.com\/wp-content\/uploads\/2025\/10\/KR_03145_HDR-768x639.jpeg 768w, https:\/\/motosandresmontoya.com\/wp-content\/uploads\/2025\/10\/KR_03145_HDR-1536x1278.jpeg 1536w, https:\/\/motosandresmontoya.com\/wp-content\/uploads\/2025\/10\/KR_03145_HDR-2048x1704.jpeg 2048w\" sizes=\"auto, (max-width: 1024px) 100vw, 1024px\" \/><\/figure>\n<\/figure>\n<\/div>\n\n\n\n<div class=\"wp-block-column is-layout-flow wp-block-column-is-layout-flow\">\n<h4 class=\"wp-block-heading has-text-align-center has-large-font-size\">El\u00e9ctrico. Libre. Funcional<\/h4>\n\n\n\n<hr class=\"wp-block-separator has-text-color has-default-color has-alpha-channel-opacity has-default-background-color has-background\"\/>\n\n\n\n<p class=\"wp-block-paragraph\">El Linhai LH50 DU redefine el trabajo y la aventura con su impulso totalmente el\u00e9ctrico. Silencioso, potente y respetuoso con el entorno, combina dise\u00f1o funcional con la fuerza necesaria para afrontar cualquier tarea. Ideal para quienes buscan eficiencia, comodidad y libertad en cada recorrido.<\/p>\n\n\n\n<p class=\"wp-block-paragraph\"><strong>PVPR: 8.990,00\u20ac<\/strong><\/p>\n\n\n\n<p class=\"wp-block-paragraph\">Iva incluido. Los gastos de matriculaci\u00f3n y portes hasta Baleares y Canaria no incluidos<strong><br><\/strong><\/p>\n\n\n\n<div class=\"wp-block-buttons is-content-justification-center is-layout-flex wp-container-core-buttons-is-layout-3e41869c wp-block-buttons-is-layout-flex\">\n<div class=\"wp-block-button has-custom-width wp-block-button__width-50\"><a class=\"wp-block-button__link wp-element-button\" href=\"https:\/\/motosandresmontoya.com\/?page_id=1252\">Fotos<\/a><\/div>\n<\/div>\n<\/div>\n<\/div>\n\n\n\n<hr class=\"wp-block-separator has-text-color has-default-color has-alpha-channel-opacity has-default-background-color has-background\"\/>\n\n\n\n<h2 class=\"wp-block-heading has-text-align-center has-default-color has-text-color has-link-color wp-elements-2\">Especificaciones<\/h2>\n\n\n\n<div class=\"guten-element guten-tabs guten-4wikE4 horizontal-center\"><div class=\"tab-heading\"><div class=\"tab-heading-item active\" id=\"tab-GLfg4M\" data-id=\"tab-GLfg4M\"><span>Motor \/ Transmici\u00f3n<\/span><\/div><div class=\"tab-heading-item\" id=\"tab-jPyC2U\" data-id=\"tab-jPyC2U\"><span>Chasis<\/span><\/div><div class=\"tab-heading-item\" id=\"tab-13nHMy\" data-id=\"tab-13nHMy\"><span>Dimensiones<\/span><\/div><\/div><div class=\"tab-heading-mobile\"><div class=\"tab-title\"><span>Motor \/ Transmici\u00f3n<\/span><i class=\"tab-dropdown-icon fas\"><\/i><\/div><div class=\"tab-option\"><div data-id=\"tab-GLfg4M\" class=\"tab-option-item active\"><span>Motor \/ Transmici\u00f3n<\/span><\/div><div data-id=\"tab-jPyC2U\" class=\"tab-option-item\"><span>Chasis<\/span><\/div><div data-id=\"tab-13nHMy\" class=\"tab-option-item\"><span>Dimensiones<\/span><\/div><\/div><\/div><div class=\"tab-body\">\n<div class=\"tab-GLfg4M tab-body-item\" data-id=\"tab-GLfg4M\">\n<p class=\"wp-block-paragraph\"><strong>Tipo<\/strong><br>El\u00e9ctrico, Trif\u00e1sico 60 V<\/p>\n\n\n\n<p class=\"wp-block-paragraph\"><strong>Potencia<\/strong><br>9,3 kW<\/p>\n\n\n\n<p class=\"wp-block-paragraph\"><strong>Bater\u00eda<\/strong><\/p>\n\n\n\n<p class=\"wp-block-paragraph\">60 V \/ 150 Ah \/ 9kWh<\/p>\n\n\n\n<p class=\"wp-block-paragraph\"><strong>Autonom\u00eda*<\/strong><br>95 Km (* La autonom\u00eda es estimada, basada en datos de homologaci\u00f3n. La autonom\u00eda real var\u00eda en funci\u00f3n de diversos factores como la velocidad, la aceleraci\u00f3n, la carga, el clima, el mantenimiento y el tipo de uso del veh\u00edculo.)<\/p>\n\n\n\n<p class=\"wp-block-paragraph\"><strong>Tiempo de carga<\/strong><strong><br><\/strong>9 Horas<\/p>\n\n\n\n<p class=\"wp-block-paragraph\"><strong>Modos de conducci\u00f3n<\/strong><br>Power y Economy<\/p>\n\n\n\n<p class=\"wp-block-paragraph\"><strong>Sistema de Transmisi\u00f3n<\/strong><br>Variador autom\u00e1tico F\/N\/R<\/p>\n\n\n\n<p class=\"wp-block-paragraph\"><strong>Tipo de Tracci\u00f3n<\/strong><br>2\u00d74 por eje<\/p>\n\n\n\n<p class=\"wp-block-paragraph\"><strong>Homologaci\u00f3n<\/strong><br>L7 (2 plazas)<\/p>\n<\/div>\n\n\n\n<div class=\"tab-jPyC2U tab-body-item\" data-id=\"tab-jPyC2U\">\n<p class=\"has-text-align-center wp-block-paragraph\"><strong>Suspensi\u00f3n delantera<\/strong><br>MacPherson<\/p>\n\n\n\n<p class=\"has-text-align-center wp-block-paragraph\"><strong>Suspensi\u00f3n trasera<\/strong><br>Doble tri\u00e1ngulo<\/p>\n\n\n\n<p class=\"has-text-align-center wp-block-paragraph\"><strong>Frenos delanteros<\/strong><br>Disco<\/p>\n\n\n\n<p class=\"has-text-align-center wp-block-paragraph\"><strong>Frenos traseros<\/strong><br>Disco<\/p>\n\n\n\n<p class=\"has-text-align-center wp-block-paragraph\"><strong>Llantas<\/strong><strong><br><\/strong>Aluminio<\/p>\n\n\n\n<p class=\"has-text-align-center wp-block-paragraph\"><strong>Neum\u00e1ticos delanteros<\/strong><br>24\u00d78-12<\/p>\n\n\n\n<p class=\"has-text-align-center wp-block-paragraph\"><strong>Neum\u00e1ticos Traseros<\/strong><br>24\u00d78-12<\/p>\n<\/div>\n\n\n\n<div class=\"tab-13nHMy tab-body-item\" data-id=\"tab-13nHMy\">\n<p class=\"has-text-align-right wp-block-paragraph\"><strong>Longitud (mm)<\/strong><br>2700<\/p>\n\n\n\n<p class=\"has-text-align-right wp-block-paragraph\"><strong>Anchura (mm)<\/strong><br>1420<\/p>\n\n\n\n<p class=\"has-text-align-right wp-block-paragraph\"><strong>Altura (mm)<\/strong><br>1870<\/p>\n\n\n\n<p class=\"has-text-align-right wp-block-paragraph\"><strong>Distancia entre ejes (mm)<\/strong><br>1805<\/p>\n\n\n\n<p class=\"has-text-align-right wp-block-paragraph\"><strong>Distancia al Suelo (mm)<\/strong><br>228<\/p>\n\n\n\n<p class=\"has-text-align-right wp-block-paragraph\"><strong>Peso (kg)<\/strong><br>436 (761 kg c\/Baterias y Conductor)<\/p>\n\n\n\n<p class=\"has-text-align-right wp-block-paragraph\"><strong>Caja de Carga (LxAxA)<\/strong><br>900 x 1330 x 320 mm (Basculante)<\/p>\n\n\n\n<p class=\"has-text-align-right wp-block-paragraph\"><strong>Capacidad de Carga (kg)<\/strong><br>150<\/p>\n<\/div>\n<\/div><\/div>\n\n\n\n<p class=\"wp-block-paragraph\"><\/p>\n","protected":false},"excerpt":{"rendered":"<p>El\u00e9ctrico. Libre. Funcional El Linhai LH50 DU redefine el trabajo y la aventura con su impulso totalmente el\u00e9ctrico. Silencioso, potente y respetuoso con el entorno, combina dise\u00f1o funcional con la fuerza necesaria para afrontar cualquier tarea. Ideal para quienes buscan eficiencia, comodidad y libertad en cada recorrido. PVPR: 8.990,00\u20ac Iva incluido. Los gastos de matriculaci\u00f3n [&hellip;]<\/p>\n","protected":false},"author":1,"featured_media":0,"parent":0,"menu_order":0,"comment_status":"closed","ping_status":"closed","template":"","meta":{"footnotes":""},"class_list":["post-1285","page","type-page","status-publish","hentry"],"_links":{"self":[{"href":"https:\/\/motosandresmontoya.com\/index.php?rest_route=\/wp\/v2\/pages\/1285","targetHints":{"allow":["GET"]}}],"collection":[{"href":"https:\/\/motosandresmontoya.com\/index.php?rest_route=\/wp\/v2\/pages"}],"about":[{"href":"https:\/\/motosandresmontoya.com\/index.php?rest_route=\/wp\/v2\/types\/page"}],"author":[{"embeddable":true,"href":"https:\/\/motosandresmontoya.com\/index.php?rest_route=\/wp\/v2\/users\/1"}],"replies":[{"embeddable":true,"href":"https:\/\/motosandresmontoya.com\/index.php?rest_route=%2Fwp%2Fv2%2Fcomments&post=1285"}],"version-history":[{"count":5,"href":"https:\/\/motosandresmontoya.com\/index.php?rest_route=\/wp\/v2\/pages\/1285\/revisions"}],"predecessor-version":[{"id":2282,"href":"https:\/\/motosandresmontoya.com\/index.php?rest_route=\/wp\/v2\/pages\/1285\/revisions\/2282"}],"wp:attachment":[{"href":"https:\/\/motosandresmontoya.com\/index.php?rest_route=%2Fwp%2Fv2%2Fmedia&parent=1285"}],"curies":[{"name":"wp","href":"https:\/\/api.w.org\/{rel}","templated":true}]}}