{"id":1207,"date":"2025-10-16T08:06:57","date_gmt":"2025-10-16T08:06:57","guid":{"rendered":"https:\/\/motosandresmontoya.com\/?page_id=1207"},"modified":"2025-11-10T11:02:55","modified_gmt":"2025-11-10T11:02:55","slug":"especificaciones-f320-4x4-efi","status":"publish","type":"page","link":"https:\/\/motosandresmontoya.com\/?page_id=1207","title":{"rendered":"F320 4&#215;4 EFI"},"content":{"rendered":"\n<div class=\"wp-block-columns is-layout-flex wp-container-core-columns-is-layout-7387b849 wp-block-columns-is-layout-flex\">\n<div class=\"wp-block-column is-layout-flow wp-block-column-is-layout-flow\">\n<figure class=\"wp-block-gallery has-nested-images columns-default is-cropped wp-block-gallery-1 is-layout-flex wp-block-gallery-is-layout-flex\">\n<figure class=\"wp-block-image size-full\"><img loading=\"lazy\" decoding=\"async\" width=\"1024\" height=\"1024\" data-id=\"1230\" src=\"https:\/\/motosandresmontoya.com\/wp-content\/uploads\/2025\/10\/ChatGPT-Image-21-oct-2025-08_35_00.png\" alt=\"\" class=\"wp-image-1230\" srcset=\"https:\/\/motosandresmontoya.com\/wp-content\/uploads\/2025\/10\/ChatGPT-Image-21-oct-2025-08_35_00.png 1024w, https:\/\/motosandresmontoya.com\/wp-content\/uploads\/2025\/10\/ChatGPT-Image-21-oct-2025-08_35_00-300x300.png 300w, https:\/\/motosandresmontoya.com\/wp-content\/uploads\/2025\/10\/ChatGPT-Image-21-oct-2025-08_35_00-150x150.png 150w, https:\/\/motosandresmontoya.com\/wp-content\/uploads\/2025\/10\/ChatGPT-Image-21-oct-2025-08_35_00-768x768.png 768w\" sizes=\"auto, (max-width: 1024px) 100vw, 1024px\" \/><\/figure>\n<\/figure>\n<\/div>\n\n\n\n<div class=\"wp-block-column has-default-color has-text-color has-link-color wp-elements-1 is-layout-flow wp-block-column-is-layout-flow\">\n<h2 class=\"wp-block-heading has-text-align-center\">Potencia Total<\/h2>\n\n\n\n<hr class=\"wp-block-separator has-text-color has-default-color has-alpha-channel-opacity has-default-background-color has-background\"\/>\n\n\n\n<p class=\"wp-block-paragraph\">El Linhai F320 4\u00d74 EFI es un quad robusto y vers\u00e1til que se adapta a los desaf\u00edos del campo y la aventura. Con motor EFI, tracci\u00f3n 4\u00d74, chasis s\u00f3lido y componentes dise\u00f1ados para soportar exigencias, est\u00e1 hecho para quienes buscan rendimiento seguro, control y fiabilidad en todo terreno.<\/p>\n\n\n\n<p class=\"wp-block-paragraph\"><strong>PVPR: 4.970,00\u20ac<\/strong><\/p>\n\n\n\n<p class=\"wp-block-paragraph\">Iva incluido. Los gastos de matriculaci\u00f3n y portes hasta Baleares y Canaria no incluidos<\/p>\n\n\n\n<div class=\"wp-block-buttons is-content-justification-center is-layout-flex wp-container-core-buttons-is-layout-3e41869c wp-block-buttons-is-layout-flex\">\n<div class=\"wp-block-button has-custom-width wp-block-button__width-50\"><a class=\"wp-block-button__link wp-element-button\" href=\"https:\/\/motosandresmontoya.com\/?page_id=1208\">Fotos<\/a><\/div>\n<\/div>\n<\/div>\n<\/div>\n\n\n\n<hr class=\"wp-block-separator has-text-color has-default-color has-alpha-channel-opacity has-default-background-color has-background\"\/>\n\n\n\n<h2 class=\"wp-block-heading has-text-align-center has-default-color has-text-color has-link-color wp-elements-2\">Especificaciones<\/h2>\n\n\n\n<div class=\"guten-element guten-tabs guten-tBqiKX horizontal-center\"><div class=\"tab-heading\"><div class=\"tab-heading-item active\" id=\"tab-yfhiH7\" data-id=\"tab-yfhiH7\"><span>Motor\/ Transmisi\u00f3n<\/span><\/div><div class=\"tab-heading-item\" id=\"tab-g7sNo0\" data-id=\"tab-g7sNo0\"><span>Chasis<\/span><\/div><div class=\"tab-heading-item\" id=\"tab-vreHML\" data-id=\"tab-vreHML\"><span>Dimensiones<\/span><\/div><\/div><div class=\"tab-heading-mobile\"><div class=\"tab-title\"><span>Motor\/ Transmisi\u00f3n<\/span><i class=\"tab-dropdown-icon fas\"><\/i><\/div><div class=\"tab-option\"><div data-id=\"tab-yfhiH7\" class=\"tab-option-item active\"><span>Motor\/ Transmisi\u00f3n<\/span><\/div><div data-id=\"tab-g7sNo0\" class=\"tab-option-item\"><span>Chasis<\/span><\/div><div data-id=\"tab-vreHML\" class=\"tab-option-item\"><span>Dimensiones<\/span><\/div><\/div><\/div><div class=\"tab-body\">\n<div class=\"tab-yfhiH7 tab-body-item\" data-id=\"tab-yfhiH7\">\n<p class=\"wp-block-paragraph\"><strong>Tipo<\/strong><br>Monocilindrico, 4 tiempos<\/p>\n\n\n\n<p class=\"wp-block-paragraph\"><strong>Potencia<\/strong><\/p>\n\n\n\n<p class=\"wp-block-paragraph\">22cv<\/p>\n\n\n\n<p class=\"wp-block-paragraph\"><strong>Refrigeraci\u00f3n<\/strong><br>Liquida<\/p>\n\n\n\n<p class=\"wp-block-paragraph\"><strong>Cilindrada (cm3)<\/strong><br>275<\/p>\n\n\n\n<p class=\"wp-block-paragraph\"><strong>Carrera x Di\u00e1metro (mm)<\/strong><br>66,8\u00d772,5<\/p>\n\n\n\n<p class=\"wp-block-paragraph\"><strong>Alimentaci\u00f3n<\/strong><strong><br><\/strong>Inyecci\u00f3n<\/p>\n\n\n\n<p class=\"wp-block-paragraph\"><strong>Sistema de Arranque<\/strong><br>El\u00e9ctrico<\/p>\n\n\n\n<p class=\"wp-block-paragraph\"><strong>Sistema de Transmisi\u00f3n<\/strong><br>Variador&nbsp;autom\u00e1tico H\/L\/N\/R<\/p>\n\n\n\n<p class=\"wp-block-paragraph\"><strong>Tipo de Transmisi\u00f3n<\/strong><br>2\u00d74 \/ 4\u00d74<\/p>\n\n\n\n<p class=\"wp-block-paragraph\"><strong>Homologaci\u00f3n<\/strong><br>T3b (2 plazas)<\/p>\n<\/div>\n\n\n\n<div class=\"tab-g7sNo0 tab-body-item\" data-id=\"tab-g7sNo0\">\n<p class=\"has-text-align-center wp-block-paragraph\"><strong>Suspensi\u00f3n delantera<\/strong><br>MacPherson<\/p>\n\n\n\n<p class=\"has-text-align-center wp-block-paragraph\"><strong>Suspensi\u00f3n trasera<\/strong><br>Brazo oscilante<\/p>\n\n\n\n<p class=\"has-text-align-center wp-block-paragraph\"><strong>Frenos delanteros<\/strong><br>Doble Disco<\/p>\n\n\n\n<p class=\"has-text-align-center wp-block-paragraph\"><strong>Frenos traseros<\/strong><br>Disco<\/p>\n\n\n\n<p class=\"has-text-align-center wp-block-paragraph\"><strong>Llantas<\/strong><strong><br><\/strong>Hierro<\/p>\n\n\n\n<p class=\"has-text-align-center wp-block-paragraph\"><strong>Neum\u00e1ticos delanteros<\/strong><br>24\u00d78-12<\/p>\n\n\n\n<p class=\"has-text-align-center wp-block-paragraph\"><strong>Neum\u00e1ticos Traseros<\/strong><br>24\u00d711-10<\/p>\n<\/div>\n\n\n\n<div class=\"tab-vreHML tab-body-item\" data-id=\"tab-vreHML\">\n<p class=\"has-text-align-right wp-block-paragraph\"><strong>Longitud (mm)<\/strong><br>2035<\/p>\n\n\n\n<p class=\"has-text-align-right wp-block-paragraph\"><strong>Anchura (mm)<\/strong><br>1150<\/p>\n\n\n\n<p class=\"has-text-align-right wp-block-paragraph\"><strong>Altura (mm)<\/strong><br>1342<\/p>\n\n\n\n<p class=\"has-text-align-right wp-block-paragraph\"><strong>Distancia entre ejes (mm)<\/strong><br>1215<\/p>\n\n\n\n<p class=\"has-text-align-right wp-block-paragraph\"><strong>Altura del Asiento (mm)<\/strong><br>938<\/p>\n\n\n\n<p class=\"has-text-align-right wp-block-paragraph\"><strong>Peso (kg)<\/strong><br>411<\/p>\n\n\n\n<p class=\"has-text-align-right wp-block-paragraph\"><strong>Capacidad Combustible (l)<\/strong><br>12,5<\/p>\n<\/div>\n<\/div><\/div>\n\n\n\n<p class=\"wp-block-paragraph\"><\/p>\n","protected":false},"excerpt":{"rendered":"<p>Potencia Total El Linhai F320 4\u00d74 EFI es un quad robusto y vers\u00e1til que se adapta a los desaf\u00edos del campo y la aventura. Con motor EFI, tracci\u00f3n 4\u00d74, chasis s\u00f3lido y componentes dise\u00f1ados para soportar exigencias, est\u00e1 hecho para quienes buscan rendimiento seguro, control y fiabilidad en todo terreno. PVPR: 4.970,00\u20ac Iva incluido. Los [&hellip;]<\/p>\n","protected":false},"author":1,"featured_media":0,"parent":0,"menu_order":0,"comment_status":"closed","ping_status":"closed","template":"","meta":{"footnotes":""},"class_list":["post-1207","page","type-page","status-publish","hentry"],"_links":{"self":[{"href":"https:\/\/motosandresmontoya.com\/index.php?rest_route=\/wp\/v2\/pages\/1207","targetHints":{"allow":["GET"]}}],"collection":[{"href":"https:\/\/motosandresmontoya.com\/index.php?rest_route=\/wp\/v2\/pages"}],"about":[{"href":"https:\/\/motosandresmontoya.com\/index.php?rest_route=\/wp\/v2\/types\/page"}],"author":[{"embeddable":true,"href":"https:\/\/motosandresmontoya.com\/index.php?rest_route=\/wp\/v2\/users\/1"}],"replies":[{"embeddable":true,"href":"https:\/\/motosandresmontoya.com\/index.php?rest_route=%2Fwp%2Fv2%2Fcomments&post=1207"}],"version-history":[{"count":4,"href":"https:\/\/motosandresmontoya.com\/index.php?rest_route=\/wp\/v2\/pages\/1207\/revisions"}],"predecessor-version":[{"id":2288,"href":"https:\/\/motosandresmontoya.com\/index.php?rest_route=\/wp\/v2\/pages\/1207\/revisions\/2288"}],"wp:attachment":[{"href":"https:\/\/motosandresmontoya.com\/index.php?rest_route=%2Fwp%2Fv2%2Fmedia&parent=1207"}],"curies":[{"name":"wp","href":"https:\/\/api.w.org\/{rel}","templated":true}]}}