{"id":1156,"date":"2025-10-15T15:57:49","date_gmt":"2025-10-15T15:57:49","guid":{"rendered":"https:\/\/motosandresmontoya.com\/?page_id=1156"},"modified":"2025-11-10T11:13:54","modified_gmt":"2025-11-10T11:13:54","slug":"especificaciones-dsr-sm","status":"publish","type":"page","link":"https:\/\/motosandresmontoya.com\/?page_id=1156","title":{"rendered":"DSR SM"},"content":{"rendered":"\n<div class=\"wp-block-columns is-layout-flex wp-container-core-columns-is-layout-7387b849 wp-block-columns-is-layout-flex\">\n<div class=\"wp-block-column is-layout-flow wp-block-column-is-layout-flow\">\n<figure class=\"wp-block-gallery has-nested-images columns-default is-cropped wp-block-gallery-1 is-layout-flex wp-block-gallery-is-layout-flex\">\n<figure class=\"wp-block-image size-large\"><img loading=\"lazy\" decoding=\"async\" width=\"1024\" height=\"1024\" data-id=\"1168\" src=\"https:\/\/motosandresmontoya.com\/wp-content\/uploads\/2025\/10\/ChatGPT-Image-15-oct-2025-17_39_06.png\" alt=\"\" class=\"wp-image-1168\" srcset=\"https:\/\/motosandresmontoya.com\/wp-content\/uploads\/2025\/10\/ChatGPT-Image-15-oct-2025-17_39_06.png 1024w, https:\/\/motosandresmontoya.com\/wp-content\/uploads\/2025\/10\/ChatGPT-Image-15-oct-2025-17_39_06-300x300.png 300w, https:\/\/motosandresmontoya.com\/wp-content\/uploads\/2025\/10\/ChatGPT-Image-15-oct-2025-17_39_06-150x150.png 150w, https:\/\/motosandresmontoya.com\/wp-content\/uploads\/2025\/10\/ChatGPT-Image-15-oct-2025-17_39_06-768x768.png 768w\" sizes=\"auto, (max-width: 1024px) 100vw, 1024px\" \/><\/figure>\n<\/figure>\n<\/div>\n\n\n\n<div class=\"wp-block-column has-default-color has-text-color has-link-color wp-elements-1 is-layout-flow wp-block-column-is-layout-flow\">\n<h2 class=\"wp-block-heading has-text-align-center\">Dominio urbano<\/h2>\n\n\n\n<hr class=\"wp-block-separator has-text-color has-default-color has-alpha-channel-opacity has-default-background-color has-background\"\/>\n\n\n\n<p class=\"wp-block-paragraph\">La Enduro DSR SM combina la agilidad del estilo supermotard con la robustez de una enduro. Con suspensi\u00f3n elevada, neum\u00e1ticos de dise\u00f1o mixto (calzada y pista), frenos potentes y est\u00e9tica agresiva, ofrece un manejo \u00e1gil para la ciudad sin sacrificar car\u00e1cter para tus escapadas off-road ligeras.<\/p>\n\n\n\n<p class=\"wp-block-paragraph\"><strong>PVPR: 3.390,00\u20ac<\/strong><\/p>\n\n\n\n<p class=\"wp-block-paragraph\">Iva incluido. Los gastos de matriculaci\u00f3n y portes hasta Baleares y Canaria no incluidos.<\/p>\n\n\n\n<div class=\"wp-block-buttons is-content-justification-center is-layout-flex wp-container-core-buttons-is-layout-3e41869c wp-block-buttons-is-layout-flex\">\n<div class=\"wp-block-button has-custom-width wp-block-button__width-50\"><a class=\"wp-block-button__link wp-element-button\">Fotos<\/a><\/div>\n<\/div>\n<\/div>\n<\/div>\n\n\n\n<hr class=\"wp-block-separator has-text-color has-default-color has-alpha-channel-opacity has-default-background-color has-background\"\/>\n\n\n\n<h2 class=\"wp-block-heading has-text-align-center has-default-color has-text-color has-link-color wp-elements-2\">Especificaciones<\/h2>\n\n\n\n<div class=\"guten-element guten-tabs guten-ZNSnK0 horizontal-center\"><div class=\"tab-heading\"><div class=\"tab-heading-item active\" id=\"tab-hN3FRn\" data-id=\"tab-hN3FRn\"><span>Motor\/Transmisi\u00f3n<\/span><\/div><div class=\"tab-heading-item\" id=\"tab-pUGVkL\" data-id=\"tab-pUGVkL\"><span>Suspensi\u00f3n\/Frenos\/Neum\u00e1ticos<\/span><\/div><div class=\"tab-heading-item\" id=\"tab-aevn1s\" data-id=\"tab-aevn1s\"><span>Dimensiones<\/span><\/div><\/div><div class=\"tab-heading-mobile\"><div class=\"tab-title\"><span>Motor\/Transmisi\u00f3n<\/span><i class=\"tab-dropdown-icon fas\"><\/i><\/div><div class=\"tab-option\"><div data-id=\"tab-hN3FRn\" class=\"tab-option-item active\"><span>Motor\/Transmisi\u00f3n<\/span><\/div><div data-id=\"tab-pUGVkL\" class=\"tab-option-item\"><span>Suspensi\u00f3n\/Frenos\/Neum\u00e1ticos<\/span><\/div><div data-id=\"tab-aevn1s\" class=\"tab-option-item\"><span>Dimensiones<\/span><\/div><\/div><\/div><div class=\"tab-body\">\n<div class=\"tab-hN3FRn tab-body-item\" data-id=\"tab-hN3FRn\">\n<div class=\"wp-block-group is-layout-constrained wp-block-group-is-layout-constrained\">\n<p class=\"has-text-align-left wp-block-paragraph\"><strong>Tipo<\/strong><br>Monocil\u00edndrico, 4 tiempos<\/p>\n\n\n\n<p class=\"wp-block-paragraph\"><strong>Refrigeraci\u00f3n<\/strong><br>L\u00edquida<\/p>\n\n\n\n<p class=\"wp-block-paragraph\"><strong>Cilindrada (cm3)<br><\/strong>125<\/p>\n\n\n\n<p class=\"wp-block-paragraph\"><strong>Potencia M\u00e1xima (cv\/rpm)<\/strong><br>14,7\/10000<\/p>\n\n\n\n<p class=\"wp-block-paragraph\"><strong>Potencia M\u00e1xima (kW\/rpm)<\/strong><br>11\/10000<\/p>\n\n\n\n<p class=\"wp-block-paragraph\"><strong>Carrera x Di\u00e1metro (mm)<\/strong><br>47&#215;58<\/p>\n\n\n\n<p class=\"wp-block-paragraph\"><strong>Alimentaci\u00f3n<\/strong><br>EFI<\/p>\n\n\n\n<p class=\"wp-block-paragraph\"><strong>Sistema de Arranque<\/strong><br>El\u00e9ctrico<\/p>\n\n\n\n<p class=\"wp-block-paragraph\"><strong>Caja de Cambios<\/strong><br>6 velocidades<\/p>\n\n\n\n<p class=\"wp-block-paragraph\"><strong>Sistema de Transmisi\u00f3n<\/strong><br>Cadena<\/p>\n<\/div>\n<\/div>\n\n\n\n<div class=\"tab-pUGVkL tab-body-item\" data-id=\"tab-pUGVkL\">\n<p class=\"has-text-align-center wp-block-paragraph\"><strong>Suspensi\u00f3n Delantera<\/strong><br>Horquilla telesc\u00f3pica, Amortiguaci\u00f3n hidr\u00e1ulica<\/p>\n\n\n\n<p class=\"has-text-align-center wp-block-paragraph\"><strong>Suspensi\u00f3n Trasera<\/strong><br>Monoamortiguador ajustable<\/p>\n\n\n\n<p class=\"has-text-align-center wp-block-paragraph\"><strong>Freno Delantero<\/strong><br>Disco 300mm<\/p>\n\n\n\n<p class=\"has-text-align-center wp-block-paragraph\"><strong>Freno Trasero<\/strong><br>Disco 218mm<\/p>\n\n\n\n<p class=\"has-text-align-center wp-block-paragraph\"><strong>Frenado Combinado<br><\/strong>Si<\/p>\n\n\n\n<p class=\"has-text-align-center wp-block-paragraph\"><strong>Neum\u00e1tico Delantero<\/strong><br>100\/80-17<\/p>\n\n\n\n<p class=\"has-text-align-center wp-block-paragraph\"><strong>Neum\u00e1tico Trasero<\/strong><br>130\/70-17<\/p>\n<\/div>\n\n\n\n<div class=\"tab-aevn1s tab-body-item\" data-id=\"tab-aevn1s\">\n<p class=\"has-text-align-right wp-block-paragraph\"><strong>Longitud (mm)<\/strong><br>2080<\/p>\n\n\n\n<p class=\"has-text-align-right wp-block-paragraph\"><strong>Anchura (mm)<\/strong><br>820<\/p>\n\n\n\n<p class=\"has-text-align-right wp-block-paragraph\"><strong>Altura (mm)<\/strong><br>1180<\/p>\n\n\n\n<p class=\"has-text-align-right wp-block-paragraph\"><strong>Distancia entre ejes (mm)<\/strong><br>1425<\/p>\n\n\n\n<p class=\"has-text-align-right wp-block-paragraph\"><strong>Altura del asiento (mm)<\/strong><br>880<\/p>\n\n\n\n<p class=\"has-text-align-right wp-block-paragraph\"><strong>Altura desde el suelo (mm)<\/strong><br>250<\/p>\n\n\n\n<p class=\"has-text-align-right wp-block-paragraph\"><strong>Peso (kg)<\/strong><br>124<\/p>\n\n\n\n<p class=\"has-text-align-right wp-block-paragraph\"><strong>Capacidad Combustible (l)<\/strong><br>6,3<\/p>\n<\/div>\n<\/div><\/div>\n","protected":false},"excerpt":{"rendered":"<p>Dominio urbano La Enduro DSR SM combina la agilidad del estilo supermotard con la robustez de una enduro. Con suspensi\u00f3n elevada, neum\u00e1ticos de dise\u00f1o mixto (calzada y pista), frenos potentes y est\u00e9tica agresiva, ofrece un manejo \u00e1gil para la ciudad sin sacrificar car\u00e1cter para tus escapadas off-road ligeras. PVPR: 3.390,00\u20ac Iva incluido. Los gastos de [&hellip;]<\/p>\n","protected":false},"author":1,"featured_media":0,"parent":0,"menu_order":0,"comment_status":"closed","ping_status":"closed","template":"","meta":{"footnotes":""},"class_list":["post-1156","page","type-page","status-publish","hentry"],"_links":{"self":[{"href":"https:\/\/motosandresmontoya.com\/index.php?rest_route=\/wp\/v2\/pages\/1156","targetHints":{"allow":["GET"]}}],"collection":[{"href":"https:\/\/motosandresmontoya.com\/index.php?rest_route=\/wp\/v2\/pages"}],"about":[{"href":"https:\/\/motosandresmontoya.com\/index.php?rest_route=\/wp\/v2\/types\/page"}],"author":[{"embeddable":true,"href":"https:\/\/motosandresmontoya.com\/index.php?rest_route=\/wp\/v2\/users\/1"}],"replies":[{"embeddable":true,"href":"https:\/\/motosandresmontoya.com\/index.php?rest_route=%2Fwp%2Fv2%2Fcomments&post=1156"}],"version-history":[{"count":3,"href":"https:\/\/motosandresmontoya.com\/index.php?rest_route=\/wp\/v2\/pages\/1156\/revisions"}],"predecessor-version":[{"id":2312,"href":"https:\/\/motosandresmontoya.com\/index.php?rest_route=\/wp\/v2\/pages\/1156\/revisions\/2312"}],"wp:attachment":[{"href":"https:\/\/motosandresmontoya.com\/index.php?rest_route=%2Fwp%2Fv2%2Fmedia&parent=1156"}],"curies":[{"name":"wp","href":"https:\/\/api.w.org\/{rel}","templated":true}]}}