{"id":1130,"date":"2025-10-15T14:51:41","date_gmt":"2025-10-15T14:51:41","guid":{"rendered":"https:\/\/motosandresmontoya.com\/?page_id=1130"},"modified":"2025-11-10T11:15:56","modified_gmt":"2025-11-10T11:15:56","slug":"especificaciones-renegade-vegas-300","status":"publish","type":"page","link":"https:\/\/motosandresmontoya.com\/?page_id=1130","title":{"rendered":"RENEGADE VEGAS 300"},"content":{"rendered":"\n<div class=\"wp-block-columns is-layout-flex wp-container-core-columns-is-layout-7387b849 wp-block-columns-is-layout-flex\">\n<div class=\"wp-block-column is-layout-flow wp-block-column-is-layout-flow\">\n<figure class=\"wp-block-gallery has-nested-images columns-default is-cropped wp-block-gallery-1 is-layout-flex wp-block-gallery-is-layout-flex\">\n<figure class=\"wp-block-image size-large\"><img loading=\"lazy\" decoding=\"async\" width=\"1024\" height=\"1024\" data-id=\"1133\" src=\"https:\/\/motosandresmontoya.com\/wp-content\/uploads\/2025\/10\/ChatGPT-Image-15-oct-2025-16_31_14.png\" alt=\"\" class=\"wp-image-1133\" srcset=\"https:\/\/motosandresmontoya.com\/wp-content\/uploads\/2025\/10\/ChatGPT-Image-15-oct-2025-16_31_14.png 1024w, https:\/\/motosandresmontoya.com\/wp-content\/uploads\/2025\/10\/ChatGPT-Image-15-oct-2025-16_31_14-300x300.png 300w, https:\/\/motosandresmontoya.com\/wp-content\/uploads\/2025\/10\/ChatGPT-Image-15-oct-2025-16_31_14-150x150.png 150w, https:\/\/motosandresmontoya.com\/wp-content\/uploads\/2025\/10\/ChatGPT-Image-15-oct-2025-16_31_14-768x768.png 768w\" sizes=\"auto, (max-width: 1024px) 100vw, 1024px\" \/><\/figure>\n<\/figure>\n<\/div>\n\n\n\n<div class=\"wp-block-column has-default-color has-text-color has-link-color wp-elements-1 is-layout-flow wp-block-column-is-layout-flow\">\n<h2 class=\"wp-block-heading has-text-align-center\">Reina urbana<\/h2>\n\n\n\n<hr class=\"wp-block-separator has-text-color has-default-color has-alpha-channel-opacity has-default-background-color has-background\"\/>\n\n\n\n<p class=\"wp-block-paragraph\">La Renegade Vegas 300 encarna el dise\u00f1o custom elevado a nueva escala. Con motor monocil\u00edndrico de 300 cc, est\u00e9tica baja y poderosa, acabados cuidando cada detalle y una presencia que impone, es la opci\u00f3n perfecta para quienes quieren elegancia con m\u00fasculo tanto en ciudad como en rutas tranquilas.<\/p>\n\n\n\n<p class=\"wp-block-paragraph\"><strong>PVPR: 4.290,00\u20ac<\/strong><\/p>\n\n\n\n<p class=\"wp-block-paragraph\">Iva incluido. Los gastos de matriculaci\u00f3n y portes hasta Baleares y Canaria no incluidos.<\/p>\n\n\n\n<div class=\"wp-block-buttons is-content-justification-center is-layout-flex wp-container-core-buttons-is-layout-3e41869c wp-block-buttons-is-layout-flex\">\n<div class=\"wp-block-button has-custom-width wp-block-button__width-50\"><a class=\"wp-block-button__link wp-element-button\" href=\"https:\/\/motosandresmontoya.com\/?page_id=1131\">Fotos<\/a><\/div>\n<\/div>\n<\/div>\n<\/div>\n\n\n\n<hr class=\"wp-block-separator has-text-color has-default-color has-alpha-channel-opacity has-default-background-color has-background\"\/>\n\n\n\n<h2 class=\"wp-block-heading has-text-align-center has-default-color has-text-color has-link-color wp-elements-2\">Especificaciones<\/h2>\n\n\n\n<div class=\"guten-element guten-tabs guten-CoMdsd horizontal-center\"><div class=\"tab-heading\"><div class=\"tab-heading-item active\" id=\"tab-wB6XYo\" data-id=\"tab-wB6XYo\"><span>Motor\/ Transmisi\u00f3n<\/span><\/div><div class=\"tab-heading-item\" id=\"tab-QoLtMV\" data-id=\"tab-QoLtMV\"><span>Suspensi\u00f3n\/ Frenos\/ Neum\u00e1ticos<\/span><\/div><div class=\"tab-heading-item\" id=\"tab-89i9f7\" data-id=\"tab-89i9f7\"><span>Dimensiones<\/span><\/div><\/div><div class=\"tab-heading-mobile\"><div class=\"tab-title\"><span>Motor\/ Transmisi\u00f3n<\/span><i class=\"tab-dropdown-icon fas\"><\/i><\/div><div class=\"tab-option\"><div data-id=\"tab-wB6XYo\" class=\"tab-option-item active\"><span>Motor\/ Transmisi\u00f3n<\/span><\/div><div data-id=\"tab-QoLtMV\" class=\"tab-option-item\"><span>Suspensi\u00f3n\/ Frenos\/ Neum\u00e1ticos<\/span><\/div><div data-id=\"tab-89i9f7\" class=\"tab-option-item\"><span>Dimensiones<\/span><\/div><\/div><\/div><div class=\"tab-body\">\n<div class=\"tab-wB6XYo tab-body-item\" data-id=\"tab-wB6XYo\">\n<p class=\"wp-block-paragraph\"><strong>Tipo<\/strong><br>Monocil\u00edndrico, 4 tiempos<\/p>\n\n\n\n<p class=\"wp-block-paragraph\"><strong>Refrigeraci\u00f3n<\/strong><br>L\u00edquida<\/p>\n\n\n\n<p class=\"wp-block-paragraph\"><strong>Cilindrada (cm3)<\/strong><br>292,24<\/p>\n\n\n\n<p class=\"wp-block-paragraph\"><strong>Potencia M\u00e1xima (cv\/rpm)<\/strong><br>27,5\/8500<\/p>\n\n\n\n<p class=\"wp-block-paragraph\"><strong>Potencia M\u00e1xima (kW\/rpm)<\/strong><br>20,5\/8500<\/p>\n\n\n\n<p class=\"wp-block-paragraph\"><strong>Carrera x Di\u00e1metro (mm)<\/strong><br>47&#215;58<\/p>\n\n\n\n<p class=\"wp-block-paragraph\"><strong>Alimentaci\u00f3n<\/strong><br>EFI<\/p>\n\n\n\n<p class=\"wp-block-paragraph\"><strong>Sistema de Arranque<\/strong><br>El\u00e9ctrico<\/p>\n\n\n\n<p class=\"wp-block-paragraph\"><strong>Caja de Cambios<\/strong><br>6 velocidades<\/p>\n\n\n\n<p class=\"wp-block-paragraph\"><strong>Sistema de Transmisi\u00f3n<\/strong><br>Cadena<\/p>\n<\/div>\n\n\n\n<div class=\"tab-QoLtMV tab-body-item\" data-id=\"tab-QoLtMV\">\n<p class=\"has-text-align-center wp-block-paragraph\"><strong>Suspensi\u00f3n Delantera<\/strong><br>Horquilla Telesc\u00f3pica, Amortiguaci\u00f3n hidr\u00e1ulica<\/p>\n\n\n\n<p class=\"has-text-align-center wp-block-paragraph\"><strong>Suspensi\u00f3n Trasera<\/strong><br>Doble amortiguador<\/p>\n\n\n\n<p class=\"has-text-align-center wp-block-paragraph\"><strong>Freno Delantero<\/strong><br>Disco + Pinza de 2 pistones<\/p>\n\n\n\n<p class=\"has-text-align-center wp-block-paragraph\"><strong>Freno Trasero<\/strong><br>Disco + Pinza de 2 pistones<\/p>\n\n\n\n<p class=\"has-text-align-center wp-block-paragraph\"><strong>Frenado Combinado<br><\/strong>S\u00ed<\/p>\n\n\n\n<p class=\"has-text-align-center wp-block-paragraph\"><strong>Neum\u00e1tico Delantero<\/strong><br>110\/80-17<\/p>\n\n\n\n<p class=\"has-text-align-center wp-block-paragraph\"><strong>Neum\u00e1tico Trasero<\/strong><br>140\/80-15<\/p>\n<\/div>\n\n\n\n<div class=\"tab-89i9f7 tab-body-item\" data-id=\"tab-89i9f7\">\n<p class=\"has-text-align-right wp-block-paragraph\"><strong>Longitud (mm)<\/strong><br>226<\/p>\n\n\n\n<p class=\"has-text-align-right wp-block-paragraph\"><strong>Anchura (mm)<\/strong><br>840<\/p>\n\n\n\n<p class=\"has-text-align-right wp-block-paragraph\"><strong>Altura (mm)<\/strong><br>1120<\/p>\n\n\n\n<p class=\"has-text-align-right wp-block-paragraph\"><strong>Distancia entre ejes (mm)<\/strong><br>1530<\/p>\n\n\n\n<p class=\"has-text-align-right wp-block-paragraph\"><strong>Altura del asiento (mm)<\/strong><br>770<\/p>\n\n\n\n<p class=\"has-text-align-right wp-block-paragraph\"><strong>Altura desde el suelo (mm)<\/strong><br>150<\/p>\n\n\n\n<p class=\"has-text-align-right wp-block-paragraph\"><strong>Peso (kg)<\/strong><br>172<\/p>\n\n\n\n<p class=\"has-text-align-right wp-block-paragraph\"><strong>Capacidad Combustible (l)<\/strong><br>21<\/p>\n<\/div>\n<\/div><\/div>\n","protected":false},"excerpt":{"rendered":"<p>Reina urbana La Renegade Vegas 300 encarna el dise\u00f1o custom elevado a nueva escala. Con motor monocil\u00edndrico de 300 cc, est\u00e9tica baja y poderosa, acabados cuidando cada detalle y una presencia que impone, es la opci\u00f3n perfecta para quienes quieren elegancia con m\u00fasculo tanto en ciudad como en rutas tranquilas. PVPR: 4.290,00\u20ac Iva incluido. Los [&hellip;]<\/p>\n","protected":false},"author":1,"featured_media":0,"parent":0,"menu_order":0,"comment_status":"closed","ping_status":"closed","template":"","meta":{"footnotes":""},"class_list":["post-1130","page","type-page","status-publish","hentry"],"_links":{"self":[{"href":"https:\/\/motosandresmontoya.com\/index.php?rest_route=\/wp\/v2\/pages\/1130","targetHints":{"allow":["GET"]}}],"collection":[{"href":"https:\/\/motosandresmontoya.com\/index.php?rest_route=\/wp\/v2\/pages"}],"about":[{"href":"https:\/\/motosandresmontoya.com\/index.php?rest_route=\/wp\/v2\/types\/page"}],"author":[{"embeddable":true,"href":"https:\/\/motosandresmontoya.com\/index.php?rest_route=\/wp\/v2\/users\/1"}],"replies":[{"embeddable":true,"href":"https:\/\/motosandresmontoya.com\/index.php?rest_route=%2Fwp%2Fv2%2Fcomments&post=1130"}],"version-history":[{"count":3,"href":"https:\/\/motosandresmontoya.com\/index.php?rest_route=\/wp\/v2\/pages\/1130\/revisions"}],"predecessor-version":[{"id":2316,"href":"https:\/\/motosandresmontoya.com\/index.php?rest_route=\/wp\/v2\/pages\/1130\/revisions\/2316"}],"wp:attachment":[{"href":"https:\/\/motosandresmontoya.com\/index.php?rest_route=%2Fwp%2Fv2%2Fmedia&parent=1130"}],"curies":[{"name":"wp","href":"https:\/\/api.w.org\/{rel}","templated":true}]}}