{"id":1084,"date":"2025-10-15T14:22:49","date_gmt":"2025-10-15T14:22:49","guid":{"rendered":"https:\/\/motosandresmontoya.com\/?page_id=1084"},"modified":"2025-11-10T11:16:51","modified_gmt":"2025-11-10T11:16:51","slug":"especificaciones-renegade-vegas-125","status":"publish","type":"page","link":"https:\/\/motosandresmontoya.com\/?page_id=1084","title":{"rendered":"RENEGADE VEGAS 125"},"content":{"rendered":"\n<h5 class=\"wp-block-heading has-default-color has-text-color has-link-color wp-elements-1\"><\/h5>\n\n\n\n<div class=\"wp-block-columns is-layout-flex wp-container-core-columns-is-layout-7387b849 wp-block-columns-is-layout-flex\">\n<div class=\"wp-block-column is-layout-flow wp-block-column-is-layout-flow\">\n<figure class=\"wp-block-gallery has-nested-images columns-default is-cropped wp-block-gallery-1 is-layout-flex wp-block-gallery-is-layout-flex\">\n<figure class=\"wp-block-image size-large\"><img loading=\"lazy\" decoding=\"async\" width=\"1024\" height=\"1024\" data-id=\"1110\" src=\"https:\/\/motosandresmontoya.com\/wp-content\/uploads\/2025\/10\/ChatGPT-Image-15-oct-2025-16_06_45.png\" alt=\"\" class=\"wp-image-1110\" srcset=\"https:\/\/motosandresmontoya.com\/wp-content\/uploads\/2025\/10\/ChatGPT-Image-15-oct-2025-16_06_45.png 1024w, https:\/\/motosandresmontoya.com\/wp-content\/uploads\/2025\/10\/ChatGPT-Image-15-oct-2025-16_06_45-300x300.png 300w, https:\/\/motosandresmontoya.com\/wp-content\/uploads\/2025\/10\/ChatGPT-Image-15-oct-2025-16_06_45-150x150.png 150w, https:\/\/motosandresmontoya.com\/wp-content\/uploads\/2025\/10\/ChatGPT-Image-15-oct-2025-16_06_45-768x768.png 768w\" sizes=\"auto, (max-width: 1024px) 100vw, 1024px\" \/><\/figure>\n<\/figure>\n<\/div>\n\n\n\n<div class=\"wp-block-column has-default-color has-text-color has-link-color wp-elements-2 is-layout-flow wp-block-column-is-layout-flow\">\n<h2 class=\"wp-block-heading has-text-align-center\">Estilo total<\/h2>\n\n\n\n<hr class=\"wp-block-separator has-text-color has-default-color has-alpha-channel-opacity has-default-background-color has-background\"\/>\n\n\n\n<p class=\"wp-block-paragraph\">La <strong>Renegade Vegas 125<\/strong> combina dise\u00f1o custom con funcionalidad urbana. Con motor de 125 cc, l\u00ednea baja y estilizada, detalles cromados, iluminaci\u00f3n LED y una postura c\u00f3moda, es ideal para quienes desean moverse por la ciudad con presencia, elegancia y car\u00e1cter.<\/p>\n\n\n\n<p class=\"wp-block-paragraph\"><strong>PVPR: 3.490,00\u20ac<\/strong><\/p>\n\n\n\n<p class=\"wp-block-paragraph\">Iva incluido. Los gastos de matriculaci\u00f3n y portes hasta Baleares y Canaria no incluidos<\/p>\n\n\n\n<div class=\"wp-block-buttons is-content-justification-center is-layout-flex wp-container-core-buttons-is-layout-3e41869c wp-block-buttons-is-layout-flex\">\n<div class=\"wp-block-button has-custom-width wp-block-button__width-50\"><a class=\"wp-block-button__link wp-element-button\" href=\"https:\/\/motosandresmontoya.com\/?page_id=1085\">Fotos<\/a><\/div>\n<\/div>\n<\/div>\n<\/div>\n\n\n\n<hr class=\"wp-block-separator has-text-color has-default-color has-alpha-channel-opacity has-default-background-color has-background\"\/>\n\n\n\n<h2 class=\"wp-block-heading has-text-align-center has-default-color has-text-color has-link-color wp-elements-3\">Especificaciones<\/h2>\n\n\n\n<div class=\"guten-element guten-tabs guten-CoMdsd horizontal-center\"><div class=\"tab-heading\"><div class=\"tab-heading-item active\" id=\"tab-wB6XYo\" data-id=\"tab-wB6XYo\"><span>Motor\/ Transmisi\u00f3n<\/span><\/div><div class=\"tab-heading-item\" id=\"tab-QoLtMV\" data-id=\"tab-QoLtMV\"><span>Suspensi\u00f3n\/ Frenos\/ Neum\u00e1ticos<\/span><\/div><div class=\"tab-heading-item\" id=\"tab-89i9f7\" data-id=\"tab-89i9f7\"><span>Dimensiones<\/span><\/div><\/div><div class=\"tab-heading-mobile\"><div class=\"tab-title\"><span>Motor\/ Transmisi\u00f3n<\/span><i class=\"tab-dropdown-icon fas\"><\/i><\/div><div class=\"tab-option\"><div data-id=\"tab-wB6XYo\" class=\"tab-option-item active\"><span>Motor\/ Transmisi\u00f3n<\/span><\/div><div data-id=\"tab-QoLtMV\" class=\"tab-option-item\"><span>Suspensi\u00f3n\/ Frenos\/ Neum\u00e1ticos<\/span><\/div><div data-id=\"tab-89i9f7\" class=\"tab-option-item\"><span>Dimensiones<\/span><\/div><\/div><\/div><div class=\"tab-body\">\n<div class=\"tab-wB6XYo tab-body-item\" data-id=\"tab-wB6XYo\">\n<p class=\"wp-block-paragraph\"><strong>Tipo<\/strong><br>Monocil\u00edndrico, 4 tiempos<\/p>\n\n\n\n<p class=\"wp-block-paragraph\"><strong>Refrigeraci\u00f3n<\/strong><br>L\u00edquida<\/p>\n\n\n\n<p class=\"wp-block-paragraph\"><strong>Cilindrada (cm3)<\/strong><br>124<\/p>\n\n\n\n<p class=\"wp-block-paragraph\"><strong>Potencia M\u00e1xima (cv\/rpm)<\/strong><br>12,2\/9500<\/p>\n\n\n\n<p class=\"wp-block-paragraph\"><strong>Potencia M\u00e1xima (kW\/rpm)<\/strong><br>9\/9500<\/p>\n\n\n\n<p class=\"wp-block-paragraph\"><strong>Carrera x Di\u00e1metro (mm)<\/strong><br>47&#215;58<\/p>\n\n\n\n<p class=\"wp-block-paragraph\"><strong>Alimentaci\u00f3n<\/strong><br>EFI<\/p>\n\n\n\n<p class=\"wp-block-paragraph\"><strong>Sistema de Arranque<\/strong><br>El\u00e9ctrico<\/p>\n\n\n\n<p class=\"wp-block-paragraph\"><strong>Caja de Cambios<\/strong><br>6 velocidades<\/p>\n\n\n\n<p class=\"wp-block-paragraph\"><strong>Sistema de Transmisi\u00f3n<\/strong><br>Cadena<\/p>\n<\/div>\n\n\n\n<div class=\"tab-QoLtMV tab-body-item\" data-id=\"tab-QoLtMV\">\n<p class=\"has-text-align-center wp-block-paragraph\"><strong>Suspensi\u00f3n Delantera<\/strong><br>Horquilla Telesc\u00f3pica, Amortiguaci\u00f3n hidr\u00e1ulica<\/p>\n\n\n\n<p class=\"has-text-align-center wp-block-paragraph\"><strong>Suspensi\u00f3n Trasera<\/strong><br>Doble amortiguador<\/p>\n\n\n\n<p class=\"has-text-align-center wp-block-paragraph\"><strong>Freno Delantero<\/strong><br>Disco 280mm<\/p>\n\n\n\n<p class=\"has-text-align-center wp-block-paragraph\"><strong>Freno Trasero<\/strong><br>Disco 240mm<\/p>\n\n\n\n<p class=\"has-text-align-center wp-block-paragraph\"><strong>Frenado Combinado<br><\/strong>S\u00ed<\/p>\n\n\n\n<p class=\"has-text-align-center wp-block-paragraph\"><strong>Neum\u00e1tico Delantero<\/strong><br>110\/80-17<\/p>\n\n\n\n<p class=\"has-text-align-center wp-block-paragraph\"><strong>Neum\u00e1tico Trasero<\/strong><br>140\/80-15<\/p>\n<\/div>\n\n\n\n<div class=\"tab-89i9f7 tab-body-item\" data-id=\"tab-89i9f7\">\n<p class=\"has-text-align-right wp-block-paragraph\"><strong>Longitud (mm)<\/strong><br>2265<\/p>\n\n\n\n<p class=\"has-text-align-right wp-block-paragraph\"><strong>Anchura (mm)<\/strong><br>807<\/p>\n\n\n\n<p class=\"has-text-align-right wp-block-paragraph\"><strong>Altura (mm)<\/strong><br>1120<\/p>\n\n\n\n<p class=\"has-text-align-right wp-block-paragraph\"><strong>Distancia entre ejes (mm)<\/strong><br>1530<\/p>\n\n\n\n<p class=\"has-text-align-right wp-block-paragraph\"><strong>Altura del asiento (mm)<\/strong><br>770<\/p>\n\n\n\n<p class=\"has-text-align-right wp-block-paragraph\"><strong>Altura desde el suelo (mm)<\/strong><br>140<\/p>\n\n\n\n<p class=\"has-text-align-right wp-block-paragraph\"><strong>Peso (kg)<\/strong><br>173<\/p>\n\n\n\n<p class=\"has-text-align-right wp-block-paragraph\"><strong>Capacidad Combustible (l)<\/strong><br>21<\/p>\n<\/div>\n<\/div><\/div>\n","protected":false},"excerpt":{"rendered":"<p>Estilo total La Renegade Vegas 125 combina dise\u00f1o custom con funcionalidad urbana. Con motor de 125 cc, l\u00ednea baja y estilizada, detalles cromados, iluminaci\u00f3n LED y una postura c\u00f3moda, es ideal para quienes desean moverse por la ciudad con presencia, elegancia y car\u00e1cter. PVPR: 3.490,00\u20ac Iva incluido. Los gastos de matriculaci\u00f3n y portes hasta Baleares [&hellip;]<\/p>\n","protected":false},"author":1,"featured_media":0,"parent":0,"menu_order":0,"comment_status":"closed","ping_status":"closed","template":"","meta":{"footnotes":""},"class_list":["post-1084","page","type-page","status-publish","hentry"],"_links":{"self":[{"href":"https:\/\/motosandresmontoya.com\/index.php?rest_route=\/wp\/v2\/pages\/1084","targetHints":{"allow":["GET"]}}],"collection":[{"href":"https:\/\/motosandresmontoya.com\/index.php?rest_route=\/wp\/v2\/pages"}],"about":[{"href":"https:\/\/motosandresmontoya.com\/index.php?rest_route=\/wp\/v2\/types\/page"}],"author":[{"embeddable":true,"href":"https:\/\/motosandresmontoya.com\/index.php?rest_route=\/wp\/v2\/users\/1"}],"replies":[{"embeddable":true,"href":"https:\/\/motosandresmontoya.com\/index.php?rest_route=%2Fwp%2Fv2%2Fcomments&post=1084"}],"version-history":[{"count":3,"href":"https:\/\/motosandresmontoya.com\/index.php?rest_route=\/wp\/v2\/pages\/1084\/revisions"}],"predecessor-version":[{"id":2318,"href":"https:\/\/motosandresmontoya.com\/index.php?rest_route=\/wp\/v2\/pages\/1084\/revisions\/2318"}],"wp:attachment":[{"href":"https:\/\/motosandresmontoya.com\/index.php?rest_route=%2Fwp%2Fv2%2Fmedia&parent=1084"}],"curies":[{"name":"wp","href":"https:\/\/api.w.org\/{rel}","templated":true}]}}