{"id":1016,"date":"2025-10-15T10:48:40","date_gmt":"2025-10-15T10:48:40","guid":{"rendered":"https:\/\/motosandresmontoya.com\/?page_id=1016"},"modified":"2025-11-10T11:18:11","modified_gmt":"2025-11-10T11:18:11","slug":"especificaciones-renegade-sport-125","status":"publish","type":"page","link":"https:\/\/motosandresmontoya.com\/?page_id=1016","title":{"rendered":"RENEGADE SPORT 125"},"content":{"rendered":"\n<h5 class=\"wp-block-heading has-default-color has-text-color has-link-color wp-elements-1\"><\/h5>\n\n\n\n<div class=\"wp-block-columns is-layout-flex wp-container-core-columns-is-layout-7387b849 wp-block-columns-is-layout-flex\">\n<div class=\"wp-block-column is-layout-flow wp-block-column-is-layout-flow\">\n<figure class=\"wp-block-gallery has-nested-images columns-default is-cropped wp-block-gallery-1 is-layout-flex wp-block-gallery-is-layout-flex\">\n<figure class=\"wp-block-image size-large\"><img loading=\"lazy\" decoding=\"async\" width=\"1024\" height=\"1024\" data-id=\"1019\" src=\"https:\/\/motosandresmontoya.com\/wp-content\/uploads\/2025\/10\/ChatGPT-Image-15-oct-2025-11_44_59.png\" alt=\"\" class=\"wp-image-1019\" srcset=\"https:\/\/motosandresmontoya.com\/wp-content\/uploads\/2025\/10\/ChatGPT-Image-15-oct-2025-11_44_59.png 1024w, https:\/\/motosandresmontoya.com\/wp-content\/uploads\/2025\/10\/ChatGPT-Image-15-oct-2025-11_44_59-300x300.png 300w, https:\/\/motosandresmontoya.com\/wp-content\/uploads\/2025\/10\/ChatGPT-Image-15-oct-2025-11_44_59-150x150.png 150w, https:\/\/motosandresmontoya.com\/wp-content\/uploads\/2025\/10\/ChatGPT-Image-15-oct-2025-11_44_59-768x768.png 768w\" sizes=\"auto, (max-width: 1024px) 100vw, 1024px\" \/><\/figure>\n<\/figure>\n<\/div>\n\n\n\n<div class=\"wp-block-column has-default-color has-text-color has-link-color wp-elements-2 is-layout-flow wp-block-column-is-layout-flow\">\n<h2 class=\"wp-block-heading has-text-align-center\">Actitud deportiva<\/h2>\n\n\n\n<hr class=\"wp-block-separator has-text-color has-default-color has-alpha-channel-opacity has-default-background-color has-background\"\/>\n\n\n\n<p class=\"wp-block-paragraph\">El <strong>Renegade Sport 125<\/strong> combina deportividad y estilo en formato accesible. Con motor 125 cc, l\u00edneas agresivas, suspensi\u00f3n ajustada y dise\u00f1o moderno, es la elecci\u00f3n ideal para quien busca un veh\u00edculo \u00e1gil, con car\u00e1cter y preparado para disfrutar cada trayecto.<\/p>\n\n\n\n<p class=\"wp-block-paragraph\"><strong>PVPR: 2.780,00\u20ac<br><\/strong><\/p>\n\n\n\n<p class=\"wp-block-paragraph\">Iva incluido. Los gastos de matriculaci\u00f3n y portes hasta Baleares y Canaria no incluidos<\/p>\n\n\n\n<div class=\"wp-block-buttons is-content-justification-center is-layout-flex wp-container-core-buttons-is-layout-3e41869c wp-block-buttons-is-layout-flex\">\n<div class=\"wp-block-button has-custom-width wp-block-button__width-50\"><a class=\"wp-block-button__link wp-element-button\" href=\"https:\/\/motosandresmontoya.com\/?page_id=1017\">Fotos<\/a><\/div>\n<\/div>\n<\/div>\n<\/div>\n\n\n\n<hr class=\"wp-block-separator has-text-color has-default-color has-alpha-channel-opacity has-default-background-color has-background\"\/>\n\n\n\n<h2 class=\"wp-block-heading has-text-align-center has-default-color has-text-color has-link-color wp-elements-3\">Especificaciones<\/h2>\n\n\n\n<div class=\"guten-element guten-tabs guten-CoMdsd horizontal-center\"><div class=\"tab-heading\"><div class=\"tab-heading-item active\" id=\"tab-wB6XYo\" data-id=\"tab-wB6XYo\"><span>Motor\/ Transmisi\u00f3n<\/span><\/div><div class=\"tab-heading-item\" id=\"tab-QoLtMV\" data-id=\"tab-QoLtMV\"><span>Suspensi\u00f3n\/ Frenos\/ Neum\u00e1ticos<\/span><\/div><div class=\"tab-heading-item\" id=\"tab-89i9f7\" data-id=\"tab-89i9f7\"><span>Dimensiones<\/span><\/div><\/div><div class=\"tab-heading-mobile\"><div class=\"tab-title\"><span>Motor\/ Transmisi\u00f3n<\/span><i class=\"tab-dropdown-icon fas\"><\/i><\/div><div class=\"tab-option\"><div data-id=\"tab-wB6XYo\" class=\"tab-option-item active\"><span>Motor\/ Transmisi\u00f3n<\/span><\/div><div data-id=\"tab-QoLtMV\" class=\"tab-option-item\"><span>Suspensi\u00f3n\/ Frenos\/ Neum\u00e1ticos<\/span><\/div><div data-id=\"tab-89i9f7\" class=\"tab-option-item\"><span>Dimensiones<\/span><\/div><\/div><\/div><div class=\"tab-body\">\n<div class=\"tab-wB6XYo tab-body-item\" data-id=\"tab-wB6XYo\">\n<p class=\"has-base-color has-text-color has-link-color wp-elements-4 wp-block-paragraph\"><strong>Tipo<\/strong><br>Monocil\u00edndrico, 4 tiempos<\/p>\n\n\n\n<p class=\"has-base-color has-text-color has-link-color wp-elements-5 wp-block-paragraph\"><strong>Refrigeraci\u00f3n<\/strong><br>Aire<\/p>\n\n\n\n<p class=\"has-base-color has-text-color has-link-color wp-elements-6 wp-block-paragraph\"><strong>Cilindrada (cm3)<\/strong><br>125<\/p>\n\n\n\n<p class=\"has-base-color has-text-color has-link-color wp-elements-7 wp-block-paragraph\"><strong>Potencia M\u00e1xima (cv\/rpm)<\/strong><br>9,5\/8500<\/p>\n\n\n\n<p class=\"has-base-color has-text-color has-link-color wp-elements-8 wp-block-paragraph\"><strong>Potencia M\u00e1xima (kW\/rpm)<\/strong><br>7\/8500<\/p>\n\n\n\n<p class=\"has-base-color has-text-color has-link-color wp-elements-9 wp-block-paragraph\"><strong>Carrera x Di\u00e1metro (mm)<\/strong><br>57,8\u00d752,4<\/p>\n\n\n\n<p class=\"has-base-color has-text-color has-link-color wp-elements-10 wp-block-paragraph\"><strong>Alimentaci\u00f3n<\/strong><br>EFI<\/p>\n\n\n\n<p class=\"has-base-color has-text-color has-link-color wp-elements-11 wp-block-paragraph\"><strong>Sistema de Arranque<\/strong><br>El\u00e9ctrico<\/p>\n\n\n\n<p class=\"has-base-color has-text-color has-link-color wp-elements-12 wp-block-paragraph\"><strong>Caja de Cambios<\/strong><br>5 velocidades<\/p>\n\n\n\n<p class=\"has-base-color has-text-color has-link-color wp-elements-13 wp-block-paragraph\"><strong>Sistema de Transmisi\u00f3n<\/strong><br>Cadena<\/p>\n<\/div>\n\n\n\n<div class=\"tab-QoLtMV tab-body-item\" data-id=\"tab-QoLtMV\">\n<p class=\"has-text-align-center has-base-color has-text-color has-link-color wp-elements-14 wp-block-paragraph\"><strong>Suspensi\u00f3n Delantera<\/strong><br>Horquilla Telesc\u00f3pica, Amortiguaci\u00f3n hidr\u00e1ulica<\/p>\n\n\n\n<p class=\"has-text-align-center has-base-color has-text-color has-link-color wp-elements-15 wp-block-paragraph\"><strong>Suspensi\u00f3n Trasera<\/strong><br>Doble amortiguador<\/p>\n\n\n\n<p class=\"has-text-align-center has-base-color has-text-color has-link-color wp-elements-16 wp-block-paragraph\"><strong>Freno Delantero<\/strong><br>Disco 280mm<\/p>\n\n\n\n<p class=\"has-text-align-center has-base-color has-text-color has-link-color wp-elements-17 wp-block-paragraph\"><strong>Freno Trasero<\/strong><br>Disco 240mm<\/p>\n\n\n\n<p class=\"has-text-align-center has-base-color has-text-color has-link-color wp-elements-18 wp-block-paragraph\"><strong>Frenado Combinado<br><\/strong>S\u00ed<\/p>\n\n\n\n<p class=\"has-text-align-center has-base-color has-text-color has-link-color wp-elements-19 wp-block-paragraph\"><strong>Neum\u00e1tico Delantero<\/strong><br>110\/80-17<\/p>\n\n\n\n<p class=\"has-text-align-center has-base-color has-text-color has-link-color wp-elements-20 wp-block-paragraph\"><strong>Neum\u00e1tico Trasero<\/strong><br>130\/90-15<\/p>\n<\/div>\n\n\n\n<div class=\"tab-89i9f7 tab-body-item\" data-id=\"tab-89i9f7\">\n<p class=\"has-text-align-right has-base-color has-text-color has-link-color wp-elements-21 wp-block-paragraph\"><strong>Longitud (mm)<\/strong><br>2095<\/p>\n\n\n\n<p class=\"has-text-align-right has-base-color has-text-color has-link-color wp-elements-22 wp-block-paragraph\"><strong>Anchura (mm)<\/strong><br>890<\/p>\n\n\n\n<p class=\"has-text-align-right has-base-color has-text-color has-link-color wp-elements-23 wp-block-paragraph\"><strong>Altura (mm)<\/strong><br>1168<\/p>\n\n\n\n<p class=\"has-text-align-right has-base-color has-text-color has-link-color wp-elements-24 wp-block-paragraph\"><strong>Distancia entre ejes (mm)<\/strong><br>1410<\/p>\n\n\n\n<p class=\"has-text-align-right has-base-color has-text-color has-link-color wp-elements-25 wp-block-paragraph\"><strong>Altura del asiento (mm)<\/strong><br>730<\/p>\n\n\n\n<p class=\"has-text-align-right has-base-color has-text-color has-link-color wp-elements-26 wp-block-paragraph\"><strong>Altura desde el suelo (mm)<\/strong><br>143<\/p>\n\n\n\n<p class=\"has-text-align-right has-base-color has-text-color has-link-color wp-elements-27 wp-block-paragraph\"><strong>Peso (kg)<\/strong><br>145<\/p>\n\n\n\n<p class=\"has-text-align-right has-base-color has-text-color has-link-color wp-elements-28 wp-block-paragraph\"><strong>Capacidad Combustible (l)<\/strong><br>13,5<\/p>\n<\/div>\n<\/div><\/div>\n\n\n\n<p class=\"wp-block-paragraph\"><\/p>\n","protected":false},"excerpt":{"rendered":"<p>Actitud deportiva El Renegade Sport 125 combina deportividad y estilo en formato accesible. Con motor 125 cc, l\u00edneas agresivas, suspensi\u00f3n ajustada y dise\u00f1o moderno, es la elecci\u00f3n ideal para quien busca un veh\u00edculo \u00e1gil, con car\u00e1cter y preparado para disfrutar cada trayecto. PVPR: 2.780,00\u20ac Iva incluido. Los gastos de matriculaci\u00f3n y portes hasta Baleares y [&hellip;]<\/p>\n","protected":false},"author":1,"featured_media":0,"parent":0,"menu_order":0,"comment_status":"closed","ping_status":"closed","template":"","meta":{"footnotes":""},"class_list":["post-1016","page","type-page","status-publish","hentry"],"_links":{"self":[{"href":"https:\/\/motosandresmontoya.com\/index.php?rest_route=\/wp\/v2\/pages\/1016","targetHints":{"allow":["GET"]}}],"collection":[{"href":"https:\/\/motosandresmontoya.com\/index.php?rest_route=\/wp\/v2\/pages"}],"about":[{"href":"https:\/\/motosandresmontoya.com\/index.php?rest_route=\/wp\/v2\/types\/page"}],"author":[{"embeddable":true,"href":"https:\/\/motosandresmontoya.com\/index.php?rest_route=\/wp\/v2\/users\/1"}],"replies":[{"embeddable":true,"href":"https:\/\/motosandresmontoya.com\/index.php?rest_route=%2Fwp%2Fv2%2Fcomments&post=1016"}],"version-history":[{"count":5,"href":"https:\/\/motosandresmontoya.com\/index.php?rest_route=\/wp\/v2\/pages\/1016\/revisions"}],"predecessor-version":[{"id":2320,"href":"https:\/\/motosandresmontoya.com\/index.php?rest_route=\/wp\/v2\/pages\/1016\/revisions\/2320"}],"wp:attachment":[{"href":"https:\/\/motosandresmontoya.com\/index.php?rest_route=%2Fwp%2Fv2%2Fmedia&parent=1016"}],"curies":[{"name":"wp","href":"https:\/\/api.w.org\/{rel}","templated":true}]}}